{"id":6281,"date":"2024-09-09T17:31:59","date_gmt":"2024-09-09T15:31:59","guid":{"rendered":"https:\/\/www.chapelle-sainte-rita.com\/el-santuario-hoy\/"},"modified":"2024-12-13T11:33:39","modified_gmt":"2024-12-13T10:33:39","slug":"el-santuario-hoy","status":"publish","type":"page","link":"https:\/\/www.chapelle-sainte-rita.com\/es\/el-santuario-hoy\/","title":{"rendered":"El Santuario hoy"},"content":{"rendered":"\t\t<div data-elementor-type=\"wp-page\" data-elementor-id=\"6281\" class=\"elementor elementor-6281 elementor-4362\" data-elementor-post-type=\"page\">\n\t\t\t\t<div class=\"elementor-element elementor-element-104d48a e-flex e-con-boxed e-con e-parent\" data-id=\"104d48a\" data-element_type=\"container\" data-e-type=\"container\" data-settings=\"{&quot;background_background&quot;:&quot;classic&quot;}\">\n\t\t\t\t\t<div class=\"e-con-inner\">\n\t\t\t\t<div class=\"elementor-element elementor-element-a3ee4ca elementor-widget__width-initial elementor-widget elementor-widget-heading\" data-id=\"a3ee4ca\" data-element_type=\"widget\" data-e-type=\"widget\" data-widget_type=\"heading.default\">\n\t\t\t\t<div class=\"elementor-widget-container\">\n\t\t\t\t\t<h2 class=\"elementor-heading-title elementor-size-default\">El Santuario hoy  <\/h2>\t\t\t\t<\/div>\n\t\t\t\t<\/div>\n\t\t\t\t\t<\/div>\n\t\t\t\t<\/div>\n\t\t<div class=\"elementor-element elementor-element-6d3b722 e-flex e-con-boxed e-con e-parent\" data-id=\"6d3b722\" data-element_type=\"container\" data-e-type=\"container\" data-settings=\"{&quot;background_background&quot;:&quot;classic&quot;,&quot;motion_fx_motion_fx_scrolling&quot;:&quot;yes&quot;,&quot;motion_fx_translateY_effect&quot;:&quot;yes&quot;,&quot;motion_fx_translateY_speed&quot;:{&quot;unit&quot;:&quot;px&quot;,&quot;size&quot;:1,&quot;sizes&quot;:[]},&quot;motion_fx_translateY_affectedRange&quot;:{&quot;unit&quot;:&quot;%&quot;,&quot;size&quot;:&quot;&quot;,&quot;sizes&quot;:{&quot;start&quot;:15,&quot;end&quot;:50}},&quot;motion_fx_devices&quot;:[&quot;desktop&quot;,&quot;tablet&quot;,&quot;mobile&quot;]}\">\n\t\t\t\t\t<div class=\"e-con-inner\">\n\t\t<div class=\"elementor-element elementor-element-1eb968c e-con-full e-flex e-con e-child\" data-id=\"1eb968c\" data-element_type=\"container\" data-e-type=\"container\">\n\t\t\t\t<div class=\"elementor-element elementor-element-fb4e7fa elementor-widget__width-initial elementor-widget elementor-widget-text-editor\" data-id=\"fb4e7fa\" data-element_type=\"widget\" data-e-type=\"widget\" data-settings=\"{&quot;motion_fx_motion_fx_scrolling&quot;:&quot;yes&quot;,&quot;motion_fx_translateY_effect&quot;:&quot;yes&quot;,&quot;motion_fx_translateY_speed&quot;:{&quot;unit&quot;:&quot;px&quot;,&quot;size&quot;:1,&quot;sizes&quot;:[]},&quot;motion_fx_translateY_affectedRange&quot;:{&quot;unit&quot;:&quot;%&quot;,&quot;size&quot;:&quot;&quot;,&quot;sizes&quot;:{&quot;start&quot;:15,&quot;end&quot;:35}},&quot;motion_fx_devices&quot;:[&quot;desktop&quot;,&quot;tablet&quot;,&quot;mobile&quot;]}\" data-widget_type=\"text-editor.default\">\n\t\t\t\t<div class=\"elementor-widget-container\">\n\t\t\t\t\t\t\t\t\t<p>En su carta pastoral del 1 de junio de 2020, Mons. Matthieu ROUGE, obispo de Nanterre, escribi\u00f3 lo siguiente: <strong><em>\u00abDebemos ir cada vez m\u00e1s lejos en las propuestas espirituales y en la formaci\u00f3n con vistas a la misi\u00f3n y a la implicaci\u00f3n creativa en la ciudad\u00bb.<\/em><\/strong>. Pero a\u00f1adi\u00f3 que esperaba que <strong>los santuarios<\/strong>, como <strong><u>oasis<\/u><\/strong><u> <strong>oasis espirituales<\/strong><\/u>, <strong><em>\u00abganen en visibilidad e influencia<\/em><\/strong>para responder cada vez m\u00e1s y mejor <strong><em>\u00aba la necesidad de consuelo y curaci\u00f3n espiritual de muchos de nuestros hermanos y hermanas\u00bb.<\/em><\/strong>. <\/p>\n\t\t\t\t\t\t\t\t<\/div>\n\t\t\t\t<\/div>\n\t\t\t\t<\/div>\n\t\t<div class=\"elementor-element elementor-element-831e1bc e-con-full e-flex e-con e-child\" data-id=\"831e1bc\" data-element_type=\"container\" data-e-type=\"container\" data-settings=\"{&quot;background_background&quot;:&quot;classic&quot;}\">\n\t\t\t\t<\/div>\n\t\t\t\t\t<\/div>\n\t\t\t\t<\/div>\n\t\t<div class=\"elementor-element elementor-element-9961408 e-flex e-con-boxed e-con e-parent\" data-id=\"9961408\" data-element_type=\"container\" data-e-type=\"container\" data-settings=\"{&quot;motion_fx_motion_fx_scrolling&quot;:&quot;yes&quot;,&quot;motion_fx_translateY_effect&quot;:&quot;yes&quot;,&quot;motion_fx_translateY_speed&quot;:{&quot;unit&quot;:&quot;px&quot;,&quot;size&quot;:1,&quot;sizes&quot;:[]},&quot;motion_fx_translateY_affectedRange&quot;:{&quot;unit&quot;:&quot;%&quot;,&quot;size&quot;:&quot;&quot;,&quot;sizes&quot;:{&quot;start&quot;:15,&quot;end&quot;:50}},&quot;motion_fx_devices&quot;:[&quot;desktop&quot;,&quot;tablet&quot;,&quot;mobile&quot;]}\">\n\t\t\t\t\t<div class=\"e-con-inner\">\n\t\t<div class=\"elementor-element elementor-element-c76cb42 e-con-full e-flex e-con e-child\" data-id=\"c76cb42\" data-element_type=\"container\" data-e-type=\"container\">\n\t\t\t\t<div class=\"elementor-element elementor-element-c76cc06 elementor-widget__width-initial elementor-widget elementor-widget-text-editor\" data-id=\"c76cc06\" data-element_type=\"widget\" data-e-type=\"widget\" data-settings=\"{&quot;motion_fx_motion_fx_scrolling&quot;:&quot;yes&quot;,&quot;motion_fx_translateY_effect&quot;:&quot;yes&quot;,&quot;motion_fx_translateY_speed&quot;:{&quot;unit&quot;:&quot;px&quot;,&quot;size&quot;:1,&quot;sizes&quot;:[]},&quot;motion_fx_translateY_affectedRange&quot;:{&quot;unit&quot;:&quot;%&quot;,&quot;size&quot;:&quot;&quot;,&quot;sizes&quot;:{&quot;start&quot;:15,&quot;end&quot;:35}},&quot;motion_fx_devices&quot;:[&quot;desktop&quot;,&quot;tablet&quot;,&quot;mobile&quot;]}\" data-widget_type=\"text-editor.default\">\n\t\t\t\t<div class=\"elementor-widget-container\">\n\t\t\t\t\t\t\t\t\t<p>La misi\u00f3n de nuestra capilla santuario es clara y acorde con el carisma de nuestra comunidad, la de los Oblatos de la Virgen Mar\u00eda. Podr\u00edamos decir que tambi\u00e9n hacemos nuestras las orientaciones dadas por Juan Pablo II a los rectores de santuarios en 1981:   <\/p>\n\t\t\t\t\t\t\t\t<\/div>\n\t\t\t\t<\/div>\n\t\t<div class=\"elementor-element elementor-element-f15513b e-con-full e-flex e-con e-child\" data-id=\"f15513b\" data-element_type=\"container\" data-e-type=\"container\" data-settings=\"{&quot;background_background&quot;:&quot;classic&quot;}\">\n\t\t\t\t<div class=\"elementor-element elementor-element-35acdcd elementor-widget__width-initial elementor-widget elementor-widget-text-editor\" data-id=\"35acdcd\" data-element_type=\"widget\" data-e-type=\"widget\" data-widget_type=\"text-editor.default\">\n\t\t\t\t<div class=\"elementor-widget-container\">\n\t\t\t\t\t\t\t\t\t<p><em>\u00abQue toda la vida de los santuarios promueva lo m\u00e1s posible la oraci\u00f3n personal y comunitaria, la alegr\u00eda y el recogimiento, la escucha y la meditaci\u00f3n de la Palabra de Dios, la celebraci\u00f3n verdaderamente digna de la Eucarist\u00eda y la recepci\u00f3n personal del sacramento de la Reconciliaci\u00f3n, la fraternidad entre las personas que se encuentran por primera vez, la preocupaci\u00f3n por ayudar con sus ofrendas a las regiones pobres y a las Iglesias pobres, la participaci\u00f3n en la vida de las parroquias y de las di\u00f3cesis <\/em> \u00ab.<\/p>\n\t\t\t\t\t\t\t\t<\/div>\n\t\t\t\t<\/div>\n\t\t\t\t<div class=\"elementor-element elementor-element-24fd1e5 elementor-widget elementor-widget-text-editor\" data-id=\"24fd1e5\" data-element_type=\"widget\" data-e-type=\"widget\" data-widget_type=\"text-editor.default\">\n\t\t\t\t<div class=\"elementor-widget-container\">\n\t\t\t\t\t\t\t\t\t<p>Juan Pablo II<\/p>\n\t\t\t\t\t\t\t\t<\/div>\n\t\t\t\t<\/div>\n\t\t\t\t<\/div>\n\t\t\t\t<div class=\"elementor-element elementor-element-24b2070 elementor-widget__width-initial elementor-widget elementor-widget-text-editor\" data-id=\"24b2070\" data-element_type=\"widget\" data-e-type=\"widget\" data-widget_type=\"text-editor.default\">\n\t\t\t\t<div class=\"elementor-widget-container\">\n\t\t\t\t\t\t\t\t\t<p>No olvidemos que los santuarios cristianos son signos de Dios, de su irrupci\u00f3n en la historia humana. Cada uno de ellos es un memorial del Misterio de la Encarnaci\u00f3n y de la Redenci\u00f3n. Al visitar un santuario, los fieles redescubren constantemente la historia del amor de Dios por cada persona y por toda la humanidad. Sabemos tambi\u00e9n que, a pesar de la secularizaci\u00f3n de nuestras sociedades, los santuarios est\u00e1n llamados a ser \u00ablugares espirituales elevados\u00bb, tanto m\u00e1s si hablan a la mente y al coraz\u00f3n de las personas, creyentes y no creyentes, todos los cuales sienten \u00abla asfixia del esp\u00edritu humano\u00bb. <strong><em>\u00abla asfixia de una sociedad encerrada en s\u00ed misma y a veces desesperada\u00bb (J-P II).<\/em><\/strong> (J-P II).   <\/p>\n\t\t\t\t\t\t\t\t<\/div>\n\t\t\t\t<\/div>\n\t\t\t\t<\/div>\n\t\t\t\t\t<\/div>\n\t\t\t\t<\/div>\n\t\t<div class=\"elementor-element elementor-element-e97ae41 e-flex e-con-boxed e-con e-parent\" data-id=\"e97ae41\" data-element_type=\"container\" data-e-type=\"container\" data-settings=\"{&quot;motion_fx_motion_fx_scrolling&quot;:&quot;yes&quot;,&quot;motion_fx_translateY_effect&quot;:&quot;yes&quot;,&quot;motion_fx_translateY_speed&quot;:{&quot;unit&quot;:&quot;px&quot;,&quot;size&quot;:1,&quot;sizes&quot;:[]},&quot;motion_fx_translateY_affectedRange&quot;:{&quot;unit&quot;:&quot;%&quot;,&quot;size&quot;:&quot;&quot;,&quot;sizes&quot;:{&quot;start&quot;:15,&quot;end&quot;:50}},&quot;motion_fx_devices&quot;:[&quot;desktop&quot;,&quot;tablet&quot;,&quot;mobile&quot;]}\">\n\t\t\t\t\t<div class=\"e-con-inner\">\n\t\t<div class=\"elementor-element elementor-element-1427afc e-con-full e-flex e-con e-child\" data-id=\"1427afc\" data-element_type=\"container\" data-e-type=\"container\">\n\t\t\t\t<div class=\"elementor-element elementor-element-b62ac49 elementor-widget elementor-widget-heading\" data-id=\"b62ac49\" data-element_type=\"widget\" data-e-type=\"widget\" data-settings=\"{&quot;motion_fx_motion_fx_scrolling&quot;:&quot;yes&quot;,&quot;motion_fx_translateY_effect&quot;:&quot;yes&quot;,&quot;motion_fx_translateY_speed&quot;:{&quot;unit&quot;:&quot;px&quot;,&quot;size&quot;:1,&quot;sizes&quot;:[]},&quot;motion_fx_translateY_affectedRange&quot;:{&quot;unit&quot;:&quot;%&quot;,&quot;size&quot;:&quot;&quot;,&quot;sizes&quot;:{&quot;start&quot;:15,&quot;end&quot;:35}},&quot;motion_fx_opacity_effect&quot;:&quot;yes&quot;,&quot;motion_fx_opacity_range&quot;:{&quot;unit&quot;:&quot;%&quot;,&quot;size&quot;:&quot;&quot;,&quot;sizes&quot;:{&quot;start&quot;:10,&quot;end&quot;:25}},&quot;motion_fx_opacity_direction&quot;:&quot;out-in&quot;,&quot;motion_fx_opacity_level&quot;:{&quot;unit&quot;:&quot;px&quot;,&quot;size&quot;:10,&quot;sizes&quot;:[]},&quot;motion_fx_devices&quot;:[&quot;desktop&quot;,&quot;tablet&quot;,&quot;mobile&quot;]}\" data-widget_type=\"heading.default\">\n\t\t\t\t<div class=\"elementor-widget-container\">\n\t\t\t\t\t<h2 class=\"elementor-heading-title elementor-size-default\">Ven a la capilla, al santuario<\/h2>\t\t\t\t<\/div>\n\t\t\t\t<\/div>\n\t\t\t\t<div class=\"elementor-element elementor-element-b2203e2 elementor-widget__width-inherit elementor-widget elementor-widget-text-editor\" data-id=\"b2203e2\" data-element_type=\"widget\" data-e-type=\"widget\" data-settings=\"{&quot;motion_fx_motion_fx_scrolling&quot;:&quot;yes&quot;,&quot;motion_fx_translateY_effect&quot;:&quot;yes&quot;,&quot;motion_fx_translateY_speed&quot;:{&quot;unit&quot;:&quot;px&quot;,&quot;size&quot;:1,&quot;sizes&quot;:[]},&quot;motion_fx_translateY_affectedRange&quot;:{&quot;unit&quot;:&quot;%&quot;,&quot;size&quot;:&quot;&quot;,&quot;sizes&quot;:{&quot;start&quot;:15,&quot;end&quot;:35}},&quot;motion_fx_devices&quot;:[&quot;desktop&quot;,&quot;tablet&quot;,&quot;mobile&quot;]}\" data-widget_type=\"text-editor.default\">\n\t\t\t\t<div class=\"elementor-widget-container\">\n\t\t\t\t\t\t\t\t\t<p><strong>Cada d\u00eda, acoger a los fieles y peregrinos que vienen solos o en grupo es nuestra prioridad.<\/strong><\/p>\n\t\t\t\t\t\t\t\t<\/div>\n\t\t\t\t<\/div>\n\t\t<div class=\"elementor-element elementor-element-3834074 e-con-full e-flex e-con e-child\" data-id=\"3834074\" data-element_type=\"container\" data-e-type=\"container\">\n\t\t<div class=\"elementor-element elementor-element-4a1d2ea e-con-full e-flex e-con e-child\" data-id=\"4a1d2ea\" data-element_type=\"container\" data-e-type=\"container\">\n\t\t\t\t<div class=\"elementor-element elementor-element-b2ff351 elementor-view-default elementor-position-block-start elementor-mobile-position-block-start elementor-widget elementor-widget-icon-box\" data-id=\"b2ff351\" data-element_type=\"widget\" data-e-type=\"widget\" data-widget_type=\"icon-box.default\">\n\t\t\t\t<div class=\"elementor-widget-container\">\n\t\t\t\t\t\t\t<div class=\"elementor-icon-box-wrapper\">\n\n\t\t\t\t\t\t<div class=\"elementor-icon-box-icon\">\n\t\t\t\t<span  class=\"elementor-icon\">\n\t\t\t\t<i aria-hidden=\"true\" class=\"fas fa-hands-helping\"><\/i>\t\t\t\t<\/span>\n\t\t\t<\/div>\n\t\t\t\n\t\t\t\t\t\t<div class=\"elementor-icon-box-content\">\n\n\t\t\t\t\n\t\t\t\t\t\t\t\t\t<p class=\"elementor-icon-box-description\">\n\t\t\t\t\t\tUn sacerdote oblato est\u00e1 disponible para confesiones y orientaci\u00f3n espiritual, antes y despu\u00e9s de las misas, y su presencia puede concertarse a partir de las 15 h. No lo dudes, porque, como dijo una vez un cardenal canadiense :   <br><b><i>\"En el confesionario no faltan confesores, sino penitentes.<\/i><\/b>\t\t\t\t\t<\/p>\n\t\t\t\t\n\t\t\t<\/div>\n\t\t\t\n\t\t<\/div>\n\t\t\t\t\t\t<\/div>\n\t\t\t\t<\/div>\n\t\t\t\t<\/div>\n\t\t<div class=\"elementor-element elementor-element-4a21bb3 e-con-full e-flex e-con e-child\" data-id=\"4a21bb3\" data-element_type=\"container\" data-e-type=\"container\">\n\t\t\t\t<div class=\"elementor-element elementor-element-b7d9365 elementor-view-default elementor-position-block-start elementor-mobile-position-block-start elementor-widget elementor-widget-icon-box\" data-id=\"b7d9365\" data-element_type=\"widget\" data-e-type=\"widget\" data-widget_type=\"icon-box.default\">\n\t\t\t\t<div class=\"elementor-widget-container\">\n\t\t\t\t\t\t\t<div class=\"elementor-icon-box-wrapper\">\n\n\t\t\t\t\t\t<div class=\"elementor-icon-box-icon\">\n\t\t\t\t<span  class=\"elementor-icon\">\n\t\t\t\t<i aria-hidden=\"true\" class=\"fas fa-comment\"><\/i>\t\t\t\t<\/span>\n\t\t\t<\/div>\n\t\t\t\n\t\t\t\t\t\t<div class=\"elementor-icon-box-content\">\n\n\t\t\t\t\n\t\t\t\t\t\t\t\t\t<p class=\"elementor-icon-box-description\">\n\t\t\t\t\t\tTambi\u00e9n tenemos colaboradores laicos que pueden ayudarte, como en el caso de la \"oraci\u00f3n de los hermanos\", la visita guiada a nuestro santuario, la apertura y el servicio de nuestra tienda, o remitirte de un modo u otro, etc.\t\t\t\t\t<\/p>\n\t\t\t\t\n\t\t\t<\/div>\n\t\t\t\n\t\t<\/div>\n\t\t\t\t\t\t<\/div>\n\t\t\t\t<\/div>\n\t\t\t\t<\/div>\n\t\t\t\t<\/div>\n\t\t<div class=\"elementor-element elementor-element-0e2a024 e-con-full e-flex e-con e-child\" data-id=\"0e2a024\" data-element_type=\"container\" data-e-type=\"container\" data-settings=\"{&quot;background_background&quot;:&quot;classic&quot;}\">\n\t\t\t\t<div class=\"elementor-element elementor-element-09f074f elementor-widget elementor-widget-text-editor\" data-id=\"09f074f\" data-element_type=\"widget\" data-e-type=\"widget\" data-widget_type=\"text-editor.default\">\n\t\t\t\t<div class=\"elementor-widget-container\">\n\t\t\t\t\t\t\t\t\t<p>Nuestro deseo de servirte es permitir el crecimiento de todos seg\u00fan la perspectiva contenida en este magn\u00edfico escrito de San Pablo:<\/p>\n\t\t\t\t\t\t\t\t<\/div>\n\t\t\t\t<\/div>\n\t\t\t\t<div class=\"elementor-element elementor-element-7d0ae24 elementor-widget elementor-widget-text-editor\" data-id=\"7d0ae24\" data-element_type=\"widget\" data-e-type=\"widget\" data-widget_type=\"text-editor.default\">\n\t\t\t\t<div class=\"elementor-widget-container\">\n\t\t\t\t\t\t\t\t\t<p>\u00abQue Cristo habite en vuestros corazones por la fe; permaneced arraigados en el amor, afirmados en el amor\u00bb.<\/p>\n\t\t\t\t\t\t\t\t<\/div>\n\t\t\t\t<\/div>\n\t\t\t\t<div class=\"elementor-element elementor-element-f25ef90 elementor-widget elementor-widget-text-editor\" data-id=\"f25ef90\" data-element_type=\"widget\" data-e-type=\"widget\" data-widget_type=\"text-editor.default\">\n\t\t\t\t<div class=\"elementor-widget-container\">\n\t\t\t\t\t\t\t\t\t<p>(Efesios 3:17).<\/p>\n\t\t\t\t\t\t\t\t<\/div>\n\t\t\t\t<\/div>\n\t\t\t\t<\/div>\n\t\t\t\t<\/div>\n\t\t\t\t\t<\/div>\n\t\t\t\t<\/div>\n\t\t<div class=\"elementor-element elementor-element-078a508 e-flex e-con-boxed e-con e-parent\" data-id=\"078a508\" data-element_type=\"container\" data-e-type=\"container\" data-settings=\"{&quot;motion_fx_motion_fx_scrolling&quot;:&quot;yes&quot;,&quot;motion_fx_translateY_effect&quot;:&quot;yes&quot;,&quot;motion_fx_translateY_speed&quot;:{&quot;unit&quot;:&quot;px&quot;,&quot;size&quot;:1,&quot;sizes&quot;:[]},&quot;motion_fx_translateY_affectedRange&quot;:{&quot;unit&quot;:&quot;%&quot;,&quot;size&quot;:&quot;&quot;,&quot;sizes&quot;:{&quot;start&quot;:15,&quot;end&quot;:50}},&quot;motion_fx_opacity_effect&quot;:&quot;yes&quot;,&quot;motion_fx_opacity_range&quot;:{&quot;unit&quot;:&quot;%&quot;,&quot;size&quot;:&quot;&quot;,&quot;sizes&quot;:{&quot;start&quot;:15,&quot;end&quot;:35}},&quot;motion_fx_opacity_direction&quot;:&quot;out-in&quot;,&quot;motion_fx_opacity_level&quot;:{&quot;unit&quot;:&quot;px&quot;,&quot;size&quot;:10,&quot;sizes&quot;:[]},&quot;motion_fx_devices&quot;:[&quot;desktop&quot;,&quot;tablet&quot;,&quot;mobile&quot;]}\">\n\t\t\t\t\t<div class=\"e-con-inner\">\n\t\t<div class=\"elementor-element elementor-element-c9eb622 e-con-full e-flex e-con e-child\" data-id=\"c9eb622\" data-element_type=\"container\" data-e-type=\"container\">\n\t\t\t\t<div class=\"elementor-element elementor-element-bf52fae elementor-widget elementor-widget-heading\" data-id=\"bf52fae\" data-element_type=\"widget\" data-e-type=\"widget\" data-settings=\"{&quot;motion_fx_motion_fx_scrolling&quot;:&quot;yes&quot;,&quot;motion_fx_translateY_effect&quot;:&quot;yes&quot;,&quot;motion_fx_translateY_speed&quot;:{&quot;unit&quot;:&quot;px&quot;,&quot;size&quot;:1,&quot;sizes&quot;:[]},&quot;motion_fx_translateY_affectedRange&quot;:{&quot;unit&quot;:&quot;%&quot;,&quot;size&quot;:&quot;&quot;,&quot;sizes&quot;:{&quot;start&quot;:15,&quot;end&quot;:35}},&quot;motion_fx_opacity_effect&quot;:&quot;yes&quot;,&quot;motion_fx_opacity_range&quot;:{&quot;unit&quot;:&quot;%&quot;,&quot;size&quot;:&quot;&quot;,&quot;sizes&quot;:{&quot;start&quot;:10,&quot;end&quot;:25}},&quot;motion_fx_opacity_direction&quot;:&quot;out-in&quot;,&quot;motion_fx_opacity_level&quot;:{&quot;unit&quot;:&quot;px&quot;,&quot;size&quot;:10,&quot;sizes&quot;:[]},&quot;motion_fx_devices&quot;:[&quot;desktop&quot;,&quot;tablet&quot;,&quot;mobile&quot;]}\" data-widget_type=\"heading.default\">\n\t\t\t\t<div class=\"elementor-widget-container\">\n\t\t\t\t\t<h2 class=\"elementor-heading-title elementor-size-default\">Un equipo pastoral al servicio de todos<\/h2>\t\t\t\t<\/div>\n\t\t\t\t<\/div>\n\t\t\t\t<\/div>\n\t\t\t\t\t<\/div>\n\t\t\t\t<\/div>\n\t\t<div class=\"elementor-element elementor-element-4f1a57c e-flex e-con-boxed e-con e-parent\" data-id=\"4f1a57c\" data-element_type=\"container\" data-e-type=\"container\" data-settings=\"{&quot;background_background&quot;:&quot;classic&quot;,&quot;motion_fx_motion_fx_scrolling&quot;:&quot;yes&quot;,&quot;motion_fx_translateY_effect&quot;:&quot;yes&quot;,&quot;motion_fx_translateY_speed&quot;:{&quot;unit&quot;:&quot;px&quot;,&quot;size&quot;:1,&quot;sizes&quot;:[]},&quot;motion_fx_translateY_affectedRange&quot;:{&quot;unit&quot;:&quot;%&quot;,&quot;size&quot;:&quot;&quot;,&quot;sizes&quot;:{&quot;start&quot;:15,&quot;end&quot;:50}},&quot;motion_fx_opacity_effect&quot;:&quot;yes&quot;,&quot;motion_fx_opacity_range&quot;:{&quot;unit&quot;:&quot;%&quot;,&quot;size&quot;:&quot;&quot;,&quot;sizes&quot;:{&quot;start&quot;:15,&quot;end&quot;:35}},&quot;motion_fx_opacity_direction&quot;:&quot;out-in&quot;,&quot;motion_fx_opacity_level&quot;:{&quot;unit&quot;:&quot;px&quot;,&quot;size&quot;:10,&quot;sizes&quot;:[]},&quot;motion_fx_devices&quot;:[&quot;desktop&quot;,&quot;tablet&quot;,&quot;mobile&quot;]}\">\n\t\t\t\t\t<div class=\"e-con-inner\">\n\t\t<div class=\"elementor-element elementor-element-653e42e e-con-full e-flex e-con e-child\" data-id=\"653e42e\" data-element_type=\"container\" data-e-type=\"container\">\n\t\t\t\t<div class=\"elementor-element elementor-element-56a78c2 elementor-widget elementor-widget-heading\" data-id=\"56a78c2\" data-element_type=\"widget\" data-e-type=\"widget\" data-settings=\"{&quot;motion_fx_motion_fx_scrolling&quot;:&quot;yes&quot;,&quot;motion_fx_translateY_effect&quot;:&quot;yes&quot;,&quot;motion_fx_translateY_speed&quot;:{&quot;unit&quot;:&quot;px&quot;,&quot;size&quot;:1,&quot;sizes&quot;:[]},&quot;motion_fx_translateY_affectedRange&quot;:{&quot;unit&quot;:&quot;%&quot;,&quot;size&quot;:&quot;&quot;,&quot;sizes&quot;:{&quot;start&quot;:15,&quot;end&quot;:35}},&quot;motion_fx_opacity_effect&quot;:&quot;yes&quot;,&quot;motion_fx_opacity_range&quot;:{&quot;unit&quot;:&quot;%&quot;,&quot;size&quot;:&quot;&quot;,&quot;sizes&quot;:{&quot;start&quot;:10,&quot;end&quot;:25}},&quot;motion_fx_opacity_direction&quot;:&quot;out-in&quot;,&quot;motion_fx_opacity_level&quot;:{&quot;unit&quot;:&quot;px&quot;,&quot;size&quot;:10,&quot;sizes&quot;:[]},&quot;motion_fx_devices&quot;:[&quot;desktop&quot;,&quot;tablet&quot;,&quot;mobile&quot;]}\" data-widget_type=\"heading.default\">\n\t\t\t\t<div class=\"elementor-widget-container\">\n\t\t\t\t\t<h2 class=\"elementor-heading-title elementor-size-default\">El rector del santuario<\/h2>\t\t\t\t<\/div>\n\t\t\t\t<\/div>\n\t\t<div class=\"elementor-element elementor-element-2f00be7 e-con-full e-flex e-con e-child\" data-id=\"2f00be7\" data-element_type=\"container\" data-e-type=\"container\">\n\t\t\t\t<div class=\"elementor-element elementor-element-c6d369b elementor-widget__width-initial elementor-widget elementor-widget-image\" data-id=\"c6d369b\" data-element_type=\"widget\" data-e-type=\"widget\" data-widget_type=\"image.default\">\n\t\t\t\t<div class=\"elementor-widget-container\">\n\t\t\t\t\t\t\t\t\t\t\t\t\t\t\t<img fetchpriority=\"high\" decoding=\"async\" width=\"480\" height=\"640\" src=\"https:\/\/www.chapelle-sainte-rita.com\/wp-content\/uploads\/2024\/09\/PereLapointe.jpeg\" class=\"attachment-large size-large wp-image-5984\" alt=\"\" srcset=\"https:\/\/www.chapelle-sainte-rita.com\/wp-content\/uploads\/2024\/09\/PereLapointe.jpeg 480w, https:\/\/www.chapelle-sainte-rita.com\/wp-content\/uploads\/2024\/09\/PereLapointe-225x300.jpeg 225w\" sizes=\"(max-width: 480px) 100vw, 480px\" \/>\t\t\t\t\t\t\t\t\t\t\t\t\t\t\t<\/div>\n\t\t\t\t<\/div>\n\t\t<div class=\"elementor-element elementor-element-b76e2e7 e-con-full e-flex e-con e-child\" data-id=\"b76e2e7\" data-element_type=\"container\" data-e-type=\"container\">\n\t\t\t\t<div class=\"elementor-element elementor-element-e926fac elementor-widget elementor-widget-text-editor\" data-id=\"e926fac\" data-element_type=\"widget\" data-e-type=\"widget\" data-settings=\"{&quot;motion_fx_motion_fx_scrolling&quot;:&quot;yes&quot;,&quot;motion_fx_translateY_effect&quot;:&quot;yes&quot;,&quot;motion_fx_translateY_speed&quot;:{&quot;unit&quot;:&quot;px&quot;,&quot;size&quot;:1,&quot;sizes&quot;:[]},&quot;motion_fx_translateY_affectedRange&quot;:{&quot;unit&quot;:&quot;%&quot;,&quot;size&quot;:&quot;&quot;,&quot;sizes&quot;:{&quot;start&quot;:15,&quot;end&quot;:35}},&quot;motion_fx_devices&quot;:[&quot;desktop&quot;,&quot;tablet&quot;,&quot;mobile&quot;]}\" data-widget_type=\"text-editor.default\">\n\t\t\t\t<div class=\"elementor-widget-container\">\n\t\t\t\t\t\t\t\t\t<p><strong>Padre Fran\u00e7ois LAPOINTE omv<\/strong> <\/p>\n\t\t\t\t\t\t\t\t<\/div>\n\t\t\t\t<\/div>\n\t\t\t\t<div class=\"elementor-element elementor-element-fd5dfdd elementor-widget elementor-widget-text-editor\" data-id=\"fd5dfdd\" data-element_type=\"widget\" data-e-type=\"widget\" data-settings=\"{&quot;motion_fx_motion_fx_scrolling&quot;:&quot;yes&quot;,&quot;motion_fx_translateY_effect&quot;:&quot;yes&quot;,&quot;motion_fx_translateY_speed&quot;:{&quot;unit&quot;:&quot;px&quot;,&quot;size&quot;:1,&quot;sizes&quot;:[]},&quot;motion_fx_translateY_affectedRange&quot;:{&quot;unit&quot;:&quot;%&quot;,&quot;size&quot;:&quot;&quot;,&quot;sizes&quot;:{&quot;start&quot;:15,&quot;end&quot;:35}},&quot;motion_fx_devices&quot;:[&quot;desktop&quot;,&quot;tablet&quot;,&quot;mobile&quot;]}\" data-widget_type=\"text-editor.default\">\n\t\t\t\t<div class=\"elementor-widget-container\">\n\t\t\t\t\t\t\t\t\t<p><strong>El padre Fran\u00e7ois Lapointe omv<\/strong> naci\u00f3 en 1963 en Canad\u00e1, en la regi\u00f3n de Mauricio, en Grand-M\u00e8re, cerca de la ciudad de Trois-Rivi\u00e8res, en el centro-sur de Quebec. Es sacerdote desde 1992 y miembro del Instituto de los Oblatos de la Virgen Mar\u00eda (omv) desde 1985. <\/p>\n\t\t\t\t\t\t\t\t<\/div>\n\t\t\t\t<\/div>\n\t\t\t\t<div class=\"elementor-element elementor-element-10d3892 elementor-widget elementor-widget-text-editor\" data-id=\"10d3892\" data-element_type=\"widget\" data-e-type=\"widget\" data-settings=\"{&quot;motion_fx_motion_fx_scrolling&quot;:&quot;yes&quot;,&quot;motion_fx_translateY_effect&quot;:&quot;yes&quot;,&quot;motion_fx_translateY_speed&quot;:{&quot;unit&quot;:&quot;px&quot;,&quot;size&quot;:1,&quot;sizes&quot;:[]},&quot;motion_fx_translateY_affectedRange&quot;:{&quot;unit&quot;:&quot;%&quot;,&quot;size&quot;:&quot;&quot;,&quot;sizes&quot;:{&quot;start&quot;:15,&quot;end&quot;:35}},&quot;motion_fx_devices&quot;:[&quot;desktop&quot;,&quot;tablet&quot;,&quot;mobile&quot;]}\" data-widget_type=\"text-editor.default\">\n\t\t\t\t<div class=\"elementor-widget-container\">\n\t\t\t\t\t\t\t\t\t<p>Es diplomado en enfermer\u00eda por el CEGEP Ste-Foy, cerca de Quebec (1984); licenciado en filosof\u00eda por la Universidad Pontificia Angelicum de Roma (1987); licenciado en teolog\u00eda por la Universidad Pontificia Lateranense de Roma (1991); y m\u00e1ster por la Universidad de Montreal en teolog\u00eda pastoral, secci\u00f3n pr\u00e1ctica, con una tesis sobre los perfiles sociorreligiosos de los j\u00f3venes adultos.<\/p>\n\t\t\t\t\t\t\t\t<\/div>\n\t\t\t\t<\/div>\n\t\t\t\t<\/div>\n\t\t\t\t<\/div>\n\t\t<div class=\"elementor-element elementor-element-2a8b8be e-con-full e-flex e-con e-child\" data-id=\"2a8b8be\" data-element_type=\"container\" data-e-type=\"container\">\n\t\t\t\t<div class=\"elementor-element elementor-element-1e3cbd6 elementor-widget__width-initial elementor-widget elementor-widget-text-editor\" data-id=\"1e3cbd6\" data-element_type=\"widget\" data-e-type=\"widget\" data-settings=\"{&quot;motion_fx_motion_fx_scrolling&quot;:&quot;yes&quot;,&quot;motion_fx_translateY_effect&quot;:&quot;yes&quot;,&quot;motion_fx_translateY_speed&quot;:{&quot;unit&quot;:&quot;px&quot;,&quot;size&quot;:1,&quot;sizes&quot;:[]},&quot;motion_fx_translateY_affectedRange&quot;:{&quot;unit&quot;:&quot;%&quot;,&quot;size&quot;:&quot;&quot;,&quot;sizes&quot;:{&quot;start&quot;:15,&quot;end&quot;:35}},&quot;motion_fx_devices&quot;:[&quot;desktop&quot;,&quot;tablet&quot;,&quot;mobile&quot;]}\" data-widget_type=\"text-editor.default\">\n\t\t\t\t<div class=\"elementor-widget-container\">\n\t\t\t\t\t\t\t\t\tTras trabajar como monitor de campamentos de verano (1978-1984), trabaj\u00f3 como enfermero en una residencia de ancianos y en un instituto de ense\u00f1anza secundaria (1984-1985). Tambi\u00e9n coordin\u00f3 cuatro Jornadas Mundiales de la Juventud para la di\u00f3cesis de Montreal (Canad\u00e1) y todas las di\u00f3cesis del oeste de Quebec: Chestochowa (Polonia) (1991), Denver (EEUU) (1993), Manila (Filipinas) (1995) y Par\u00eds (Francia) (1997). La delegaci\u00f3n de Quebec estaba formada por entre 30 y 545 j\u00f3venes, seg\u00fan el lugar de estos encuentros mundiales (m\u00e1s de 130 pa\u00edses representados y hasta 4 millones de j\u00f3venes presentes). En la JMJ 2000, tambi\u00e9n supervis\u00f3 dos proyectos: la preparaci\u00f3n de otro grupo de j\u00f3venes de Quebec y la coordinaci\u00f3n internacional de un encuentro de j\u00f3venes de 6 pa\u00edses. Fue el primer encuentro de j\u00f3venes con v\u00ednculos significativos con nuestras comunidades oblatas de todo el mundo. Un proyecto similar tuvo lugar para las JMJ celebradas en Toronto, Canad\u00e1, en 2002 y en Colonia, Alemania (2005), Madrid, Espa\u00f1a, en 2011 y R\u00edo, Brasil, en 2016. M\u00e1s de 150 j\u00f3venes de nueve naciones participan normalmente en estos proyectos.        <br><br>  Ha coordinado y supervisado cinco proyectos de sensibilizaci\u00f3n y cooperaci\u00f3n misionera en Brasil, durante las fases de formaci\u00f3n, ejecuci\u00f3n e integraci\u00f3n al regreso (1994-1995-1996-1998-2007). Fund\u00f3 un movimiento juvenil, \u00abSolidarit\u00e9-Jeunesse\u00bb, que re\u00fane a j\u00f3venes adultos de entre 17 y 30 a\u00f1os. <br><br>  Tras ejercer como vicario parroquial (1993-1995) y como miembro de la oficina diocesana de la juventud (1992-1997), fue coordinador de pastoral juvenil de un sector pastoral de la di\u00f3cesis de Montreal (1998-2001). Tambi\u00e9n coordin\u00f3 un comit\u00e9 especial, el Comit\u00e9 des Am\u00e9nagements Pastoraux, para el mismo sector, con el fin de llevar a cabo una redefinici\u00f3n de la misi\u00f3n de la Iglesia y una reestructuraci\u00f3n de los servicios y lugares de culto de la parroquia (1997-2000). \t\t\t\t\t\t\t\t<\/div>\n\t\t\t\t<\/div>\n\t\t\t\t<div class=\"elementor-element elementor-element-19a239c elementor-widget__width-inherit elementor-widget elementor-widget-text-editor\" data-id=\"19a239c\" data-element_type=\"widget\" data-e-type=\"widget\" data-settings=\"{&quot;motion_fx_motion_fx_scrolling&quot;:&quot;yes&quot;,&quot;motion_fx_translateY_effect&quot;:&quot;yes&quot;,&quot;motion_fx_translateY_speed&quot;:{&quot;unit&quot;:&quot;px&quot;,&quot;size&quot;:1,&quot;sizes&quot;:[]},&quot;motion_fx_translateY_affectedRange&quot;:{&quot;unit&quot;:&quot;%&quot;,&quot;size&quot;:&quot;&quot;,&quot;sizes&quot;:{&quot;start&quot;:15,&quot;end&quot;:35}},&quot;motion_fx_devices&quot;:[&quot;desktop&quot;,&quot;tablet&quot;,&quot;mobile&quot;]}\" data-widget_type=\"text-editor.default\">\n\t\t\t\t<div class=\"elementor-widget-container\">\n\t\t\t\t\t\t\t\t\tTambi\u00e9n fue vicedelegado del Rector Mayor de los Oblatos de la Virgen Mar\u00eda para la regi\u00f3n canadiense (1997-2001) antes de ser destinado en 2001 a Fontenay-aux-Roses como animador espiritual de los estudiantes de la R.U.L. y responsable de la formaci\u00f3n de los postulantes de origen franc\u00f3fono (Francia y \u00c1frica). En 2008 fue nombrado Director de la R.U.L. y en 2018 Rector de la Chapelle Ste-Rita.   <br><br>  Acompa\u00f1a a varios grupos en el camino cristiano y trabaja con muchas parejas, incluidos antiguos alumnos. Su carisma es muy apreciado.   <br><br>  Hoy contin\u00faa desempe\u00f1ando sus diversas funciones, al tiempo que asume el papel internacional de \u00abConsejero General\u00bb y \u00abEc\u00f3nomo General\u00bb en el seno de su comunidad religiosa desde 2022. Tambi\u00e9n es confesor de la catedral de Notre-Dame de Par\u00eds.   <br><br>  El Padre Fran\u00e7ois es conocido por su personalidad abierta y c\u00e1lida, su optimismo y humor, su sencillez y su capacidad de organizaci\u00f3n. Observador y discreto, conoce r\u00e1pidamente a su interlocutor y sabe ser un aliado fiel y din\u00e1mico. Sus conocimientos humanos y cristianos le convierten en un pensador y consejero preocupado por el crecimiento integral de todos.  \t\t\t\t\t\t\t\t<\/div>\n\t\t\t\t<\/div>\n\t\t\t\t<\/div>\n\t\t\t\t<\/div>\n\t\t\t\t\t<\/div>\n\t\t\t\t<\/div>\n\t\t<div class=\"elementor-element elementor-element-482e4e0 e-flex e-con-boxed e-con e-parent\" data-id=\"482e4e0\" data-element_type=\"container\" data-e-type=\"container\" data-settings=\"{&quot;background_background&quot;:&quot;classic&quot;,&quot;motion_fx_motion_fx_scrolling&quot;:&quot;yes&quot;,&quot;motion_fx_translateY_effect&quot;:&quot;yes&quot;,&quot;motion_fx_translateY_speed&quot;:{&quot;unit&quot;:&quot;px&quot;,&quot;size&quot;:1,&quot;sizes&quot;:[]},&quot;motion_fx_translateY_affectedRange&quot;:{&quot;unit&quot;:&quot;%&quot;,&quot;size&quot;:&quot;&quot;,&quot;sizes&quot;:{&quot;start&quot;:15,&quot;end&quot;:50}},&quot;motion_fx_opacity_effect&quot;:&quot;yes&quot;,&quot;motion_fx_opacity_range&quot;:{&quot;unit&quot;:&quot;%&quot;,&quot;size&quot;:&quot;&quot;,&quot;sizes&quot;:{&quot;start&quot;:15,&quot;end&quot;:35}},&quot;motion_fx_opacity_direction&quot;:&quot;out-in&quot;,&quot;motion_fx_opacity_level&quot;:{&quot;unit&quot;:&quot;px&quot;,&quot;size&quot;:10,&quot;sizes&quot;:[]},&quot;motion_fx_devices&quot;:[&quot;desktop&quot;,&quot;tablet&quot;,&quot;mobile&quot;]}\">\n\t\t\t\t\t<div class=\"e-con-inner\">\n\t\t<div class=\"elementor-element elementor-element-2867e60 e-con-full e-flex e-con e-child\" data-id=\"2867e60\" data-element_type=\"container\" data-e-type=\"container\">\n\t\t\t\t<div class=\"elementor-element elementor-element-04e570c elementor-widget elementor-widget-heading\" data-id=\"04e570c\" data-element_type=\"widget\" data-e-type=\"widget\" data-settings=\"{&quot;motion_fx_motion_fx_scrolling&quot;:&quot;yes&quot;,&quot;motion_fx_translateY_effect&quot;:&quot;yes&quot;,&quot;motion_fx_translateY_speed&quot;:{&quot;unit&quot;:&quot;px&quot;,&quot;size&quot;:1,&quot;sizes&quot;:[]},&quot;motion_fx_translateY_affectedRange&quot;:{&quot;unit&quot;:&quot;%&quot;,&quot;size&quot;:&quot;&quot;,&quot;sizes&quot;:{&quot;start&quot;:15,&quot;end&quot;:35}},&quot;motion_fx_opacity_effect&quot;:&quot;yes&quot;,&quot;motion_fx_opacity_range&quot;:{&quot;unit&quot;:&quot;%&quot;,&quot;size&quot;:&quot;&quot;,&quot;sizes&quot;:{&quot;start&quot;:10,&quot;end&quot;:25}},&quot;motion_fx_opacity_direction&quot;:&quot;out-in&quot;,&quot;motion_fx_opacity_level&quot;:{&quot;unit&quot;:&quot;px&quot;,&quot;size&quot;:10,&quot;sizes&quot;:[]},&quot;motion_fx_devices&quot;:[&quot;desktop&quot;,&quot;tablet&quot;,&quot;mobile&quot;]}\" data-widget_type=\"heading.default\">\n\t\t\t\t<div class=\"elementor-widget-container\">\n\t\t\t\t\t<h2 class=\"elementor-heading-title elementor-size-default\">Los capellanes<\/h2>\t\t\t\t<\/div>\n\t\t\t\t<\/div>\n\t\t\t\t<\/div>\n\t\t\t\t\t<\/div>\n\t\t\t\t<\/div>\n\t\t<div class=\"elementor-element elementor-element-feae5ad e-flex e-con-boxed e-con e-parent\" data-id=\"feae5ad\" data-element_type=\"container\" data-e-type=\"container\" data-settings=\"{&quot;background_background&quot;:&quot;classic&quot;,&quot;motion_fx_motion_fx_scrolling&quot;:&quot;yes&quot;,&quot;motion_fx_translateY_effect&quot;:&quot;yes&quot;,&quot;motion_fx_translateY_speed&quot;:{&quot;unit&quot;:&quot;px&quot;,&quot;size&quot;:1,&quot;sizes&quot;:[]},&quot;motion_fx_translateY_affectedRange&quot;:{&quot;unit&quot;:&quot;%&quot;,&quot;size&quot;:&quot;&quot;,&quot;sizes&quot;:{&quot;start&quot;:15,&quot;end&quot;:50}},&quot;motion_fx_opacity_effect&quot;:&quot;yes&quot;,&quot;motion_fx_opacity_range&quot;:{&quot;unit&quot;:&quot;%&quot;,&quot;size&quot;:&quot;&quot;,&quot;sizes&quot;:{&quot;start&quot;:15,&quot;end&quot;:35}},&quot;motion_fx_opacity_direction&quot;:&quot;out-in&quot;,&quot;motion_fx_opacity_level&quot;:{&quot;unit&quot;:&quot;px&quot;,&quot;size&quot;:10,&quot;sizes&quot;:[]},&quot;motion_fx_devices&quot;:[&quot;desktop&quot;,&quot;tablet&quot;,&quot;mobile&quot;]}\">\n\t\t\t\t\t<div class=\"e-con-inner\">\n\t\t<div class=\"elementor-element elementor-element-3c65e31 e-con-full e-flex e-con e-child\" data-id=\"3c65e31\" data-element_type=\"container\" data-e-type=\"container\">\n\t\t<div class=\"elementor-element elementor-element-0460bfa e-con-full e-flex e-con e-child\" data-id=\"0460bfa\" data-element_type=\"container\" data-e-type=\"container\">\n\t\t\t\t<div class=\"elementor-element elementor-element-46e4675 elementor-widget__width-initial elementor-widget-mobile__width-inherit elementor-widget elementor-widget-image\" data-id=\"46e4675\" data-element_type=\"widget\" data-e-type=\"widget\" data-widget_type=\"image.default\">\n\t\t\t\t<div class=\"elementor-widget-container\">\n\t\t\t\t\t\t\t\t\t\t\t\t\t\t\t<img decoding=\"async\" width=\"767\" height=\"1024\" src=\"https:\/\/www.chapelle-sainte-rita.com\/wp-content\/uploads\/2024\/09\/YvesMorin-767x1024.png\" class=\"attachment-large size-large wp-image-5990\" alt=\"\" srcset=\"https:\/\/www.chapelle-sainte-rita.com\/wp-content\/uploads\/2024\/09\/YvesMorin-767x1024.png 767w, https:\/\/www.chapelle-sainte-rita.com\/wp-content\/uploads\/2024\/09\/YvesMorin-225x300.png 225w, https:\/\/www.chapelle-sainte-rita.com\/wp-content\/uploads\/2024\/09\/YvesMorin-768x1025.png 768w, https:\/\/www.chapelle-sainte-rita.com\/wp-content\/uploads\/2024\/09\/YvesMorin.png 1062w\" sizes=\"(max-width: 767px) 100vw, 767px\" \/>\t\t\t\t\t\t\t\t\t\t\t\t\t\t\t<\/div>\n\t\t\t\t<\/div>\n\t\t<div class=\"elementor-element elementor-element-061a448 e-con-full e-flex e-con e-child\" data-id=\"061a448\" data-element_type=\"container\" data-e-type=\"container\">\n\t\t\t\t<div class=\"elementor-element elementor-element-5051942 elementor-widget elementor-widget-text-editor\" data-id=\"5051942\" data-element_type=\"widget\" data-e-type=\"widget\" data-settings=\"{&quot;motion_fx_motion_fx_scrolling&quot;:&quot;yes&quot;,&quot;motion_fx_translateY_effect&quot;:&quot;yes&quot;,&quot;motion_fx_translateY_speed&quot;:{&quot;unit&quot;:&quot;px&quot;,&quot;size&quot;:1,&quot;sizes&quot;:[]},&quot;motion_fx_translateY_affectedRange&quot;:{&quot;unit&quot;:&quot;%&quot;,&quot;size&quot;:&quot;&quot;,&quot;sizes&quot;:{&quot;start&quot;:15,&quot;end&quot;:35}},&quot;motion_fx_devices&quot;:[&quot;desktop&quot;,&quot;tablet&quot;,&quot;mobile&quot;]}\" data-widget_type=\"text-editor.default\">\n\t\t\t\t<div class=\"elementor-widget-container\">\n\t\t\t\t\t\t\t\t\t<p><strong>Padre Yves MORIN omv<\/strong><\/p>\n\t\t\t\t\t\t\t\t<\/div>\n\t\t\t\t<\/div>\n\t\t\t\t<div class=\"elementor-element elementor-element-b9fd85d elementor-widget elementor-widget-text-editor\" data-id=\"b9fd85d\" data-element_type=\"widget\" data-e-type=\"widget\" data-settings=\"{&quot;motion_fx_motion_fx_scrolling&quot;:&quot;yes&quot;,&quot;motion_fx_translateY_effect&quot;:&quot;yes&quot;,&quot;motion_fx_translateY_speed&quot;:{&quot;unit&quot;:&quot;px&quot;,&quot;size&quot;:1,&quot;sizes&quot;:[]},&quot;motion_fx_translateY_affectedRange&quot;:{&quot;unit&quot;:&quot;%&quot;,&quot;size&quot;:&quot;&quot;,&quot;sizes&quot;:{&quot;start&quot;:15,&quot;end&quot;:35}},&quot;motion_fx_devices&quot;:[&quot;desktop&quot;,&quot;tablet&quot;,&quot;mobile&quot;]}\" data-widget_type=\"text-editor.default\">\n\t\t\t\t<div class=\"elementor-widget-container\">\n\t\t\t\t\t\t\t\t\t<p>Originario de Quebec (Canad\u00e1), el padre Yves ingres\u00f3 en los Oblatos de la Virgen Mar\u00eda en 1978. Estudi\u00f3 filosof\u00eda y teolog\u00eda en Roma y fue ordenado sacerdote en la Bas\u00edlica de San Pedro por el Papa Juan Pablo II el 2 de junio de 1985. Tuvo sus primeras experiencias pastorales con la comunidad de Niza y luego vino a Fontenay aux Roses para tomar el relevo del P. Richiardone, fundador de la obra all\u00ed.    <\/p>\n\t\t\t\t\t\t\t\t<\/div>\n\t\t\t\t<\/div>\n\t\t\t\t<\/div>\n\t\t\t\t<\/div>\n\t\t<div class=\"elementor-element elementor-element-1c343de e-con-full e-flex e-con e-child\" data-id=\"1c343de\" data-element_type=\"container\" data-e-type=\"container\">\n\t\t\t\t<div class=\"elementor-element elementor-element-b1f93e2 elementor-widget__width-initial elementor-widget elementor-widget-text-editor\" data-id=\"b1f93e2\" data-element_type=\"widget\" data-e-type=\"widget\" data-settings=\"{&quot;motion_fx_motion_fx_scrolling&quot;:&quot;yes&quot;,&quot;motion_fx_translateY_effect&quot;:&quot;yes&quot;,&quot;motion_fx_translateY_speed&quot;:{&quot;unit&quot;:&quot;px&quot;,&quot;size&quot;:1,&quot;sizes&quot;:[]},&quot;motion_fx_translateY_affectedRange&quot;:{&quot;unit&quot;:&quot;%&quot;,&quot;size&quot;:&quot;&quot;,&quot;sizes&quot;:{&quot;start&quot;:15,&quot;end&quot;:35}},&quot;motion_fx_devices&quot;:[&quot;desktop&quot;,&quot;tablet&quot;,&quot;mobile&quot;]}\" data-widget_type=\"text-editor.default\">\n\t\t\t\t<div class=\"elementor-widget-container\">\n\t\t\t\t\t\t\t\t\t<div class=\"message_d5deea cozyMessage_d5deea groupStart_d5deea wrapper_f9f2ca cozy_f9f2ca zalgo_f9f2ca\" tabindex=\"-1\" role=\"article\" data-list-item-id=\"chat-messages___chat-messages-1252910641614950451-1288824687702311023\" aria-setsize=\"-1\" aria-roledescription=\"Message\" aria-labelledby=\"message-username-1288824687702311023 uid_1 message-content-1288824687702311023 uid_2 message-timestamp-1288824687702311023\">\n<div class=\"contents_f9f2ca\">\n<div id=\"message-content-1288824687702311023\" class=\"markup_f8f345 messageContent_f9f2ca\">Como rector local de la comunidad oblata durante la fase final de las obras, el padre Yves trabajar\u00e1 con el Sr. Jolivel, arquitecto, y la hermana Michelangela Balan (pddm) en el mobiliario lit\u00fargico de la capilla. Encargar\u00e1 a Peter Kostner la realizaci\u00f3n de las estatuas de Santa Rita y la Sagrada Familia.  <\/div>\n<div> <\/div>\n<div class=\"markup_f8f345 messageContent_f9f2ca\">Como primer rector de la capilla, ha programado su inauguraci\u00f3n y bendici\u00f3n, invitando a Mons. Ambrosanio, obispo de Spoleto, di\u00f3cesis a la que pertenece Cascia, patria de Santa Rita. Al mismo tiempo se bendijeron tambi\u00e9n las campanas. Poco despu\u00e9s, la capilla fue consagrada por Mons. Fran\u00e7ois Favreau, entonces obispo de Nanterre, el 21 de noviembre de 1992.  <\/div>\n<div> <\/div>\n<div class=\"markup_f8f345 messageContent_f9f2ca\">Tras una breve estancia en Canad\u00e1, el padre Yves ejerci\u00f3 su ministerio en Italia durante 22 a\u00f1os antes de regresar a Fontenay en 2018. <\/div>\n<\/div>\n<\/div>\n\t\t\t\t\t\t\t\t<\/div>\n\t\t\t\t<\/div>\n\t\t\t\t<\/div>\n\t\t\t\t<\/div>\n\t\t\t\t\t<\/div>\n\t\t\t\t<\/div>\n\t\t<div class=\"elementor-element elementor-element-5d327b6 e-flex e-con-boxed e-con e-parent\" data-id=\"5d327b6\" data-element_type=\"container\" data-e-type=\"container\" data-settings=\"{&quot;background_background&quot;:&quot;classic&quot;,&quot;motion_fx_motion_fx_scrolling&quot;:&quot;yes&quot;,&quot;motion_fx_translateY_effect&quot;:&quot;yes&quot;,&quot;motion_fx_translateY_speed&quot;:{&quot;unit&quot;:&quot;px&quot;,&quot;size&quot;:1,&quot;sizes&quot;:[]},&quot;motion_fx_translateY_affectedRange&quot;:{&quot;unit&quot;:&quot;%&quot;,&quot;size&quot;:&quot;&quot;,&quot;sizes&quot;:{&quot;start&quot;:15,&quot;end&quot;:50}},&quot;motion_fx_opacity_effect&quot;:&quot;yes&quot;,&quot;motion_fx_opacity_range&quot;:{&quot;unit&quot;:&quot;%&quot;,&quot;size&quot;:&quot;&quot;,&quot;sizes&quot;:{&quot;start&quot;:15,&quot;end&quot;:35}},&quot;motion_fx_opacity_direction&quot;:&quot;out-in&quot;,&quot;motion_fx_opacity_level&quot;:{&quot;unit&quot;:&quot;px&quot;,&quot;size&quot;:10,&quot;sizes&quot;:[]},&quot;motion_fx_devices&quot;:[&quot;desktop&quot;,&quot;tablet&quot;,&quot;mobile&quot;]}\">\n\t\t\t\t\t<div class=\"e-con-inner\">\n\t\t<div class=\"elementor-element elementor-element-eafe78d e-con-full e-flex e-con e-child\" data-id=\"eafe78d\" data-element_type=\"container\" data-e-type=\"container\">\n\t\t<div class=\"elementor-element elementor-element-57afc98 e-con-full e-flex e-con e-child\" data-id=\"57afc98\" data-element_type=\"container\" data-e-type=\"container\">\n\t\t\t\t<div class=\"elementor-element elementor-element-eeb5378 elementor-widget__width-initial elementor-widget-mobile__width-inherit elementor-widget elementor-widget-image\" data-id=\"eeb5378\" data-element_type=\"widget\" data-e-type=\"widget\" data-widget_type=\"image.default\">\n\t\t\t\t<div class=\"elementor-widget-container\">\n\t\t\t\t\t\t\t\t\t\t\t\t\t\t\t<img decoding=\"async\" width=\"666\" height=\"1024\" src=\"https:\/\/www.chapelle-sainte-rita.com\/wp-content\/uploads\/2024\/09\/GuillaumeCharbonneau-666x1024.jpeg\" class=\"attachment-large size-large wp-image-5987\" alt=\"\" srcset=\"https:\/\/www.chapelle-sainte-rita.com\/wp-content\/uploads\/2024\/09\/GuillaumeCharbonneau-666x1024.jpeg 666w, https:\/\/www.chapelle-sainte-rita.com\/wp-content\/uploads\/2024\/09\/GuillaumeCharbonneau-195x300.jpeg 195w, https:\/\/www.chapelle-sainte-rita.com\/wp-content\/uploads\/2024\/09\/GuillaumeCharbonneau-768x1180.jpeg 768w, https:\/\/www.chapelle-sainte-rita.com\/wp-content\/uploads\/2024\/09\/GuillaumeCharbonneau-999x1536.jpeg 999w, https:\/\/www.chapelle-sainte-rita.com\/wp-content\/uploads\/2024\/09\/GuillaumeCharbonneau.jpeg 1041w\" sizes=\"(max-width: 666px) 100vw, 666px\" \/>\t\t\t\t\t\t\t\t\t\t\t\t\t\t\t<\/div>\n\t\t\t\t<\/div>\n\t\t<div class=\"elementor-element elementor-element-a809fa2 e-con-full e-flex e-con e-child\" data-id=\"a809fa2\" data-element_type=\"container\" data-e-type=\"container\">\n\t\t\t\t<div class=\"elementor-element elementor-element-66c0924 elementor-widget elementor-widget-text-editor\" data-id=\"66c0924\" data-element_type=\"widget\" data-e-type=\"widget\" data-settings=\"{&quot;motion_fx_motion_fx_scrolling&quot;:&quot;yes&quot;,&quot;motion_fx_translateY_effect&quot;:&quot;yes&quot;,&quot;motion_fx_translateY_speed&quot;:{&quot;unit&quot;:&quot;px&quot;,&quot;size&quot;:1,&quot;sizes&quot;:[]},&quot;motion_fx_translateY_affectedRange&quot;:{&quot;unit&quot;:&quot;%&quot;,&quot;size&quot;:&quot;&quot;,&quot;sizes&quot;:{&quot;start&quot;:15,&quot;end&quot;:35}},&quot;motion_fx_devices&quot;:[&quot;desktop&quot;,&quot;tablet&quot;,&quot;mobile&quot;]}\" data-widget_type=\"text-editor.default\">\n\t\t\t\t<div class=\"elementor-widget-container\">\n\t\t\t\t\t\t\t\t\t<p><strong>Padre Guillaume CHARBONNEAU omv  <\/strong><\/p>\n\t\t\t\t\t\t\t\t<\/div>\n\t\t\t\t<\/div>\n\t\t\t\t<div class=\"elementor-element elementor-element-9870fea elementor-widget elementor-widget-text-editor\" data-id=\"9870fea\" data-element_type=\"widget\" data-e-type=\"widget\" data-settings=\"{&quot;motion_fx_motion_fx_scrolling&quot;:&quot;yes&quot;,&quot;motion_fx_translateY_effect&quot;:&quot;yes&quot;,&quot;motion_fx_translateY_speed&quot;:{&quot;unit&quot;:&quot;px&quot;,&quot;size&quot;:1,&quot;sizes&quot;:[]},&quot;motion_fx_translateY_affectedRange&quot;:{&quot;unit&quot;:&quot;%&quot;,&quot;size&quot;:&quot;&quot;,&quot;sizes&quot;:{&quot;start&quot;:15,&quot;end&quot;:35}},&quot;motion_fx_devices&quot;:[&quot;desktop&quot;,&quot;tablet&quot;,&quot;mobile&quot;]}\" data-widget_type=\"text-editor.default\">\n\t\t\t\t<div class=\"elementor-widget-container\">\n\t\t\t\t\t\t\t\t\t<p>El padre Guillaume procede de Niza, en el sur de Francia, a orillas del Mediterr\u00e1neo, donde vivi\u00f3 hasta que ingres\u00f3 en el seminario. Es el menor de 5 hermanos. <\/p>\n\t\t\t\t\t\t\t\t<\/div>\n\t\t\t\t<\/div>\n\t\t\t\t<div class=\"elementor-element elementor-element-3960658 elementor-widget__width-initial elementor-widget elementor-widget-text-editor\" data-id=\"3960658\" data-element_type=\"widget\" data-e-type=\"widget\" data-settings=\"{&quot;motion_fx_motion_fx_scrolling&quot;:&quot;yes&quot;,&quot;motion_fx_translateY_effect&quot;:&quot;yes&quot;,&quot;motion_fx_translateY_speed&quot;:{&quot;unit&quot;:&quot;px&quot;,&quot;size&quot;:1,&quot;sizes&quot;:[]},&quot;motion_fx_translateY_affectedRange&quot;:{&quot;unit&quot;:&quot;%&quot;,&quot;size&quot;:&quot;&quot;,&quot;sizes&quot;:{&quot;start&quot;:15,&quot;end&quot;:35}},&quot;motion_fx_devices&quot;:[&quot;desktop&quot;,&quot;tablet&quot;,&quot;mobile&quot;]}\" data-widget_type=\"text-editor.default\">\n\t\t\t\t<div class=\"elementor-widget-container\">\n\t\t\t\t\t\t\t\t\t<p>Su trayectoria escolar le llev\u00f3 hasta el Bachillerato General, antes de cursar el Bachillerato T\u00e9cnico Superior (BTS) en Banca. Paralelamente a sus estudios, llevaba en el coraz\u00f3n la llamada incesante a hacerse religioso y sacerdote con los Oblatos de la Virgen Mar\u00eda (OMV). Discerni\u00f3 y fue acompa\u00f1ado por un sacerdote mientras se acercaba a Dios. Se sinti\u00f3 \u00abseducido\u00bb y fascinado por la Palabra de Dios, la amistad de Cristo y la belleza de la Iglesia.   <\/p>\n\t\t\t\t\t\t\t\t<\/div>\n\t\t\t\t<\/div>\n\t\t\t\t<\/div>\n\t\t\t\t<\/div>\n\t\t<div class=\"elementor-element elementor-element-6117298 e-con-full e-flex e-con e-child\" data-id=\"6117298\" data-element_type=\"container\" data-e-type=\"container\">\n\t\t<div class=\"elementor-element elementor-element-416bda3 e-con-full e-flex e-con e-child\" data-id=\"416bda3\" data-element_type=\"container\" data-e-type=\"container\">\n\t\t\t\t<div class=\"elementor-element elementor-element-d3a1e7e elementor-widget__width-initial elementor-widget elementor-widget-text-editor\" data-id=\"d3a1e7e\" data-element_type=\"widget\" data-e-type=\"widget\" data-settings=\"{&quot;motion_fx_motion_fx_scrolling&quot;:&quot;yes&quot;,&quot;motion_fx_translateY_effect&quot;:&quot;yes&quot;,&quot;motion_fx_translateY_speed&quot;:{&quot;unit&quot;:&quot;px&quot;,&quot;size&quot;:1,&quot;sizes&quot;:[]},&quot;motion_fx_translateY_affectedRange&quot;:{&quot;unit&quot;:&quot;%&quot;,&quot;size&quot;:&quot;&quot;,&quot;sizes&quot;:{&quot;start&quot;:15,&quot;end&quot;:35}},&quot;motion_fx_devices&quot;:[&quot;desktop&quot;,&quot;tablet&quot;,&quot;mobile&quot;]}\" data-widget_type=\"text-editor.default\">\n\t\t\t\t<div class=\"elementor-widget-container\">\n\t\t\t\t\t\t\t\t\t<p>Ingres\u00f3 en el seminario de los Oblatos de la Virgen Mar\u00eda de Roma en 2015 para comenzar su formaci\u00f3n como religioso y sacerdote. En la misma ciudad obtuvo la licenciatura en filosof\u00eda (tres a\u00f1os), tras lo cual march\u00f3 a Pignerol para completar su a\u00f1o de noviciado. Regres\u00f3 a Roma para comenzar sus estudios de teolog\u00eda, antes de volver a Francia para completarlos en el Centro Jesuita S\u00e8vres de Par\u00eds.  <\/p>\n<p>Hizo su profesi\u00f3n perpetua el 1 de noviembre de 2022 en la capilla-santuario de Sainte-Rita y fue ordenado di\u00e1cono el 7 de diciembre de 2022 en Niza. Fue ordenado sacerdote el 8 de octubre de 2023 en la capilla-santuario de Sainte-Rita en Fontenay-aux-Roses, donde ejerce su ministerio desde entonces. <\/p>\n\t\t\t\t\t\t\t\t<\/div>\n\t\t\t\t<\/div>\n\t\t\t\t<\/div>\n\t\t\t\t<\/div>\n\t\t\t\t<\/div>\n\t\t\t\t\t<\/div>\n\t\t\t\t<\/div>\n\t\t<div class=\"elementor-element elementor-element-67e10ee e-flex e-con-boxed e-con e-parent\" data-id=\"67e10ee\" data-element_type=\"container\" data-e-type=\"container\" data-settings=\"{&quot;background_background&quot;:&quot;classic&quot;,&quot;motion_fx_motion_fx_scrolling&quot;:&quot;yes&quot;,&quot;motion_fx_translateY_effect&quot;:&quot;yes&quot;,&quot;motion_fx_translateY_speed&quot;:{&quot;unit&quot;:&quot;px&quot;,&quot;size&quot;:1,&quot;sizes&quot;:[]},&quot;motion_fx_translateY_affectedRange&quot;:{&quot;unit&quot;:&quot;%&quot;,&quot;size&quot;:&quot;&quot;,&quot;sizes&quot;:{&quot;start&quot;:15,&quot;end&quot;:50}},&quot;motion_fx_opacity_effect&quot;:&quot;yes&quot;,&quot;motion_fx_opacity_range&quot;:{&quot;unit&quot;:&quot;%&quot;,&quot;size&quot;:&quot;&quot;,&quot;sizes&quot;:{&quot;start&quot;:15,&quot;end&quot;:35}},&quot;motion_fx_opacity_direction&quot;:&quot;out-in&quot;,&quot;motion_fx_opacity_level&quot;:{&quot;unit&quot;:&quot;px&quot;,&quot;size&quot;:10,&quot;sizes&quot;:[]},&quot;motion_fx_devices&quot;:[&quot;desktop&quot;,&quot;tablet&quot;,&quot;mobile&quot;]}\">\n\t\t\t\t\t<div class=\"e-con-inner\">\n\t\t<div class=\"elementor-element elementor-element-410e4e4 e-con-full e-flex e-con e-child\" data-id=\"410e4e4\" data-element_type=\"container\" data-e-type=\"container\">\n\t\t\t\t<div class=\"elementor-element elementor-element-cb03c9d elementor-widget elementor-widget-heading\" data-id=\"cb03c9d\" data-element_type=\"widget\" data-e-type=\"widget\" data-settings=\"{&quot;motion_fx_motion_fx_scrolling&quot;:&quot;yes&quot;,&quot;motion_fx_translateY_effect&quot;:&quot;yes&quot;,&quot;motion_fx_translateY_speed&quot;:{&quot;unit&quot;:&quot;px&quot;,&quot;size&quot;:1,&quot;sizes&quot;:[]},&quot;motion_fx_translateY_affectedRange&quot;:{&quot;unit&quot;:&quot;%&quot;,&quot;size&quot;:&quot;&quot;,&quot;sizes&quot;:{&quot;start&quot;:15,&quot;end&quot;:35}},&quot;motion_fx_opacity_effect&quot;:&quot;yes&quot;,&quot;motion_fx_opacity_range&quot;:{&quot;unit&quot;:&quot;%&quot;,&quot;size&quot;:&quot;&quot;,&quot;sizes&quot;:{&quot;start&quot;:10,&quot;end&quot;:25}},&quot;motion_fx_opacity_direction&quot;:&quot;out-in&quot;,&quot;motion_fx_opacity_level&quot;:{&quot;unit&quot;:&quot;px&quot;,&quot;size&quot;:10,&quot;sizes&quot;:[]},&quot;motion_fx_devices&quot;:[&quot;desktop&quot;,&quot;tablet&quot;,&quot;mobile&quot;]}\" data-widget_type=\"heading.default\">\n\t\t\t\t<div class=\"elementor-widget-container\">\n\t\t\t\t\t<h2 class=\"elementor-heading-title elementor-size-default\">Laicos<\/h2>\t\t\t\t<\/div>\n\t\t\t\t<\/div>\n\t\t\t\t<\/div>\n\t\t\t\t\t<\/div>\n\t\t\t\t<\/div>\n\t\t<div class=\"elementor-element elementor-element-2e98976 e-flex e-con-boxed e-con e-parent\" data-id=\"2e98976\" data-element_type=\"container\" data-e-type=\"container\" data-settings=\"{&quot;background_background&quot;:&quot;classic&quot;,&quot;motion_fx_motion_fx_scrolling&quot;:&quot;yes&quot;,&quot;motion_fx_translateY_effect&quot;:&quot;yes&quot;,&quot;motion_fx_translateY_speed&quot;:{&quot;unit&quot;:&quot;px&quot;,&quot;size&quot;:1,&quot;sizes&quot;:[]},&quot;motion_fx_translateY_affectedRange&quot;:{&quot;unit&quot;:&quot;%&quot;,&quot;size&quot;:&quot;&quot;,&quot;sizes&quot;:{&quot;start&quot;:15,&quot;end&quot;:50}},&quot;motion_fx_opacity_effect&quot;:&quot;yes&quot;,&quot;motion_fx_opacity_range&quot;:{&quot;unit&quot;:&quot;%&quot;,&quot;size&quot;:&quot;&quot;,&quot;sizes&quot;:{&quot;start&quot;:15,&quot;end&quot;:35}},&quot;motion_fx_opacity_direction&quot;:&quot;out-in&quot;,&quot;motion_fx_opacity_level&quot;:{&quot;unit&quot;:&quot;px&quot;,&quot;size&quot;:10,&quot;sizes&quot;:[]},&quot;motion_fx_devices&quot;:[&quot;desktop&quot;,&quot;tablet&quot;,&quot;mobile&quot;]}\">\n\t\t\t\t\t<div class=\"e-con-inner\">\n\t\t<div class=\"elementor-element elementor-element-f7fae34 e-con-full e-flex e-con e-child\" data-id=\"f7fae34\" data-element_type=\"container\" data-e-type=\"container\">\n\t\t<div class=\"elementor-element elementor-element-bd87f5f e-con-full e-flex e-con e-child\" data-id=\"bd87f5f\" data-element_type=\"container\" data-e-type=\"container\">\n\t\t\t\t<div class=\"elementor-element elementor-element-4bdbaf4 elementor-widget__width-initial elementor-widget elementor-widget-image\" data-id=\"4bdbaf4\" data-element_type=\"widget\" data-e-type=\"widget\" data-widget_type=\"image.default\">\n\t\t\t\t<div class=\"elementor-widget-container\">\n\t\t\t\t\t\t\t\t\t\t\t\t\t\t\t<img loading=\"lazy\" decoding=\"async\" width=\"768\" height=\"1024\" src=\"https:\/\/www.chapelle-sainte-rita.com\/wp-content\/uploads\/2024\/09\/Frere-Francesco-768x1024.jpg\" class=\"attachment-large size-large wp-image-6032\" alt=\"\" srcset=\"https:\/\/www.chapelle-sainte-rita.com\/wp-content\/uploads\/2024\/09\/Frere-Francesco-768x1024.jpg 768w, https:\/\/www.chapelle-sainte-rita.com\/wp-content\/uploads\/2024\/09\/Frere-Francesco-225x300.jpg 225w, https:\/\/www.chapelle-sainte-rita.com\/wp-content\/uploads\/2024\/09\/Frere-Francesco-1152x1536.jpg 1152w, https:\/\/www.chapelle-sainte-rita.com\/wp-content\/uploads\/2024\/09\/Frere-Francesco-1320x1760.jpg 1320w, https:\/\/www.chapelle-sainte-rita.com\/wp-content\/uploads\/2024\/09\/Frere-Francesco.jpg 1524w\" sizes=\"(max-width: 768px) 100vw, 768px\" \/>\t\t\t\t\t\t\t\t\t\t\t\t\t\t\t<\/div>\n\t\t\t\t<\/div>\n\t\t<div class=\"elementor-element elementor-element-db5a5bb e-con-full e-flex e-con e-child\" data-id=\"db5a5bb\" data-element_type=\"container\" data-e-type=\"container\">\n\t\t\t\t<div class=\"elementor-element elementor-element-850babc elementor-widget elementor-widget-text-editor\" data-id=\"850babc\" data-element_type=\"widget\" data-e-type=\"widget\" data-settings=\"{&quot;motion_fx_motion_fx_scrolling&quot;:&quot;yes&quot;,&quot;motion_fx_translateY_effect&quot;:&quot;yes&quot;,&quot;motion_fx_translateY_speed&quot;:{&quot;unit&quot;:&quot;px&quot;,&quot;size&quot;:1,&quot;sizes&quot;:[]},&quot;motion_fx_translateY_affectedRange&quot;:{&quot;unit&quot;:&quot;%&quot;,&quot;size&quot;:&quot;&quot;,&quot;sizes&quot;:{&quot;start&quot;:15,&quot;end&quot;:35}},&quot;motion_fx_devices&quot;:[&quot;desktop&quot;,&quot;tablet&quot;,&quot;mobile&quot;]}\" data-widget_type=\"text-editor.default\">\n\t\t\t\t<div class=\"elementor-widget-container\">\n\t\t\t\t\t\t\t\t\t<p><strong>Hermano Francesco Maria LOO omv<\/strong><\/p>\n\t\t\t\t\t\t\t\t<\/div>\n\t\t\t\t<\/div>\n\t\t\t\t<div class=\"elementor-element elementor-element-05ae6ed elementor-widget elementor-widget-text-editor\" data-id=\"05ae6ed\" data-element_type=\"widget\" data-e-type=\"widget\" data-settings=\"{&quot;motion_fx_motion_fx_scrolling&quot;:&quot;yes&quot;,&quot;motion_fx_translateY_effect&quot;:&quot;yes&quot;,&quot;motion_fx_translateY_speed&quot;:{&quot;unit&quot;:&quot;px&quot;,&quot;size&quot;:1,&quot;sizes&quot;:[]},&quot;motion_fx_translateY_affectedRange&quot;:{&quot;unit&quot;:&quot;%&quot;,&quot;size&quot;:&quot;&quot;,&quot;sizes&quot;:{&quot;start&quot;:15,&quot;end&quot;:35}},&quot;motion_fx_devices&quot;:[&quot;desktop&quot;,&quot;tablet&quot;,&quot;mobile&quot;]}\" data-widget_type=\"text-editor.default\">\n\t\t\t\t<div class=\"elementor-widget-container\">\n\t\t\t\t\t\t\t\t\t<p>Religioso oblato desde que hizo sus primeros votos, seg\u00fan los tres votos de pobreza, castidad y obediencia, comparte con todos sus hermanos religiosos la vida comunitaria y los retos contempor\u00e1neos de anunciar la Buena Nueva de Cristo siempre vivo. Transmite la vida del Esp\u00edritu seg\u00fan el carisma de los herederos del carisma de su Fundador, el Venerable Padre P\u00edo Bruno Lanteri. <\/p>\n<p>La vida del Hermano Francesco puede resumirse as\u00ed: naci\u00f3 en Malasia antes de emigrar a Italia a principios de los a\u00f1os ochenta. Sufri\u00f3 una profunda conversi\u00f3n y se bautiz\u00f3 de adulto, antes de ingresar en la O.M.V. Continu\u00f3 su formaci\u00f3n en Roma y Fontenay-aux-Roses: postulantado, noviciado, votos temporales y perpetuos. Vivi\u00f3 largas temporadas tanto en Italia como en Francia, asumiendo numerosas ocupaciones al servicio del bien com\u00fan.  <\/p>\n\t\t\t\t\t\t\t\t<\/div>\n\t\t\t\t<\/div>\n\t\t\t\t<\/div>\n\t\t\t\t<\/div>\n\t\t\t\t<\/div>\n\t\t\t\t\t<\/div>\n\t\t\t\t<\/div>\n\t\t<div class=\"elementor-element elementor-element-3c4c6c2 e-flex e-con-boxed e-con e-parent\" data-id=\"3c4c6c2\" data-element_type=\"container\" data-e-type=\"container\" data-settings=\"{&quot;background_background&quot;:&quot;classic&quot;,&quot;motion_fx_motion_fx_scrolling&quot;:&quot;yes&quot;,&quot;motion_fx_translateY_effect&quot;:&quot;yes&quot;,&quot;motion_fx_translateY_speed&quot;:{&quot;unit&quot;:&quot;px&quot;,&quot;size&quot;:1,&quot;sizes&quot;:[]},&quot;motion_fx_translateY_affectedRange&quot;:{&quot;unit&quot;:&quot;%&quot;,&quot;size&quot;:&quot;&quot;,&quot;sizes&quot;:{&quot;start&quot;:15,&quot;end&quot;:50}},&quot;motion_fx_opacity_effect&quot;:&quot;yes&quot;,&quot;motion_fx_opacity_range&quot;:{&quot;unit&quot;:&quot;%&quot;,&quot;size&quot;:&quot;&quot;,&quot;sizes&quot;:{&quot;start&quot;:15,&quot;end&quot;:35}},&quot;motion_fx_opacity_direction&quot;:&quot;out-in&quot;,&quot;motion_fx_opacity_level&quot;:{&quot;unit&quot;:&quot;px&quot;,&quot;size&quot;:10,&quot;sizes&quot;:[]},&quot;motion_fx_devices&quot;:[&quot;desktop&quot;,&quot;tablet&quot;,&quot;mobile&quot;]}\">\n\t\t\t\t\t<div class=\"e-con-inner\">\n\t\t<div class=\"elementor-element elementor-element-8ce1072 e-con-full e-flex e-con e-child\" data-id=\"8ce1072\" data-element_type=\"container\" data-e-type=\"container\">\n\t\t<div class=\"elementor-element elementor-element-8c15bc7 e-con-full e-flex e-con e-child\" data-id=\"8c15bc7\" data-element_type=\"container\" data-e-type=\"container\">\n\t\t\t\t<div class=\"elementor-element elementor-element-b9f91f7 elementor-widget__width-initial elementor-widget-mobile__width-inherit elementor-widget elementor-widget-image\" data-id=\"b9f91f7\" data-element_type=\"widget\" data-e-type=\"widget\" data-widget_type=\"image.default\">\n\t\t\t\t<div class=\"elementor-widget-container\">\n\t\t\t\t\t\t\t\t\t\t\t\t\t\t\t<img loading=\"lazy\" decoding=\"async\" width=\"236\" height=\"393\" src=\"https:\/\/www.chapelle-sainte-rita.com\/wp-content\/uploads\/2024\/09\/MmeLanquetot.jpeg\" class=\"attachment-large size-large wp-image-5981\" alt=\"\" srcset=\"https:\/\/www.chapelle-sainte-rita.com\/wp-content\/uploads\/2024\/09\/MmeLanquetot.jpeg 236w, https:\/\/www.chapelle-sainte-rita.com\/wp-content\/uploads\/2024\/09\/MmeLanquetot-180x300.jpeg 180w\" sizes=\"(max-width: 236px) 100vw, 236px\" \/>\t\t\t\t\t\t\t\t\t\t\t\t\t\t\t<\/div>\n\t\t\t\t<\/div>\n\t\t<div class=\"elementor-element elementor-element-fc71059 e-con-full e-flex e-con e-child\" data-id=\"fc71059\" data-element_type=\"container\" data-e-type=\"container\">\n\t\t\t\t<div class=\"elementor-element elementor-element-4c32c61 elementor-widget elementor-widget-text-editor\" data-id=\"4c32c61\" data-element_type=\"widget\" data-e-type=\"widget\" data-settings=\"{&quot;motion_fx_motion_fx_scrolling&quot;:&quot;yes&quot;,&quot;motion_fx_translateY_effect&quot;:&quot;yes&quot;,&quot;motion_fx_translateY_speed&quot;:{&quot;unit&quot;:&quot;px&quot;,&quot;size&quot;:1,&quot;sizes&quot;:[]},&quot;motion_fx_translateY_affectedRange&quot;:{&quot;unit&quot;:&quot;%&quot;,&quot;size&quot;:&quot;&quot;,&quot;sizes&quot;:{&quot;start&quot;:15,&quot;end&quot;:35}},&quot;motion_fx_devices&quot;:[&quot;desktop&quot;,&quot;tablet&quot;,&quot;mobile&quot;]}\" data-widget_type=\"text-editor.default\">\n\t\t\t\t<div class=\"elementor-widget-container\">\n\t\t\t\t\t\t\t\t\t<p><strong>Sra. Emilie LANQUETOT  <\/strong><\/p>\n\t\t\t\t\t\t\t\t<\/div>\n\t\t\t\t<\/div>\n\t\t\t\t<div class=\"elementor-element elementor-element-7d5dad9 elementor-widget elementor-widget-text-editor\" data-id=\"7d5dad9\" data-element_type=\"widget\" data-e-type=\"widget\" data-settings=\"{&quot;motion_fx_motion_fx_scrolling&quot;:&quot;yes&quot;,&quot;motion_fx_translateY_effect&quot;:&quot;yes&quot;,&quot;motion_fx_translateY_speed&quot;:{&quot;unit&quot;:&quot;px&quot;,&quot;size&quot;:1,&quot;sizes&quot;:[]},&quot;motion_fx_translateY_affectedRange&quot;:{&quot;unit&quot;:&quot;%&quot;,&quot;size&quot;:&quot;&quot;,&quot;sizes&quot;:{&quot;start&quot;:15,&quot;end&quot;:35}},&quot;motion_fx_devices&quot;:[&quot;desktop&quot;,&quot;tablet&quot;,&quot;mobile&quot;]}\" data-widget_type=\"text-editor.default\">\n\t\t\t\t<div class=\"elementor-widget-container\">\n\t\t\t\t\t\t\t\t\t<p><em>Responsable de Desarrollo del Santuario<\/em><\/p>\n\t\t\t\t\t\t\t\t<\/div>\n\t\t\t\t<\/div>\n\t\t\t\t<div class=\"elementor-element elementor-element-5c0146d elementor-widget elementor-widget-text-editor\" data-id=\"5c0146d\" data-element_type=\"widget\" data-e-type=\"widget\" data-settings=\"{&quot;motion_fx_motion_fx_scrolling&quot;:&quot;yes&quot;,&quot;motion_fx_translateY_effect&quot;:&quot;yes&quot;,&quot;motion_fx_translateY_speed&quot;:{&quot;unit&quot;:&quot;px&quot;,&quot;size&quot;:1,&quot;sizes&quot;:[]},&quot;motion_fx_translateY_affectedRange&quot;:{&quot;unit&quot;:&quot;%&quot;,&quot;size&quot;:&quot;&quot;,&quot;sizes&quot;:{&quot;start&quot;:15,&quot;end&quot;:35}},&quot;motion_fx_devices&quot;:[&quot;desktop&quot;,&quot;tablet&quot;,&quot;mobile&quot;]}\" data-widget_type=\"text-editor.default\">\n\t\t\t\t<div class=\"elementor-widget-container\">\n\t\t\t\t\t\t\t\t\t<p>Originaria de Normand\u00eda y Midi-toulousain por parte de sus padres, Emilie naci\u00f3 en Par\u00eds, donde creci\u00f3 y estudi\u00f3. Est\u00e1 casada con Rapha\u00ebl desde hace 20 a\u00f1os, tienen cuatro hijos de entre 7 y 18 a\u00f1os y viven en Fontenay-aux-Roses desde hace 20 a\u00f1os. Son fieles miembros de la parroquia Saint-Pierre Saint-Paul y de la capilla Sainte-Rita. El padre Fran\u00e7ois bautiz\u00f3 a tres de sus hijos.   <\/p>\n<p>Emilie tiene un M\u00e1ster en Historia Contempor\u00e1nea por la Sorbona y un DESS (M\u00e1ster) en \u00abprofesiones del patrimonio\u00bb. Trabaj\u00f3 durante 2 a\u00f1os para Herm\u00e8s Sellier en el departamento de patrimonio cultural.<\/p>\n\t\t\t\t\t\t\t\t<\/div>\n\t\t\t\t<\/div>\n\t\t\t\t<\/div>\n\t\t\t\t<\/div>\n\t\t<div class=\"elementor-element elementor-element-6a6eee9 e-con-full e-flex e-con e-child\" data-id=\"6a6eee9\" data-element_type=\"container\" data-e-type=\"container\">\n\t\t<div class=\"elementor-element elementor-element-1afcd65 e-con-full e-flex e-con e-child\" data-id=\"1afcd65\" data-element_type=\"container\" data-e-type=\"container\">\n\t\t\t\t<div class=\"elementor-element elementor-element-615e8a2 elementor-widget__width-initial elementor-widget elementor-widget-text-editor\" data-id=\"615e8a2\" data-element_type=\"widget\" data-e-type=\"widget\" data-settings=\"{&quot;motion_fx_motion_fx_scrolling&quot;:&quot;yes&quot;,&quot;motion_fx_translateY_effect&quot;:&quot;yes&quot;,&quot;motion_fx_translateY_speed&quot;:{&quot;unit&quot;:&quot;px&quot;,&quot;size&quot;:1,&quot;sizes&quot;:[]},&quot;motion_fx_translateY_affectedRange&quot;:{&quot;unit&quot;:&quot;%&quot;,&quot;size&quot;:&quot;&quot;,&quot;sizes&quot;:{&quot;start&quot;:15,&quot;end&quot;:35}},&quot;motion_fx_devices&quot;:[&quot;desktop&quot;,&quot;tablet&quot;,&quot;mobile&quot;]}\" data-widget_type=\"text-editor.default\">\n\t\t\t\t<div class=\"elementor-widget-container\">\n\t\t\t\t\t\t\t\t\t<p>Tras el nacimiento de su hijo mayor, Emilie opt\u00f3 por dejar su trabajo para ocuparse de \u00e9l, despu\u00e9s nacieron dos hijas y durante unos diez a\u00f1os fue ama de casa. Ha sido voluntaria en la escuela de sus hijos (ayudante de profesor, miembro del consejo escolar, consejera pastoral), en la parroquia (despertar a la fe, catequesis, preparaci\u00f3n a la Primera Comuni\u00f3n, animaci\u00f3n de la Misa) y ha realizado la formaci\u00f3n inicial de catequistas de la di\u00f3cesis de Nanterre.   <\/p>\n<p>Despu\u00e9s trabaj\u00f3 como V.D.I. (vendedora independiente puerta a puerta) durante 5 a\u00f1os. Al mismo tiempo, tras trabajar como voluntaria en la escuela de sus hijos, la contrataron como agente de pastoral escolar. Al preferir este camino, abandon\u00f3 la venta a domicilio y quiso formarse en este campo. En 2021, obtuvo el Diploma Universitario de Animadora Pastoral Escolar (DU-APS) del Instituto Cat\u00f3lico de Par\u00eds (ICP), as\u00ed como la certificaci\u00f3n de \u00abEncargada de misi\u00f3n pastoral\u00bb (t\u00edtulo R.N.C.P.), tras lo cual pas\u00f3 a formarse en el Instituto Superior de Ciencias Religiosas (IER), donde obtuvo el Diploma Universitario de Estudios Religiosos. Contin\u00faa sus estudios con vistas a obtener el Bachillerato can\u00f3nico en Ciencias Religiosas.    <\/p>\n\t\t\t\t\t\t\t\t<\/div>\n\t\t\t\t<\/div>\n\t\t\t\t<\/div>\n\t\t<div class=\"elementor-element elementor-element-b6bf339 e-con-full e-flex e-con e-child\" data-id=\"b6bf339\" data-element_type=\"container\" data-e-type=\"container\">\n\t\t\t\t<div class=\"elementor-element elementor-element-05da75a elementor-widget__width-inherit elementor-widget elementor-widget-text-editor\" data-id=\"05da75a\" data-element_type=\"widget\" data-e-type=\"widget\" data-settings=\"{&quot;motion_fx_motion_fx_scrolling&quot;:&quot;yes&quot;,&quot;motion_fx_translateY_effect&quot;:&quot;yes&quot;,&quot;motion_fx_translateY_speed&quot;:{&quot;unit&quot;:&quot;px&quot;,&quot;size&quot;:1,&quot;sizes&quot;:[]},&quot;motion_fx_translateY_affectedRange&quot;:{&quot;unit&quot;:&quot;%&quot;,&quot;size&quot;:&quot;&quot;,&quot;sizes&quot;:{&quot;start&quot;:15,&quot;end&quot;:35}},&quot;motion_fx_devices&quot;:[&quot;desktop&quot;,&quot;tablet&quot;,&quot;mobile&quot;]}\" data-widget_type=\"text-editor.default\">\n\t\t\t\t<div class=\"elementor-widget-container\">\n\t\t\t\t\t\t\t\t\t<p>Desde muy joven, \u00c9milie ha participado como voluntaria en varios movimientos juveniles: L&#8217;Eau Vive y la Association des Guides et Scouts d&#8217;Europe (A.G.S.E.). De 2013 a 2019, ella y su marido participaron en el equipo de servicio a las vocaciones de la di\u00f3cesis de Nanterre (del que tambi\u00e9n formaba parte el padre Fran\u00e7ois), como c\u00f3nyuges, para dar testimonio de la vocaci\u00f3n del matrimonio. Desde 2018, est\u00e1n muy implicados en el escultismo, y m\u00e1s concretamente en la asociaci\u00f3n Gu\u00edas y Scouts de Europa, donde han elegido prestar su servicio.  <\/p>\n<p>\u00c9milie se ha unido a los Oblatos de la Virgen Mar\u00eda para ayudarles en el desarrollo del santuario, su animaci\u00f3n y los retos a los que se enfrenta. Supervisar\u00e1 las actividades de la Boutique y las peregrinaciones. <\/p>\n\t\t\t\t\t\t\t\t<\/div>\n\t\t\t\t<\/div>\n\t\t\t\t<\/div>\n\t\t\t\t<\/div>\n\t\t\t\t<\/div>\n\t\t\t\t\t<\/div>\n\t\t\t\t<\/div>\n\t\t<div class=\"elementor-element elementor-element-93032b5 e-flex e-con-boxed e-con e-parent\" data-id=\"93032b5\" data-element_type=\"container\" data-e-type=\"container\">\n\t\t\t\t\t<div class=\"e-con-inner\">\n\t\t\t\t<div class=\"elementor-element elementor-element-ea513fe elementor-widget__width-inherit elementor-widget elementor-widget-shortcode\" data-id=\"ea513fe\" data-element_type=\"widget\" data-e-type=\"widget\" data-widget_type=\"shortcode.default\">\n\t\t\t\t<div class=\"elementor-widget-container\">\n\t\t\t\t\t\t\t<div class=\"elementor-shortcode\">\t\t<div data-elementor-type=\"section\" data-elementor-id=\"11500\" class=\"elementor elementor-11500 elementor-5035\" data-elementor-post-type=\"elementor_library\">\n\t\t\t<div class=\"elementor-element elementor-element-2e4e673 e-flex e-con-boxed e-con e-parent\" data-id=\"2e4e673\" data-element_type=\"container\" data-e-type=\"container\" data-settings=\"{&quot;background_background&quot;:&quot;classic&quot;}\">\n\t\t\t\t\t<div class=\"e-con-inner\">\n\t\t<div class=\"elementor-element elementor-element-2267b45 e-con-full e-flex e-con e-child\" data-id=\"2267b45\" data-element_type=\"container\" data-e-type=\"container\" data-settings=\"{&quot;motion_fx_motion_fx_scrolling&quot;:&quot;yes&quot;,&quot;motion_fx_translateY_effect&quot;:&quot;yes&quot;,&quot;motion_fx_translateY_speed&quot;:{&quot;unit&quot;:&quot;px&quot;,&quot;size&quot;:1,&quot;sizes&quot;:[]},&quot;motion_fx_translateY_affectedRange&quot;:{&quot;unit&quot;:&quot;%&quot;,&quot;size&quot;:&quot;&quot;,&quot;sizes&quot;:{&quot;start&quot;:15,&quot;end&quot;:50}},&quot;motion_fx_opacity_effect&quot;:&quot;yes&quot;,&quot;motion_fx_opacity_range&quot;:{&quot;unit&quot;:&quot;%&quot;,&quot;size&quot;:&quot;&quot;,&quot;sizes&quot;:{&quot;start&quot;:20,&quot;end&quot;:35}},&quot;motion_fx_opacity_direction&quot;:&quot;out-in&quot;,&quot;motion_fx_opacity_level&quot;:{&quot;unit&quot;:&quot;px&quot;,&quot;size&quot;:10,&quot;sizes&quot;:[]},&quot;motion_fx_devices&quot;:[&quot;desktop&quot;,&quot;tablet&quot;,&quot;mobile&quot;]}\">\n\t\t\t\t<div class=\"elementor-element elementor-element-da14a5a elementor-view-default elementor-position-block-start elementor-mobile-position-block-start elementor-widget elementor-widget-icon-box\" data-id=\"da14a5a\" data-element_type=\"widget\" data-e-type=\"widget\" data-widget_type=\"icon-box.default\">\n\t\t\t\t<div class=\"elementor-widget-container\">\n\t\t\t\t\t\t\t<div class=\"elementor-icon-box-wrapper\">\n\n\t\t\t\t\t\t<div class=\"elementor-icon-box-icon\">\n\t\t\t\t<span  class=\"elementor-icon\">\n\t\t\t\t<i aria-hidden=\"true\" class=\"fas fa-heart\"><\/i>\t\t\t\t<\/span>\n\t\t\t<\/div>\n\t\t\t\n\t\t\t\t\t\t<div class=\"elementor-icon-box-content\">\n\n\t\t\t\t\t\t\t\t\t<h3 class=\"elementor-icon-box-title\">\n\t\t\t\t\t\t<span  >\n\t\t\t\t\t\t\tApoya tu santuario\t\t\t\t\t\t<\/span>\n\t\t\t\t\t<\/h3>\n\t\t\t\t\n\t\t\t\t\t\t\t\t\t<p class=\"elementor-icon-box-description\">\n\t\t\t\t\t\tTu apoyo nos ayuda a continuar las diversas actividades de este lugar de santuario.\t\t\t\t\t<\/p>\n\t\t\t\t\n\t\t\t<\/div>\n\t\t\t\n\t\t<\/div>\n\t\t\t\t\t\t<\/div>\n\t\t\t\t<\/div>\n\t\t\t\t<div class=\"elementor-element elementor-element-14ff39d elementor-widget elementor-widget-button\" data-id=\"14ff39d\" data-element_type=\"widget\" data-e-type=\"widget\" data-widget_type=\"button.default\">\n\t\t\t\t<div class=\"elementor-widget-container\">\n\t\t\t\t\t\t\t\t\t<div class=\"elementor-button-wrapper\">\n\t\t\t\t\t<a class=\"elementor-button elementor-button-link elementor-size-sm\" href=\"https:\/\/www.chapelle-sainte-rita.com\/es\/apoya-tu-santuario\/\">\n\t\t\t\t\t\t<span class=\"elementor-button-content-wrapper\">\n\t\t\t\t\t\t\t\t\t<span class=\"elementor-button-text\">Hago una donaci\u00f3n<\/span>\n\t\t\t\t\t<\/span>\n\t\t\t\t\t<\/a>\n\t\t\t\t<\/div>\n\t\t\t\t\t\t\t\t<\/div>\n\t\t\t\t<\/div>\n\t\t\t\t<\/div>\n\t\t<div class=\"elementor-element elementor-element-1f23f9a e-con-full e-flex e-con e-child\" data-id=\"1f23f9a\" data-element_type=\"container\" data-e-type=\"container\" data-settings=\"{&quot;motion_fx_motion_fx_scrolling&quot;:&quot;yes&quot;,&quot;motion_fx_translateY_effect&quot;:&quot;yes&quot;,&quot;motion_fx_translateY_speed&quot;:{&quot;unit&quot;:&quot;px&quot;,&quot;size&quot;:1,&quot;sizes&quot;:[]},&quot;motion_fx_translateY_affectedRange&quot;:{&quot;unit&quot;:&quot;%&quot;,&quot;size&quot;:&quot;&quot;,&quot;sizes&quot;:{&quot;start&quot;:15,&quot;end&quot;:50}},&quot;motion_fx_opacity_effect&quot;:&quot;yes&quot;,&quot;motion_fx_opacity_range&quot;:{&quot;unit&quot;:&quot;%&quot;,&quot;size&quot;:&quot;&quot;,&quot;sizes&quot;:{&quot;start&quot;:20,&quot;end&quot;:35}},&quot;motion_fx_opacity_direction&quot;:&quot;out-in&quot;,&quot;motion_fx_opacity_level&quot;:{&quot;unit&quot;:&quot;px&quot;,&quot;size&quot;:10,&quot;sizes&quot;:[]},&quot;motion_fx_devices&quot;:[&quot;desktop&quot;,&quot;tablet&quot;,&quot;mobile&quot;]}\">\n\t\t\t\t<div class=\"elementor-element elementor-element-7e2248e elementor-view-default elementor-position-block-start elementor-mobile-position-block-start elementor-widget elementor-widget-icon-box\" data-id=\"7e2248e\" data-element_type=\"widget\" data-e-type=\"widget\" data-widget_type=\"icon-box.default\">\n\t\t\t\t<div class=\"elementor-widget-container\">\n\t\t\t\t\t\t\t<div class=\"elementor-icon-box-wrapper\">\n\n\t\t\t\t\t\t<div class=\"elementor-icon-box-icon\">\n\t\t\t\t<span  class=\"elementor-icon\">\n\t\t\t\t<i aria-hidden=\"true\" class=\"fas fa-church\"><\/i>\t\t\t\t<\/span>\n\t\t\t<\/div>\n\t\t\t\n\t\t\t\t\t\t<div class=\"elementor-icon-box-content\">\n\n\t\t\t\t\t\t\t\t\t<h3 class=\"elementor-icon-box-title\">\n\t\t\t\t\t\t<span  >\n\t\t\t\t\t\t\tContribuci\u00f3n a la Misa\t\t\t\t\t\t<\/span>\n\t\t\t\t\t<\/h3>\n\t\t\t\t\n\t\t\t\t\t\t\t\t\t<p class=\"elementor-icon-box-description\">\n\t\t\t\t\t\tPide al Santuario de Santa Rita una misa por tus intenciones, conmemorando la Eucarist\u00eda y la presencia de Cristo.\t\t\t\t\t<\/p>\n\t\t\t\t\n\t\t\t<\/div>\n\t\t\t\n\t\t<\/div>\n\t\t\t\t\t\t<\/div>\n\t\t\t\t<\/div>\n\t\t\t\t<div class=\"elementor-element elementor-element-0ff7f2d elementor-widget elementor-widget-button\" data-id=\"0ff7f2d\" data-element_type=\"widget\" data-e-type=\"widget\" data-widget_type=\"button.default\">\n\t\t\t\t<div class=\"elementor-widget-container\">\n\t\t\t\t\t\t\t\t\t<div class=\"elementor-button-wrapper\">\n\t\t\t\t\t<a class=\"elementor-button elementor-button-link elementor-size-sm\" href=\"https:\/\/www.chapelle-sainte-rita.com\/es\/ofrendas-de-misa\/\">\n\t\t\t\t\t\t<span class=\"elementor-button-content-wrapper\">\n\t\t\t\t\t\t\t\t\t<span class=\"elementor-button-text\">Ofrendas de misa<\/span>\n\t\t\t\t\t<\/span>\n\t\t\t\t\t<\/a>\n\t\t\t\t<\/div>\n\t\t\t\t\t\t\t\t<\/div>\n\t\t\t\t<\/div>\n\t\t\t\t<\/div>\n\t\t<div class=\"elementor-element elementor-element-ef3b353 e-con-full e-flex e-con e-child\" data-id=\"ef3b353\" data-element_type=\"container\" data-e-type=\"container\" data-settings=\"{&quot;motion_fx_motion_fx_scrolling&quot;:&quot;yes&quot;,&quot;motion_fx_translateY_effect&quot;:&quot;yes&quot;,&quot;motion_fx_translateY_speed&quot;:{&quot;unit&quot;:&quot;px&quot;,&quot;size&quot;:1,&quot;sizes&quot;:[]},&quot;motion_fx_translateY_affectedRange&quot;:{&quot;unit&quot;:&quot;%&quot;,&quot;size&quot;:&quot;&quot;,&quot;sizes&quot;:{&quot;start&quot;:15,&quot;end&quot;:50}},&quot;motion_fx_opacity_effect&quot;:&quot;yes&quot;,&quot;motion_fx_opacity_range&quot;:{&quot;unit&quot;:&quot;%&quot;,&quot;size&quot;:&quot;&quot;,&quot;sizes&quot;:{&quot;start&quot;:20,&quot;end&quot;:35}},&quot;motion_fx_opacity_direction&quot;:&quot;out-in&quot;,&quot;motion_fx_opacity_level&quot;:{&quot;unit&quot;:&quot;px&quot;,&quot;size&quot;:10,&quot;sizes&quot;:[]},&quot;motion_fx_devices&quot;:[&quot;desktop&quot;,&quot;tablet&quot;,&quot;mobile&quot;]}\">\n\t\t\t\t<div class=\"elementor-element elementor-element-ad4cba9 elementor-view-default elementor-position-block-start elementor-mobile-position-block-start elementor-widget elementor-widget-icon-box\" data-id=\"ad4cba9\" data-element_type=\"widget\" data-e-type=\"widget\" data-widget_type=\"icon-box.default\">\n\t\t\t\t<div class=\"elementor-widget-container\">\n\t\t\t\t\t\t\t<div class=\"elementor-icon-box-wrapper\">\n\n\t\t\t\t\t\t<div class=\"elementor-icon-box-icon\">\n\t\t\t\t<span  class=\"elementor-icon\">\n\t\t\t\t<i aria-hidden=\"true\" class=\"fas fa-fire\"><\/i>\t\t\t\t<\/span>\n\t\t\t<\/div>\n\t\t\t\n\t\t\t\t\t\t<div class=\"elementor-icon-box-content\">\n\n\t\t\t\t\t\t\t\t\t<h3 class=\"elementor-icon-box-title\">\n\t\t\t\t\t\t<span  >\n\t\t\t\t\t\t\tEncender una vela\t\t\t\t\t\t<\/span>\n\t\t\t\t\t<\/h3>\n\t\t\t\t\n\t\t\t\t\t\t\t\t\t<p class=\"elementor-icon-box-description\">\n\t\t\t\t\t\tLas velas arden continuamente, simbolizando nuestras oraciones y agradecimientos para que nuestras vidas se conviertan en luz.\t\t\t\t\t<\/p>\n\t\t\t\t\n\t\t\t<\/div>\n\t\t\t\n\t\t<\/div>\n\t\t\t\t\t\t<\/div>\n\t\t\t\t<\/div>\n\t\t\t\t<div class=\"elementor-element elementor-element-19e16eb elementor-widget elementor-widget-button\" data-id=\"19e16eb\" data-element_type=\"widget\" data-e-type=\"widget\" data-widget_type=\"button.default\">\n\t\t\t\t<div class=\"elementor-widget-container\">\n\t\t\t\t\t\t\t\t\t<div class=\"elementor-button-wrapper\">\n\t\t\t\t\t<a class=\"elementor-button elementor-button-link elementor-size-sm\" href=\"https:\/\/www.chapelle-sainte-rita.com\/es\/coloca-una-vela\/\">\n\t\t\t\t\t\t<span class=\"elementor-button-content-wrapper\">\n\t\t\t\t\t\t\t\t\t<span class=\"elementor-button-text\">Encender una vela<\/span>\n\t\t\t\t\t<\/span>\n\t\t\t\t\t<\/a>\n\t\t\t\t<\/div>\n\t\t\t\t\t\t\t\t<\/div>\n\t\t\t\t<\/div>\n\t\t\t\t<\/div>\n\t\t<div class=\"elementor-element elementor-element-6021f1a e-con-full e-flex e-con e-child\" data-id=\"6021f1a\" data-element_type=\"container\" data-e-type=\"container\" data-settings=\"{&quot;motion_fx_motion_fx_scrolling&quot;:&quot;yes&quot;,&quot;motion_fx_translateY_effect&quot;:&quot;yes&quot;,&quot;motion_fx_translateY_speed&quot;:{&quot;unit&quot;:&quot;px&quot;,&quot;size&quot;:1,&quot;sizes&quot;:[]},&quot;motion_fx_translateY_affectedRange&quot;:{&quot;unit&quot;:&quot;%&quot;,&quot;size&quot;:&quot;&quot;,&quot;sizes&quot;:{&quot;start&quot;:15,&quot;end&quot;:50}},&quot;motion_fx_opacity_effect&quot;:&quot;yes&quot;,&quot;motion_fx_opacity_range&quot;:{&quot;unit&quot;:&quot;%&quot;,&quot;size&quot;:&quot;&quot;,&quot;sizes&quot;:{&quot;start&quot;:20,&quot;end&quot;:35}},&quot;motion_fx_opacity_direction&quot;:&quot;out-in&quot;,&quot;motion_fx_opacity_level&quot;:{&quot;unit&quot;:&quot;px&quot;,&quot;size&quot;:10,&quot;sizes&quot;:[]},&quot;motion_fx_devices&quot;:[&quot;desktop&quot;,&quot;tablet&quot;,&quot;mobile&quot;]}\">\n\t\t\t\t<div class=\"elementor-element elementor-element-b7861b9 elementor-view-default elementor-position-block-start elementor-mobile-position-block-start elementor-widget elementor-widget-icon-box\" data-id=\"b7861b9\" data-element_type=\"widget\" data-e-type=\"widget\" data-widget_type=\"icon-box.default\">\n\t\t\t\t<div class=\"elementor-widget-container\">\n\t\t\t\t\t\t\t<div class=\"elementor-icon-box-wrapper\">\n\n\t\t\t\t\t\t<div class=\"elementor-icon-box-icon\">\n\t\t\t\t<span  class=\"elementor-icon\">\n\t\t\t\t<i aria-hidden=\"true\" class=\"fas fa-hand-holding-heart\"><\/i>\t\t\t\t<\/span>\n\t\t\t<\/div>\n\t\t\t\n\t\t\t\t\t\t<div class=\"elementor-icon-box-content\">\n\n\t\t\t\t\t\t\t\t\t<h3 class=\"elementor-icon-box-title\">\n\t\t\t\t\t\t<span  >\n\t\t\t\t\t\t\tIntenci\u00f3n de oraci\u00f3n\t\t\t\t\t\t<\/span>\n\t\t\t\t\t<\/h3>\n\t\t\t\t\n\t\t\t\t\t\t\t\t\t<p class=\"elementor-icon-box-description\">\n\t\t\t\t\t\tSanta Rita, patrona de las causas perdidas, acoge tus intenciones y agradecimientos, y que la caridad fraterna fortalezca nuestras oraciones.\t\t\t\t\t<\/p>\n\t\t\t\t\n\t\t\t<\/div>\n\t\t\t\n\t\t<\/div>\n\t\t\t\t\t\t<\/div>\n\t\t\t\t<\/div>\n\t\t\t\t<div class=\"elementor-element elementor-element-2a9d77f elementor-widget elementor-widget-button\" data-id=\"2a9d77f\" data-element_type=\"widget\" data-e-type=\"widget\" data-widget_type=\"button.default\">\n\t\t\t\t<div class=\"elementor-widget-container\">\n\t\t\t\t\t\t\t\t\t<div class=\"elementor-button-wrapper\">\n\t\t\t\t\t<a class=\"elementor-button elementor-button-link elementor-size-sm\" href=\"https:\/\/www.chapelle-sainte-rita.com\/es\/intencion-de-oracion\/\">\n\t\t\t\t\t\t<span class=\"elementor-button-content-wrapper\">\n\t\t\t\t\t\t\t\t\t<span class=\"elementor-button-text\">Escribo una intenci\u00f3n<\/span>\n\t\t\t\t\t<\/span>\n\t\t\t\t\t<\/a>\n\t\t\t\t<\/div>\n\t\t\t\t\t\t\t\t<\/div>\n\t\t\t\t<\/div>\n\t\t\t\t<\/div>\n\t\t\t\t\t<\/div>\n\t\t\t\t<\/div>\n\t\t\t\t<\/div>\n\t\t<\/div>\n\t\t\t\t\t\t<\/div>\n\t\t\t\t<\/div>\n\t\t\t\t\t<\/div>\n\t\t\t\t<\/div>\n\t\t\t\t<\/div>\n\t\t","protected":false},"excerpt":{"rendered":"<p>El Santuario hoy En su carta pastoral del 1 de junio de 2020, Mons. Matthieu ROUGE, obispo de Nanterre, escribi\u00f3 lo siguiente: \u00abDebemos ir cada vez m\u00e1s lejos en las propuestas espirituales y en la formaci\u00f3n con vistas a la misi\u00f3n y a la implicaci\u00f3n creativa en la ciudad\u00bb.. Pero a\u00f1adi\u00f3 que esperaba que los [&hellip;]<\/p>\n","protected":false},"author":1,"featured_media":0,"parent":0,"menu_order":0,"comment_status":"closed","ping_status":"closed","template":"","meta":{"footnotes":""},"class_list":["post-6281","page","type-page","status-publish","hentry"],"_links":{"self":[{"href":"https:\/\/www.chapelle-sainte-rita.com\/es\/wp-json\/wp\/v2\/pages\/6281","targetHints":{"allow":["GET"]}}],"collection":[{"href":"https:\/\/www.chapelle-sainte-rita.com\/es\/wp-json\/wp\/v2\/pages"}],"about":[{"href":"https:\/\/www.chapelle-sainte-rita.com\/es\/wp-json\/wp\/v2\/types\/page"}],"author":[{"embeddable":true,"href":"https:\/\/www.chapelle-sainte-rita.com\/es\/wp-json\/wp\/v2\/users\/1"}],"replies":[{"embeddable":true,"href":"https:\/\/www.chapelle-sainte-rita.com\/es\/wp-json\/wp\/v2\/comments?post=6281"}],"version-history":[{"count":3,"href":"https:\/\/www.chapelle-sainte-rita.com\/es\/wp-json\/wp\/v2\/pages\/6281\/revisions"}],"predecessor-version":[{"id":8295,"href":"https:\/\/www.chapelle-sainte-rita.com\/es\/wp-json\/wp\/v2\/pages\/6281\/revisions\/8295"}],"wp:attachment":[{"href":"https:\/\/www.chapelle-sainte-rita.com\/es\/wp-json\/wp\/v2\/media?parent=6281"}],"curies":[{"name":"wp","href":"https:\/\/api.w.org\/{rel}","templated":true}]}}