{"id":6366,"date":"2024-08-13T10:52:07","date_gmt":"2024-08-13T08:52:07","guid":{"rendered":"https:\/\/www.chapelle-sainte-rita.com\/horario\/"},"modified":"2025-03-13T11:32:37","modified_gmt":"2025-03-13T10:32:37","slug":"horario","status":"publish","type":"page","link":"https:\/\/www.chapelle-sainte-rita.com\/es\/horario\/","title":{"rendered":"Horario"},"content":{"rendered":"\t\t<div data-elementor-type=\"wp-page\" data-elementor-id=\"6366\" class=\"elementor elementor-6366 elementor-3746\" data-elementor-post-type=\"page\">\n\t\t\t\t<div class=\"elementor-element elementor-element-0a94031 e-flex e-con-boxed e-con e-parent\" data-id=\"0a94031\" data-element_type=\"container\" data-e-type=\"container\" data-settings=\"{&quot;background_background&quot;:&quot;classic&quot;}\">\n\t\t\t\t\t<div class=\"e-con-inner\">\n\t\t\t\t<div class=\"elementor-element elementor-element-ff40a34 elementor-widget elementor-widget-heading\" data-id=\"ff40a34\" data-element_type=\"widget\" data-e-type=\"widget\" data-widget_type=\"heading.default\">\n\t\t\t\t<div class=\"elementor-widget-container\">\n\t\t\t\t\t<h2 class=\"elementor-heading-title elementor-size-default\">Horarios fijos<\/h2>\t\t\t\t<\/div>\n\t\t\t\t<\/div>\n\t\t\t\t\t<\/div>\n\t\t\t\t<\/div>\n\t\t<div class=\"elementor-element elementor-element-0106045 e-flex e-con-boxed e-con e-parent\" data-id=\"0106045\" data-element_type=\"container\" data-e-type=\"container\">\n\t\t\t\t\t<div class=\"e-con-inner\">\n\t\t<div class=\"elementor-element elementor-element-53058ac e-con-full e-flex e-con e-child\" data-id=\"53058ac\" data-element_type=\"container\" data-e-type=\"container\">\n\t\t\t\t<div class=\"elementor-element elementor-element-5b05d83 elementor-widget elementor-widget-heading\" data-id=\"5b05d83\" data-element_type=\"widget\" data-e-type=\"widget\" data-widget_type=\"heading.default\">\n\t\t\t\t<div class=\"elementor-widget-container\">\n\t\t\t\t\t<h2 class=\"elementor-heading-title elementor-size-default\">De lunes a jueves<\/h2>\t\t\t\t<\/div>\n\t\t\t\t<\/div>\n\t\t\t\t<div class=\"elementor-element elementor-element-cf69a39 elementor-widget elementor-widget-text-editor\" data-id=\"cf69a39\" data-element_type=\"widget\" data-e-type=\"widget\" data-widget_type=\"text-editor.default\">\n\t\t\t\t<div class=\"elementor-widget-container\">\n\t\t\t\t\t\t\t\t\t<ul>\n<li>7.45 &#8211; Misa<\/li>\n<li>15.30 &#8211; 17.25 &#8211; Confesiones<\/li>\n<li>16.50 &#8211; Rosario<\/li>\n<li>17.30 h &#8211; Misa (retransmitida en <strong>YouTube<\/strong>)<\/li>\n<li>De 18:00 a 18:40 &#8211; Confesiones<\/li>\n<li>De 18:00 a 19:00 &#8211; Adoraci\u00f3n<\/li>\n<li>18.40 h &#8211; V\u00edsperas seguidas de la Bendici\u00f3n del Sant\u00edsimo Sacramento (retransmitidas en <strong>YouTube<\/strong>)<\/li>\n<\/ul>\n\t\t\t\t\t\t\t\t<\/div>\n\t\t\t\t<\/div>\n\t\t\t\t<\/div>\n\t\t<div class=\"elementor-element elementor-element-29bef2d e-con-full e-flex e-con e-child\" data-id=\"29bef2d\" data-element_type=\"container\" data-e-type=\"container\">\n\t\t\t\t<div class=\"elementor-element elementor-element-817cd13 elementor-widget elementor-widget-heading\" data-id=\"817cd13\" data-element_type=\"widget\" data-e-type=\"widget\" data-widget_type=\"heading.default\">\n\t\t\t\t<div class=\"elementor-widget-container\">\n\t\t\t\t\t<h2 class=\"elementor-heading-title elementor-size-default\">Viernes<\/h2>\t\t\t\t<\/div>\n\t\t\t\t<\/div>\n\t\t\t\t<div class=\"elementor-element elementor-element-68811b8 elementor-widget elementor-widget-text-editor\" data-id=\"68811b8\" data-element_type=\"widget\" data-e-type=\"widget\" data-widget_type=\"text-editor.default\">\n\t\t\t\t<div class=\"elementor-widget-container\">\n\t\t\t\t\t\t\t\t\t<ul>\n<li>7.45 &#8211; Misa<\/li>\n<li>8.20 h a 18 h &#8211; Adoraci\u00f3n continua<\/li>\n<li>12.20 h &#8211; Oraci\u00f3n del mediod\u00eda<\/li>\n<li>15.30 a 17.25 &#8211; Confesiones<\/li>\n<li>17.30 h &#8211; Coronilla de la Misericordia (retransmitida en <strong>YouTube<\/strong>)<\/li>\n<li>18.00 h &#8211; Misa (retransmitida en <strong>YouTube<\/strong>)<\/li>\n<\/ul>\n\t\t\t\t\t\t\t\t<\/div>\n\t\t\t\t<\/div>\n\t\t\t\t<\/div>\n\t\t<div class=\"elementor-element elementor-element-848976b e-con-full e-flex e-con e-child\" data-id=\"848976b\" data-element_type=\"container\" data-e-type=\"container\">\n\t\t\t\t<div class=\"elementor-element elementor-element-f9af679 elementor-widget elementor-widget-heading\" data-id=\"f9af679\" data-element_type=\"widget\" data-e-type=\"widget\" data-widget_type=\"heading.default\">\n\t\t\t\t<div class=\"elementor-widget-container\">\n\t\t\t\t\t<h2 class=\"elementor-heading-title elementor-size-default\">S\u00e1bado<\/h2>\t\t\t\t<\/div>\n\t\t\t\t<\/div>\n\t\t\t\t<div class=\"elementor-element elementor-element-2d3ceaa elementor-widget elementor-widget-text-editor\" data-id=\"2d3ceaa\" data-element_type=\"widget\" data-e-type=\"widget\" data-widget_type=\"text-editor.default\">\n\t\t\t\t<div class=\"elementor-widget-container\">\n\t\t\t\t\t\t\t\t\t<ul>\n<li>7.45 &#8211; Misa<\/li>\n<li>15.30 a 17.25 &#8211; Confesiones<\/li>\n<li>16.50 &#8211; Rosario<\/li>\n<li>17.30 h &#8211; Misa dominical temprana (retransmitida en <strong>YouTube)<\/strong><\/li>\n<\/ul>\n\t\t\t\t\t\t\t\t<\/div>\n\t\t\t\t<\/div>\n\t\t\t\t<\/div>\n\t\t\t\t\t<\/div>\n\t\t\t\t<\/div>\n\t\t<div class=\"elementor-element elementor-element-70df7d0 e-flex e-con-boxed e-con e-parent\" data-id=\"70df7d0\" data-element_type=\"container\" data-e-type=\"container\">\n\t\t\t\t\t<div class=\"e-con-inner\">\n\t\t<div class=\"elementor-element elementor-element-dd889a6 e-con-full e-flex e-con e-child\" data-id=\"dd889a6\" data-element_type=\"container\" data-e-type=\"container\">\n\t\t\t\t<div class=\"elementor-element elementor-element-a280381 elementor-widget elementor-widget-heading\" data-id=\"a280381\" data-element_type=\"widget\" data-e-type=\"widget\" data-widget_type=\"heading.default\">\n\t\t\t\t<div class=\"elementor-widget-container\">\n\t\t\t\t\t<h2 class=\"elementor-heading-title elementor-size-default\">Domingos y festivos<\/h2>\t\t\t\t<\/div>\n\t\t\t\t<\/div>\n\t\t\t\t<div class=\"elementor-element elementor-element-bbc3cd8 elementor-widget elementor-widget-text-editor\" data-id=\"bbc3cd8\" data-element_type=\"widget\" data-e-type=\"widget\" data-widget_type=\"text-editor.default\">\n\t\t\t\t<div class=\"elementor-widget-container\">\n\t\t\t\t\t\t\t\t\t<ul>\n<li>11h &#8211; Misa (retransmitida en <strong>Youtube)<\/strong><\/li>\n<li>De 16:00 a 17:25 &#8211; Confesiones<\/li>\n<li>16.50 &#8211; Rosario<\/li>\n<li>17.30 &#8211; Misa<\/li>\n<\/ul>\n\t\t\t\t\t\t\t\t<\/div>\n\t\t\t\t<\/div>\n\t\t\t\t<div class=\"elementor-element elementor-element-a5130ad elementor-widget elementor-widget-text-editor\" data-id=\"a5130ad\" data-element_type=\"widget\" data-e-type=\"widget\" data-widget_type=\"text-editor.default\">\n\t\t\t\t<div class=\"elementor-widget-container\">\n\t\t\t\t\t\t\t\t\t<p>\u00abCada d\u00eda es santificado por las celebraciones lit\u00fargicas del Pueblo de Dios. El primer d\u00eda de la semana [dimanche] o D\u00eda del Se\u00f1or&#8230; la Iglesia celebra el Misterio Pascual [le sacrifice du Christ en Croix en lien \u00e9troit avec le Jour de sa R\u00e9surrection sont alors rendus pr\u00e9sents dans notre aujourd&#8217;hui] (Normas, n. 14). <\/p>\n\t\t\t\t\t\t\t\t<\/div>\n\t\t\t\t<\/div>\n\t\t\t\t<div class=\"elementor-element elementor-element-8d2f111 elementor-widget elementor-widget-text-editor\" data-id=\"8d2f111\" data-element_type=\"widget\" data-e-type=\"widget\" data-widget_type=\"text-editor.default\">\n\t\t\t\t<div class=\"elementor-widget-container\">\n\t\t\t\t\t\t\t\t\t<p>Las dem\u00e1s celebraciones se dividen, seg\u00fan su importancia, en <strong>solemnidades <\/strong>[&#8230; <span style=\"text-decoration: underline;\"><strong>1<\/strong><\/span> ] &amp; [ <span style=\"text-decoration: underline;\"><strong>2<\/strong><\/span><strong>festivales<\/strong> [<span style=\"text-decoration: underline;\"><strong> 2<\/strong><\/span> ] y <strong>recuerdos <\/strong>[ <span style=\"text-decoration: underline;\"><strong>3<\/strong><\/span> ], a los que se a\u00f1aden las <strong>f\u00e9ries <\/strong>[ <strong><span style=\"text-decoration: underline;\">4<\/span><\/strong> ].<\/p>\n\t\t\t\t\t\t\t\t<\/div>\n\t\t\t\t<\/div>\n\t\t\t\t<div class=\"elementor-element elementor-element-e18c847 elementor-widget elementor-widget-text-editor\" data-id=\"e18c847\" data-element_type=\"widget\" data-e-type=\"widget\" data-widget_type=\"text-editor.default\">\n\t\t\t\t<div class=\"elementor-widget-container\">\n\t\t\t\t\t\t\t\t\t<p>[<strong> <span style=\"text-decoration: underline;\">1<\/span> ] <\/strong> <span style=\"background-color: transparent; text-align: var(--text-align);\"><strong><span style=\"text-decoration: underline;\">Las solemnidades<\/span>,<\/strong> que coinciden con <span style=\"text-decoration: underline;\"><strong>d\u00edas festivos<\/strong><\/span>, se celebran seg\u00fan el horario dominical (v\u00e9ase m\u00e1s arriba): <\/span> <\/p>\n\t\t\t\t\t\t\t\t<\/div>\n\t\t\t\t<\/div>\n\t\t\t\t<div class=\"elementor-element elementor-element-3c50b69 elementor-widget elementor-widget-text-editor\" data-id=\"3c50b69\" data-element_type=\"widget\" data-e-type=\"widget\" data-widget_type=\"text-editor.default\">\n\t\t\t\t<div class=\"elementor-widget-container\">\n\t\t\t\t\t\t\t\t\t<ul>\n<li><span style=\"background-color: transparent; text-align: var(--text-align);\"><strong>Mar\u00eda<\/strong>, <strong>Madre<\/strong> de <strong>Dios<\/strong> (A\u00f1o Nuevo \/ Fiesta sin Misa temprana el d\u00eda anterior)<\/span><\/li>\n<li>\n<p><span style=\"background-color: transparent; text-align: var(--text-align);\"><strong>Jueves de<\/strong> <strong>la Ascensi\u00f3n<\/strong>: 29 de mayo de 2025 \/ Solemnidad con Misa anticipada la v\u00edspera<\/span><\/p>\n<\/li>\n<li>\n<p><span style=\"background-color: transparent; text-align: var(--text-align);\"><strong>Asunci\u00f3n de<\/strong> <strong>Mar\u00eda<\/strong> (15 de agosto \/ Solemnidad con Misa temprana la v\u00edspera)<\/span><\/p>\n<\/li>\n<li>\n<p><span style=\"background-color: transparent; text-align: var(--text-align);\"><strong>Todos los Santos<\/strong> (01 de noviembre \/ Solemnidad con Misa temprana la v\u00edspera)<\/span><\/p>\n<\/li>\n<li><strong>Navidad<\/strong> (25 de diciembre <span style=\"background-color: transparent; text-align: var(--text-align);\"> \/ Solemnidad con misa de noche y de d\u00eda<\/span>)<\/li>\n<\/ul>\n\t\t\t\t\t\t\t\t<\/div>\n\t\t\t\t<\/div>\n\t\t\t\t<div class=\"elementor-element elementor-element-a229a62 elementor-widget elementor-widget-text-editor\" data-id=\"a229a62\" data-element_type=\"widget\" data-e-type=\"widget\" data-widget_type=\"text-editor.default\">\n\t\t\t\t<div class=\"elementor-widget-container\">\n\t\t\t\t\t\t\t\t\t<p>[ <span style=\"text-decoration: underline;\"><strong>2<\/strong><\/span><span style=\"background-color: transparent; text-align: var(--text-align);\"><span style=\"text-decoration: underline;\"><strong>Las solemnidades<\/strong><\/span> que no coinciden con <span style=\"text-decoration: underline;\">d\u00edas festivos<\/span>, as\u00ed como las <span style=\"text-decoration: underline;\"><strong>fiestas importantes<\/strong><\/span>, se celebran en d\u00edas laborables (v\u00e9ase m\u00e1s arriba): <\/span> <\/p>\n\t\t\t\t\t\t\t\t<\/div>\n\t\t\t\t<\/div>\n\t\t\t\t<div class=\"elementor-element elementor-element-885b433 elementor-widget elementor-widget-text-editor\" data-id=\"885b433\" data-element_type=\"widget\" data-e-type=\"widget\" data-widget_type=\"text-editor.default\">\n\t\t\t\t<div class=\"elementor-widget-container\">\n\t\t\t\t\t\t\t\t\t<ul>\n<li>\n<p><strong>Epifan\u00eda<\/strong>: Domingo 05 Enero<\/p>\n<\/li>\n<li><strong>Presentaci\u00f3n del<\/strong> <strong>Se\u00f1or<\/strong> &#8211; Candelaria: domingo 02 de febrero de 2025<\/li>\n<li><strong>Mi\u00e9rcoles de<\/strong> <strong>Ceniza<\/strong>: Mi\u00e9rcoles 05 de marzo 2025 &#8211; Ayuno y abstinencia<\/li>\n<li><strong>San Jos\u00e9<\/strong>: Mi\u00e9rcoles 19 de marzo de 2025<\/li>\n<li>\n<p><strong>La Anunciaci\u00f3n<\/strong>: martes 25 de marzo de 2025<\/p>\n<\/li>\n<li>\n<p><strong>Domingo de<\/strong> <strong>Ramos<\/strong> y de <strong>la Pasi\u00f3n <\/strong>: domingo 13 de abril de 2025<\/p>\n<\/li>\n<li>\n<p><strong>Jueves Santo<\/strong>: Jueves 17 de abril de 2025<\/p>\n<\/li>\n<li>\n<p><strong>Viernes Santo<\/strong>: Viernes 18 de abril de 2025 &#8211; Ayuno y abstinencia<\/p>\n<\/li>\n<li>\n<p><strong>Vigilia<\/strong> <strong>Pascual<\/strong>: s\u00e1bado 19 de abril de 2025 &#8211; noche<\/p>\n<\/li>\n<li>\n<p><strong>Pascua<\/strong>: domingo 20 de abril de 202<\/p>\n<\/li>\n<li>\n<p><span style=\"background-color: transparent; text-align: var(--text-align);\"><strong>Pentecost\u00e9s<\/strong>: domingo 08 junio 202<\/span><\/p>\n<\/li>\n<li>\n<p><span style=\"background-color: transparent; text-align: var(--text-align);\"><strong>Sant\u00edsima Trinidad<\/strong>: domingo 15 de junio de 2025<\/span><\/p>\n<\/li>\n<li>\n<p><span style=\"background-color: transparent; text-align: var(--text-align);\">Sant\u00edsimo <strong>Sacramento<\/strong> &#8211; Corpus Christi: Domingo 22 de junio de 2025<\/span><\/p>\n<\/li>\n<li>\n<p><span style=\"background-color: transparent; text-align: var(--text-align);\"><strong>Natividad de Juan Bautista<\/strong>: martes 24 de junio de 2025<\/span><\/p>\n<\/li>\n<li>\n<p><span style=\"background-color: transparent; text-align: var(--text-align);\"><strong>Sacr\u00e9-Coeur de J\u00e9sus<\/strong>: viernes 27 de junio de 2025<\/span><\/p>\n<\/li>\n<li>\n<p><span style=\"background-color: transparent; text-align: var(--text-align);\"><strong>San Pedro y San Pablo<\/strong>: domingo 29 de junio de 2025<\/span><\/p>\n<\/li>\n<li>\n<p><span style=\"background-color: transparent; text-align: var(--text-align);\"><strong>Transfiguraci\u00f3n<\/strong>: mi\u00e9rcoles 06 agosto 2025<\/span><\/p>\n<\/li>\n<li><strong>Natividad de la<\/strong> <strong>Virgen Mar\u00eda<\/strong>: lunes 08 de septiembre de 2025<\/li>\n<li>\n<p><span style=\"background-color: transparent; text-align: var(--text-align);\"><strong>Cruz Gloriosa<\/strong>: domingo 14 de septiembre de 2025<\/span><\/p>\n<\/li>\n<li><strong>Conmemoraci\u00f3n de los<\/strong><strong> fieles difuntos<\/strong>: 02 de noviembre de 2025<\/li>\n<li><strong>Inmaculada Concepci\u00f3n<\/strong>: 08 diciembre 2025<\/li>\n<\/ul>\n\t\t\t\t\t\t\t\t<\/div>\n\t\t\t\t<\/div>\n\t\t\t\t<div class=\"elementor-element elementor-element-6e68b74 elementor-widget elementor-widget-text-editor\" data-id=\"6e68b74\" data-element_type=\"widget\" data-e-type=\"widget\" data-widget_type=\"text-editor.default\">\n\t\t\t\t<div class=\"elementor-widget-container\">\n\t\t\t\t\t\t\t\t\t<p><span style=\"background-color: transparent; text-align: var(--text-align);\">[ <span style=\"text-decoration: underline;\"><strong>3<\/strong><\/span> ] En <span style=\"text-decoration: underline;\"><strong>monumentos<\/strong><\/span>son obligatorios u opcionales y <strong>honran a los santos<\/strong> considerados m\u00e1s importantes, como Martin de Tour o Th\u00e9r\u00e8se de l&#8217;Enfant-J\u00e9sus.<\/span><\/p>\n\t\t\t\t\t\t\t\t<\/div>\n\t\t\t\t<\/div>\n\t\t\t\t<div class=\"elementor-element elementor-element-07c78a7 elementor-widget elementor-widget-text-editor\" data-id=\"07c78a7\" data-element_type=\"widget\" data-e-type=\"widget\" data-widget_type=\"text-editor.default\">\n\t\t\t\t<div class=\"elementor-widget-container\">\n\t\t\t\t\t\t\t\t\t<p><span style=\"background-color: transparent; text-align: var(--text-align);\">[ <span style=\"text-decoration: underline;\"><strong>4<\/strong><\/span> ] El <\/span><span style=\"background-color: transparent; text-align: var(--text-align); text-decoration-line: underline;\"><strong>fiestas<\/strong><\/span><span style=\"background-color: transparent; text-align: var(--text-align);\"> corresponden a los dem\u00e1s d\u00edas, sin ninguna particularidad.<\/span><\/p>\n\t\t\t\t\t\t\t\t<\/div>\n\t\t\t\t<\/div>\n\t\t\t\t<\/div>\n\t\t<div class=\"elementor-element elementor-element-b549df5 e-con-full e-flex e-con e-child\" data-id=\"b549df5\" data-element_type=\"container\" data-e-type=\"container\">\n\t\t\t\t<div class=\"elementor-element elementor-element-14d5f63 elementor-widget elementor-widget-heading\" data-id=\"14d5f63\" data-element_type=\"widget\" data-e-type=\"widget\" data-widget_type=\"heading.default\">\n\t\t\t\t<div class=\"elementor-widget-container\">\n\t\t\t\t\t<h2 class=\"elementor-heading-title elementor-size-default\">Horario de apertura del santuario<\/h2>\t\t\t\t<\/div>\n\t\t\t\t<\/div>\n\t\t\t\t<div class=\"elementor-element elementor-element-03602b4 elementor-widget elementor-widget-text-editor\" data-id=\"03602b4\" data-element_type=\"widget\" data-e-type=\"widget\" data-widget_type=\"text-editor.default\">\n\t\t\t\t<div class=\"elementor-widget-container\">\n\t\t\t\t\t\t\t\t\t<ul>\n<li>De 7.15 a 19.30 h, de lunes a viernes<\/li>\n<li>De 8.15 a 19.30 &#8211; S\u00e1bados, domingos y festivos<\/li>\n<\/ul>\n\t\t\t\t\t\t\t\t<\/div>\n\t\t\t\t<\/div>\n\t\t\t\t<div class=\"elementor-element elementor-element-583c054 elementor-widget elementor-widget-text-editor\" data-id=\"583c054\" data-element_type=\"widget\" data-e-type=\"widget\" data-widget_type=\"text-editor.default\">\n\t\t\t\t<div class=\"elementor-widget-container\">\n\t\t\t\t\t\t\t\t\t<p>La bienaventuranza de un santuario cuyas puertas<strong>\u00absantas<\/strong>\u00bb est\u00e1n abiertas a todos los hombres y fieles, sin distinci\u00f3n, a todos los creyentes y a todos los que buscan el \u00fanico Camino, la \u00fanica Verdad y la Vida en abundancia. Sabemos que Cristo dijo que la<strong>\u00abPuerta\u00bb<\/strong> es estrecha, pero el amor de Dios nos permite atravesarla y encontrarnos en Aquel que es <strong>Padre<\/strong>, por medio de su <strong>Hijo \u00fanico<\/strong>, nuestro hermano y nuestro amigo, bajo la influencia <strong>del Esp\u00edritu<\/strong>, el que nos gu\u00eda e inspira. \u00c9l hace posibles los sacramentos. <\/p>\n\t\t\t\t\t\t\t\t<\/div>\n\t\t\t\t<\/div>\n\t\t\t\t<div class=\"elementor-element elementor-element-1d086ac elementor-widget elementor-widget-text-editor\" data-id=\"1d086ac\" data-element_type=\"widget\" data-e-type=\"widget\" data-widget_type=\"text-editor.default\">\n\t\t\t\t<div class=\"elementor-widget-container\">\n\t\t\t\t\t\t\t\t\t<ul>\n<li><strong>Dichoso<\/strong> el que encuentra un santuario abierto; sabe que se le espera.<\/li>\n<li><strong>Bendita sea<\/strong> la persona que se atreve a cruzar el umbral de un santuario, que se arriesga a ser embriagada por la Presencia del Todo-Otro, sorprendida por este lugar tan habitado.<\/li>\n<li><strong>Bienaventurado<\/strong> el que entra como visitante y sale como peregrino, porque se ha dejado tocar.<\/li>\n<li><strong>Dichosa<\/strong> la persona que recoge la gratuidad de un santuario; recoge el don de Dios a la humanidad.<\/li>\n<li><strong>Bendito<\/strong> el que acoge a los peregrinos y a los hombres de nuestro tiempo en este lugar, donde re\u00fane todos los tesoros del mundo por los que Cristo ofreci\u00f3 su vida para que ninguno de ellos se perdiera.<\/li>\n<li><strong>Dichosa<\/strong> la persona que ve en un santuario un lugar donde su vida es m\u00e1s abnegada, dispuesta a acoger el don de Dios.<\/li>\n<li><strong>Felices<\/strong> los que hacen suya la Palabra de vida proclamada en estos oasis de oraci\u00f3n, porque vivir\u00e1n su vida cotidiana con acci\u00f3n de gracias.<\/li>\n<\/ul>\n\t\t\t\t\t\t\t\t<\/div>\n\t\t\t\t<\/div>\n\t\t\t\t<\/div>\n\t\t\t\t\t<\/div>\n\t\t\t\t<\/div>\n\t\t<div class=\"elementor-element elementor-element-6639724 e-flex e-con-boxed e-con e-parent\" data-id=\"6639724\" data-element_type=\"container\" data-e-type=\"container\">\n\t\t\t\t\t<div class=\"e-con-inner\">\n\t\t\t\t<div class=\"elementor-element elementor-element-9b28980 elementor-widget__width-inherit elementor-widget elementor-widget-shortcode\" data-id=\"9b28980\" data-element_type=\"widget\" data-e-type=\"widget\" data-widget_type=\"shortcode.default\">\n\t\t\t\t<div class=\"elementor-widget-container\">\n\t\t\t\t\t\t\t<div class=\"elementor-shortcode\">\t\t<div data-elementor-type=\"section\" data-elementor-id=\"11500\" class=\"elementor elementor-11500 elementor-5035\" data-elementor-post-type=\"elementor_library\">\n\t\t\t<div class=\"elementor-element elementor-element-2e4e673 e-flex e-con-boxed e-con e-parent\" data-id=\"2e4e673\" data-element_type=\"container\" data-e-type=\"container\" data-settings=\"{&quot;background_background&quot;:&quot;classic&quot;}\">\n\t\t\t\t\t<div class=\"e-con-inner\">\n\t\t<div class=\"elementor-element elementor-element-2267b45 e-con-full e-flex e-con e-child\" data-id=\"2267b45\" data-element_type=\"container\" data-e-type=\"container\" data-settings=\"{&quot;motion_fx_motion_fx_scrolling&quot;:&quot;yes&quot;,&quot;motion_fx_translateY_effect&quot;:&quot;yes&quot;,&quot;motion_fx_translateY_speed&quot;:{&quot;unit&quot;:&quot;px&quot;,&quot;size&quot;:1,&quot;sizes&quot;:[]},&quot;motion_fx_translateY_affectedRange&quot;:{&quot;unit&quot;:&quot;%&quot;,&quot;size&quot;:&quot;&quot;,&quot;sizes&quot;:{&quot;start&quot;:15,&quot;end&quot;:50}},&quot;motion_fx_opacity_effect&quot;:&quot;yes&quot;,&quot;motion_fx_opacity_range&quot;:{&quot;unit&quot;:&quot;%&quot;,&quot;size&quot;:&quot;&quot;,&quot;sizes&quot;:{&quot;start&quot;:20,&quot;end&quot;:35}},&quot;motion_fx_opacity_direction&quot;:&quot;out-in&quot;,&quot;motion_fx_opacity_level&quot;:{&quot;unit&quot;:&quot;px&quot;,&quot;size&quot;:10,&quot;sizes&quot;:[]},&quot;motion_fx_devices&quot;:[&quot;desktop&quot;,&quot;tablet&quot;,&quot;mobile&quot;]}\">\n\t\t\t\t<div class=\"elementor-element elementor-element-da14a5a elementor-view-default elementor-position-block-start elementor-mobile-position-block-start elementor-widget elementor-widget-icon-box\" data-id=\"da14a5a\" data-element_type=\"widget\" data-e-type=\"widget\" data-widget_type=\"icon-box.default\">\n\t\t\t\t<div class=\"elementor-widget-container\">\n\t\t\t\t\t\t\t<div class=\"elementor-icon-box-wrapper\">\n\n\t\t\t\t\t\t<div class=\"elementor-icon-box-icon\">\n\t\t\t\t<span  class=\"elementor-icon\">\n\t\t\t\t<i aria-hidden=\"true\" class=\"fas fa-heart\"><\/i>\t\t\t\t<\/span>\n\t\t\t<\/div>\n\t\t\t\n\t\t\t\t\t\t<div class=\"elementor-icon-box-content\">\n\n\t\t\t\t\t\t\t\t\t<h3 class=\"elementor-icon-box-title\">\n\t\t\t\t\t\t<span  >\n\t\t\t\t\t\t\tApoya tu santuario\t\t\t\t\t\t<\/span>\n\t\t\t\t\t<\/h3>\n\t\t\t\t\n\t\t\t\t\t\t\t\t\t<p class=\"elementor-icon-box-description\">\n\t\t\t\t\t\tTu apoyo nos ayuda a continuar las diversas actividades de este lugar de santuario.\t\t\t\t\t<\/p>\n\t\t\t\t\n\t\t\t<\/div>\n\t\t\t\n\t\t<\/div>\n\t\t\t\t\t\t<\/div>\n\t\t\t\t<\/div>\n\t\t\t\t<div class=\"elementor-element elementor-element-14ff39d elementor-widget elementor-widget-button\" data-id=\"14ff39d\" data-element_type=\"widget\" data-e-type=\"widget\" data-widget_type=\"button.default\">\n\t\t\t\t<div class=\"elementor-widget-container\">\n\t\t\t\t\t\t\t\t\t<div class=\"elementor-button-wrapper\">\n\t\t\t\t\t<a class=\"elementor-button elementor-button-link elementor-size-sm\" href=\"https:\/\/www.chapelle-sainte-rita.com\/es\/apoya-tu-santuario\/\">\n\t\t\t\t\t\t<span class=\"elementor-button-content-wrapper\">\n\t\t\t\t\t\t\t\t\t<span class=\"elementor-button-text\">Hago una donaci\u00f3n<\/span>\n\t\t\t\t\t<\/span>\n\t\t\t\t\t<\/a>\n\t\t\t\t<\/div>\n\t\t\t\t\t\t\t\t<\/div>\n\t\t\t\t<\/div>\n\t\t\t\t<\/div>\n\t\t<div class=\"elementor-element elementor-element-1f23f9a e-con-full e-flex e-con e-child\" data-id=\"1f23f9a\" data-element_type=\"container\" data-e-type=\"container\" data-settings=\"{&quot;motion_fx_motion_fx_scrolling&quot;:&quot;yes&quot;,&quot;motion_fx_translateY_effect&quot;:&quot;yes&quot;,&quot;motion_fx_translateY_speed&quot;:{&quot;unit&quot;:&quot;px&quot;,&quot;size&quot;:1,&quot;sizes&quot;:[]},&quot;motion_fx_translateY_affectedRange&quot;:{&quot;unit&quot;:&quot;%&quot;,&quot;size&quot;:&quot;&quot;,&quot;sizes&quot;:{&quot;start&quot;:15,&quot;end&quot;:50}},&quot;motion_fx_opacity_effect&quot;:&quot;yes&quot;,&quot;motion_fx_opacity_range&quot;:{&quot;unit&quot;:&quot;%&quot;,&quot;size&quot;:&quot;&quot;,&quot;sizes&quot;:{&quot;start&quot;:20,&quot;end&quot;:35}},&quot;motion_fx_opacity_direction&quot;:&quot;out-in&quot;,&quot;motion_fx_opacity_level&quot;:{&quot;unit&quot;:&quot;px&quot;,&quot;size&quot;:10,&quot;sizes&quot;:[]},&quot;motion_fx_devices&quot;:[&quot;desktop&quot;,&quot;tablet&quot;,&quot;mobile&quot;]}\">\n\t\t\t\t<div class=\"elementor-element elementor-element-7e2248e elementor-view-default elementor-position-block-start elementor-mobile-position-block-start elementor-widget elementor-widget-icon-box\" data-id=\"7e2248e\" data-element_type=\"widget\" data-e-type=\"widget\" data-widget_type=\"icon-box.default\">\n\t\t\t\t<div class=\"elementor-widget-container\">\n\t\t\t\t\t\t\t<div class=\"elementor-icon-box-wrapper\">\n\n\t\t\t\t\t\t<div class=\"elementor-icon-box-icon\">\n\t\t\t\t<span  class=\"elementor-icon\">\n\t\t\t\t<i aria-hidden=\"true\" class=\"fas fa-church\"><\/i>\t\t\t\t<\/span>\n\t\t\t<\/div>\n\t\t\t\n\t\t\t\t\t\t<div class=\"elementor-icon-box-content\">\n\n\t\t\t\t\t\t\t\t\t<h3 class=\"elementor-icon-box-title\">\n\t\t\t\t\t\t<span  >\n\t\t\t\t\t\t\tContribuci\u00f3n a la Misa\t\t\t\t\t\t<\/span>\n\t\t\t\t\t<\/h3>\n\t\t\t\t\n\t\t\t\t\t\t\t\t\t<p class=\"elementor-icon-box-description\">\n\t\t\t\t\t\tPide al Santuario de Santa Rita una misa por tus intenciones, conmemorando la Eucarist\u00eda y la presencia de Cristo.\t\t\t\t\t<\/p>\n\t\t\t\t\n\t\t\t<\/div>\n\t\t\t\n\t\t<\/div>\n\t\t\t\t\t\t<\/div>\n\t\t\t\t<\/div>\n\t\t\t\t<div class=\"elementor-element elementor-element-0ff7f2d elementor-widget elementor-widget-button\" data-id=\"0ff7f2d\" data-element_type=\"widget\" data-e-type=\"widget\" data-widget_type=\"button.default\">\n\t\t\t\t<div class=\"elementor-widget-container\">\n\t\t\t\t\t\t\t\t\t<div class=\"elementor-button-wrapper\">\n\t\t\t\t\t<a class=\"elementor-button elementor-button-link elementor-size-sm\" href=\"https:\/\/www.chapelle-sainte-rita.com\/es\/ofrendas-de-misa\/\">\n\t\t\t\t\t\t<span class=\"elementor-button-content-wrapper\">\n\t\t\t\t\t\t\t\t\t<span class=\"elementor-button-text\">Ofrendas de misa<\/span>\n\t\t\t\t\t<\/span>\n\t\t\t\t\t<\/a>\n\t\t\t\t<\/div>\n\t\t\t\t\t\t\t\t<\/div>\n\t\t\t\t<\/div>\n\t\t\t\t<\/div>\n\t\t<div class=\"elementor-element elementor-element-ef3b353 e-con-full e-flex e-con e-child\" data-id=\"ef3b353\" data-element_type=\"container\" data-e-type=\"container\" data-settings=\"{&quot;motion_fx_motion_fx_scrolling&quot;:&quot;yes&quot;,&quot;motion_fx_translateY_effect&quot;:&quot;yes&quot;,&quot;motion_fx_translateY_speed&quot;:{&quot;unit&quot;:&quot;px&quot;,&quot;size&quot;:1,&quot;sizes&quot;:[]},&quot;motion_fx_translateY_affectedRange&quot;:{&quot;unit&quot;:&quot;%&quot;,&quot;size&quot;:&quot;&quot;,&quot;sizes&quot;:{&quot;start&quot;:15,&quot;end&quot;:50}},&quot;motion_fx_opacity_effect&quot;:&quot;yes&quot;,&quot;motion_fx_opacity_range&quot;:{&quot;unit&quot;:&quot;%&quot;,&quot;size&quot;:&quot;&quot;,&quot;sizes&quot;:{&quot;start&quot;:20,&quot;end&quot;:35}},&quot;motion_fx_opacity_direction&quot;:&quot;out-in&quot;,&quot;motion_fx_opacity_level&quot;:{&quot;unit&quot;:&quot;px&quot;,&quot;size&quot;:10,&quot;sizes&quot;:[]},&quot;motion_fx_devices&quot;:[&quot;desktop&quot;,&quot;tablet&quot;,&quot;mobile&quot;]}\">\n\t\t\t\t<div class=\"elementor-element elementor-element-ad4cba9 elementor-view-default elementor-position-block-start elementor-mobile-position-block-start elementor-widget elementor-widget-icon-box\" data-id=\"ad4cba9\" data-element_type=\"widget\" data-e-type=\"widget\" data-widget_type=\"icon-box.default\">\n\t\t\t\t<div class=\"elementor-widget-container\">\n\t\t\t\t\t\t\t<div class=\"elementor-icon-box-wrapper\">\n\n\t\t\t\t\t\t<div class=\"elementor-icon-box-icon\">\n\t\t\t\t<span  class=\"elementor-icon\">\n\t\t\t\t<i aria-hidden=\"true\" class=\"fas fa-fire\"><\/i>\t\t\t\t<\/span>\n\t\t\t<\/div>\n\t\t\t\n\t\t\t\t\t\t<div class=\"elementor-icon-box-content\">\n\n\t\t\t\t\t\t\t\t\t<h3 class=\"elementor-icon-box-title\">\n\t\t\t\t\t\t<span  >\n\t\t\t\t\t\t\tEncender una vela\t\t\t\t\t\t<\/span>\n\t\t\t\t\t<\/h3>\n\t\t\t\t\n\t\t\t\t\t\t\t\t\t<p class=\"elementor-icon-box-description\">\n\t\t\t\t\t\tLas velas arden continuamente, simbolizando nuestras oraciones y agradecimientos para que nuestras vidas se conviertan en luz.\t\t\t\t\t<\/p>\n\t\t\t\t\n\t\t\t<\/div>\n\t\t\t\n\t\t<\/div>\n\t\t\t\t\t\t<\/div>\n\t\t\t\t<\/div>\n\t\t\t\t<div class=\"elementor-element elementor-element-19e16eb elementor-widget elementor-widget-button\" data-id=\"19e16eb\" data-element_type=\"widget\" data-e-type=\"widget\" data-widget_type=\"button.default\">\n\t\t\t\t<div class=\"elementor-widget-container\">\n\t\t\t\t\t\t\t\t\t<div class=\"elementor-button-wrapper\">\n\t\t\t\t\t<a class=\"elementor-button elementor-button-link elementor-size-sm\" href=\"https:\/\/www.chapelle-sainte-rita.com\/es\/coloca-una-vela\/\">\n\t\t\t\t\t\t<span class=\"elementor-button-content-wrapper\">\n\t\t\t\t\t\t\t\t\t<span class=\"elementor-button-text\">Encender una vela<\/span>\n\t\t\t\t\t<\/span>\n\t\t\t\t\t<\/a>\n\t\t\t\t<\/div>\n\t\t\t\t\t\t\t\t<\/div>\n\t\t\t\t<\/div>\n\t\t\t\t<\/div>\n\t\t<div class=\"elementor-element elementor-element-6021f1a e-con-full e-flex e-con e-child\" data-id=\"6021f1a\" data-element_type=\"container\" data-e-type=\"container\" data-settings=\"{&quot;motion_fx_motion_fx_scrolling&quot;:&quot;yes&quot;,&quot;motion_fx_translateY_effect&quot;:&quot;yes&quot;,&quot;motion_fx_translateY_speed&quot;:{&quot;unit&quot;:&quot;px&quot;,&quot;size&quot;:1,&quot;sizes&quot;:[]},&quot;motion_fx_translateY_affectedRange&quot;:{&quot;unit&quot;:&quot;%&quot;,&quot;size&quot;:&quot;&quot;,&quot;sizes&quot;:{&quot;start&quot;:15,&quot;end&quot;:50}},&quot;motion_fx_opacity_effect&quot;:&quot;yes&quot;,&quot;motion_fx_opacity_range&quot;:{&quot;unit&quot;:&quot;%&quot;,&quot;size&quot;:&quot;&quot;,&quot;sizes&quot;:{&quot;start&quot;:20,&quot;end&quot;:35}},&quot;motion_fx_opacity_direction&quot;:&quot;out-in&quot;,&quot;motion_fx_opacity_level&quot;:{&quot;unit&quot;:&quot;px&quot;,&quot;size&quot;:10,&quot;sizes&quot;:[]},&quot;motion_fx_devices&quot;:[&quot;desktop&quot;,&quot;tablet&quot;,&quot;mobile&quot;]}\">\n\t\t\t\t<div class=\"elementor-element elementor-element-b7861b9 elementor-view-default elementor-position-block-start elementor-mobile-position-block-start elementor-widget elementor-widget-icon-box\" data-id=\"b7861b9\" data-element_type=\"widget\" data-e-type=\"widget\" data-widget_type=\"icon-box.default\">\n\t\t\t\t<div class=\"elementor-widget-container\">\n\t\t\t\t\t\t\t<div class=\"elementor-icon-box-wrapper\">\n\n\t\t\t\t\t\t<div class=\"elementor-icon-box-icon\">\n\t\t\t\t<span  class=\"elementor-icon\">\n\t\t\t\t<i aria-hidden=\"true\" class=\"fas fa-hand-holding-heart\"><\/i>\t\t\t\t<\/span>\n\t\t\t<\/div>\n\t\t\t\n\t\t\t\t\t\t<div class=\"elementor-icon-box-content\">\n\n\t\t\t\t\t\t\t\t\t<h3 class=\"elementor-icon-box-title\">\n\t\t\t\t\t\t<span  >\n\t\t\t\t\t\t\tIntenci\u00f3n de oraci\u00f3n\t\t\t\t\t\t<\/span>\n\t\t\t\t\t<\/h3>\n\t\t\t\t\n\t\t\t\t\t\t\t\t\t<p class=\"elementor-icon-box-description\">\n\t\t\t\t\t\tSanta Rita, patrona de las causas perdidas, acoge tus intenciones y agradecimientos, y que la caridad fraterna fortalezca nuestras oraciones.\t\t\t\t\t<\/p>\n\t\t\t\t\n\t\t\t<\/div>\n\t\t\t\n\t\t<\/div>\n\t\t\t\t\t\t<\/div>\n\t\t\t\t<\/div>\n\t\t\t\t<div class=\"elementor-element elementor-element-2a9d77f elementor-widget elementor-widget-button\" data-id=\"2a9d77f\" data-element_type=\"widget\" data-e-type=\"widget\" data-widget_type=\"button.default\">\n\t\t\t\t<div class=\"elementor-widget-container\">\n\t\t\t\t\t\t\t\t\t<div class=\"elementor-button-wrapper\">\n\t\t\t\t\t<a class=\"elementor-button elementor-button-link elementor-size-sm\" href=\"https:\/\/www.chapelle-sainte-rita.com\/es\/intencion-de-oracion\/\">\n\t\t\t\t\t\t<span class=\"elementor-button-content-wrapper\">\n\t\t\t\t\t\t\t\t\t<span class=\"elementor-button-text\">Escribo una intenci\u00f3n<\/span>\n\t\t\t\t\t<\/span>\n\t\t\t\t\t<\/a>\n\t\t\t\t<\/div>\n\t\t\t\t\t\t\t\t<\/div>\n\t\t\t\t<\/div>\n\t\t\t\t<\/div>\n\t\t\t\t\t<\/div>\n\t\t\t\t<\/div>\n\t\t\t\t<\/div>\n\t\t<\/div>\n\t\t\t\t\t\t<\/div>\n\t\t\t\t<\/div>\n\t\t\t\t\t<\/div>\n\t\t\t\t<\/div>\n\t\t\t\t<\/div>\n\t\t","protected":false},"excerpt":{"rendered":"<p>Horarios fijos De lunes a jueves 7.45 &#8211; Misa 15.30 &#8211; 17.25 &#8211; Confesiones 16.50 &#8211; Rosario 17.30 h &#8211; Misa (retransmitida en YouTube) De 18:00 a 18:40 &#8211; Confesiones De 18:00 a 19:00 &#8211; Adoraci\u00f3n 18.40 h &#8211; V\u00edsperas seguidas de la Bendici\u00f3n del Sant\u00edsimo Sacramento (retransmitidas en YouTube) Viernes 7.45 &#8211; Misa 8.20 [&hellip;]<\/p>\n","protected":false},"author":1,"featured_media":0,"parent":0,"menu_order":0,"comment_status":"closed","ping_status":"closed","template":"elementor_header_footer","meta":{"footnotes":""},"class_list":["post-6366","page","type-page","status-publish","hentry"],"_links":{"self":[{"href":"https:\/\/www.chapelle-sainte-rita.com\/es\/wp-json\/wp\/v2\/pages\/6366","targetHints":{"allow":["GET"]}}],"collection":[{"href":"https:\/\/www.chapelle-sainte-rita.com\/es\/wp-json\/wp\/v2\/pages"}],"about":[{"href":"https:\/\/www.chapelle-sainte-rita.com\/es\/wp-json\/wp\/v2\/types\/page"}],"author":[{"embeddable":true,"href":"https:\/\/www.chapelle-sainte-rita.com\/es\/wp-json\/wp\/v2\/users\/1"}],"replies":[{"embeddable":true,"href":"https:\/\/www.chapelle-sainte-rita.com\/es\/wp-json\/wp\/v2\/comments?post=6366"}],"version-history":[{"count":3,"href":"https:\/\/www.chapelle-sainte-rita.com\/es\/wp-json\/wp\/v2\/pages\/6366\/revisions"}],"predecessor-version":[{"id":11476,"href":"https:\/\/www.chapelle-sainte-rita.com\/es\/wp-json\/wp\/v2\/pages\/6366\/revisions\/11476"}],"wp:attachment":[{"href":"https:\/\/www.chapelle-sainte-rita.com\/es\/wp-json\/wp\/v2\/media?parent=6366"}],"curies":[{"name":"wp","href":"https:\/\/api.w.org\/{rel}","templated":true}]}}