{"id":6398,"date":"2024-08-02T18:10:45","date_gmt":"2024-08-02T16:10:45","guid":{"rendered":"https:\/\/www.chapelle-sainte-rita.com\/canada-oblatos-de-la-virgen-maria\/"},"modified":"2024-11-28T16:19:17","modified_gmt":"2024-11-28T15:19:17","slug":"canada-oblatos-de-la-virgen-maria","status":"publish","type":"page","link":"https:\/\/www.chapelle-sainte-rita.com\/es\/canada-oblatos-de-la-virgen-maria\/","title":{"rendered":"CANAD\u00c1 &#8211; OBLATOS DE LA VIRGEN MAR\u00cdA"},"content":{"rendered":"\t\t<div data-elementor-type=\"wp-page\" data-elementor-id=\"6398\" class=\"elementor elementor-6398 elementor-3623\" data-elementor-post-type=\"page\">\n\t\t\t\t<div class=\"elementor-element elementor-element-8677315 e-flex e-con-boxed e-con e-parent\" data-id=\"8677315\" data-element_type=\"container\" data-e-type=\"container\" data-settings=\"{&quot;background_background&quot;:&quot;classic&quot;}\">\n\t\t\t\t\t<div class=\"e-con-inner\">\n\t\t\t\t<div class=\"elementor-element elementor-element-bbd1434 elementor-widget__width-initial elementor-widget elementor-widget-heading\" data-id=\"bbd1434\" data-element_type=\"widget\" data-e-type=\"widget\" data-widget_type=\"heading.default\">\n\t\t\t\t<div class=\"elementor-widget-container\">\n\t\t\t\t\t<h2 class=\"elementor-heading-title elementor-size-default\">Oblatos de la Virgen Mar\u00eda<\/h2>\t\t\t\t<\/div>\n\t\t\t\t<\/div>\n\t\t\t\t<div class=\"elementor-element elementor-element-3395a61 elementor-widget elementor-widget-text-editor\" data-id=\"3395a61\" data-element_type=\"widget\" data-e-type=\"widget\" data-widget_type=\"text-editor.default\">\n\t\t\t\t<div class=\"elementor-widget-container\">\n\t\t\t\t\t\t\t\t\t<p>CANAD\u00c1<\/p>\n\t\t\t\t\t\t\t\t<\/div>\n\t\t\t\t<\/div>\n\t\t\t\t\t<\/div>\n\t\t\t\t<\/div>\n\t\t<div class=\"elementor-element elementor-element-9121242 e-flex e-con-boxed e-con e-parent\" data-id=\"9121242\" data-element_type=\"container\" data-e-type=\"container\" data-settings=\"{&quot;background_background&quot;:&quot;classic&quot;,&quot;motion_fx_motion_fx_scrolling&quot;:&quot;yes&quot;,&quot;motion_fx_translateY_effect&quot;:&quot;yes&quot;,&quot;motion_fx_translateY_speed&quot;:{&quot;unit&quot;:&quot;px&quot;,&quot;size&quot;:1,&quot;sizes&quot;:[]},&quot;motion_fx_translateY_affectedRange&quot;:{&quot;unit&quot;:&quot;%&quot;,&quot;size&quot;:&quot;&quot;,&quot;sizes&quot;:{&quot;start&quot;:15,&quot;end&quot;:50}},&quot;motion_fx_opacity_effect&quot;:&quot;yes&quot;,&quot;motion_fx_opacity_range&quot;:{&quot;unit&quot;:&quot;%&quot;,&quot;size&quot;:&quot;&quot;,&quot;sizes&quot;:{&quot;start&quot;:15,&quot;end&quot;:35}},&quot;motion_fx_opacity_direction&quot;:&quot;out-in&quot;,&quot;motion_fx_opacity_level&quot;:{&quot;unit&quot;:&quot;px&quot;,&quot;size&quot;:10,&quot;sizes&quot;:[]},&quot;motion_fx_devices&quot;:[&quot;desktop&quot;,&quot;tablet&quot;,&quot;mobile&quot;]}\">\n\t\t\t\t\t<div class=\"e-con-inner\">\n\t\t<div class=\"elementor-element elementor-element-da9ffdd e-con-full e-flex e-con e-child\" data-id=\"da9ffdd\" data-element_type=\"container\" data-e-type=\"container\" data-settings=\"{&quot;background_background&quot;:&quot;classic&quot;}\">\n\t\t\t\t<div class=\"elementor-element elementor-element-eca9a54 elementor-widget__width-inherit elementor-pagination-position-outside elementor-widget elementor-widget-image-carousel\" data-id=\"eca9a54\" data-element_type=\"widget\" data-e-type=\"widget\" data-settings=\"{&quot;slides_to_show&quot;:&quot;1&quot;,&quot;navigation&quot;:&quot;dots&quot;,&quot;autoplay_speed&quot;:3500,&quot;autoplay&quot;:&quot;yes&quot;,&quot;pause_on_hover&quot;:&quot;yes&quot;,&quot;pause_on_interaction&quot;:&quot;yes&quot;,&quot;infinite&quot;:&quot;yes&quot;,&quot;effect&quot;:&quot;slide&quot;,&quot;speed&quot;:500}\" data-widget_type=\"image-carousel.default\">\n\t\t\t\t<div class=\"elementor-widget-container\">\n\t\t\t\t\t\t\t<div class=\"elementor-image-carousel-wrapper swiper\" role=\"region\" aria-roledescription=\"carousel\" aria-label=\"Carrusel de im\u00e1genes\" dir=\"ltr\">\n\t\t\t<div class=\"elementor-image-carousel swiper-wrapper\" aria-live=\"off\">\n\t\t\t\t\t\t\t\t<div class=\"swiper-slide\" role=\"group\" aria-roledescription=\"slide\" aria-label=\"1 de 3\"><figure class=\"swiper-slide-inner\"><img decoding=\"async\" class=\"swiper-slide-image\" src=\"https:\/\/www.chapelle-sainte-rita.com\/wp-content\/uploads\/2024\/08\/Montage-Brazil-1.png\" alt=\"Montage-Brazil (1)\" \/><\/figure><\/div><div class=\"swiper-slide\" role=\"group\" aria-roledescription=\"slide\" aria-label=\"2 de 3\"><figure class=\"swiper-slide-inner\"><img decoding=\"async\" class=\"swiper-slide-image\" src=\"https:\/\/www.chapelle-sainte-rita.com\/wp-content\/uploads\/2024\/08\/Montage-Brazil-2-1.jpg\" alt=\"Montage-Brazil (2)\" \/><\/figure><\/div><div class=\"swiper-slide\" role=\"group\" aria-roledescription=\"slide\" aria-label=\"3 de 3\"><figure class=\"swiper-slide-inner\"><img decoding=\"async\" class=\"swiper-slide-image\" src=\"https:\/\/www.chapelle-sainte-rita.com\/wp-content\/uploads\/2024\/08\/Montage-Brazil-3-1.jpg\" alt=\"Montage-Brazil (3)\" \/><\/figure><\/div>\t\t\t<\/div>\n\t\t\t\t\t\t\t\n\t\t\t\t\t\t\t\t\t<div class=\"swiper-pagination\"><\/div>\n\t\t\t\t\t\t\t\t\t<\/div>\n\t\t\t\t\t\t<\/div>\n\t\t\t\t<\/div>\n\t\t\t\t<\/div>\n\t\t<div class=\"elementor-element elementor-element-92cd854 e-con-full e-flex e-con e-child\" data-id=\"92cd854\" data-element_type=\"container\" data-e-type=\"container\">\n\t\t\t\t<div class=\"elementor-element elementor-element-5d62744 elementor-widget elementor-widget-heading\" data-id=\"5d62744\" data-element_type=\"widget\" data-e-type=\"widget\" data-settings=\"{&quot;motion_fx_motion_fx_scrolling&quot;:&quot;yes&quot;,&quot;motion_fx_translateY_effect&quot;:&quot;yes&quot;,&quot;motion_fx_translateY_speed&quot;:{&quot;unit&quot;:&quot;px&quot;,&quot;size&quot;:1,&quot;sizes&quot;:[]},&quot;motion_fx_translateY_affectedRange&quot;:{&quot;unit&quot;:&quot;%&quot;,&quot;size&quot;:&quot;&quot;,&quot;sizes&quot;:{&quot;start&quot;:15,&quot;end&quot;:35}},&quot;motion_fx_opacity_effect&quot;:&quot;yes&quot;,&quot;motion_fx_opacity_range&quot;:{&quot;unit&quot;:&quot;%&quot;,&quot;size&quot;:&quot;&quot;,&quot;sizes&quot;:{&quot;start&quot;:10,&quot;end&quot;:25}},&quot;motion_fx_opacity_direction&quot;:&quot;out-in&quot;,&quot;motion_fx_opacity_level&quot;:{&quot;unit&quot;:&quot;px&quot;,&quot;size&quot;:10,&quot;sizes&quot;:[]},&quot;motion_fx_devices&quot;:[&quot;desktop&quot;,&quot;tablet&quot;,&quot;mobile&quot;]}\" data-widget_type=\"heading.default\">\n\t\t\t\t<div class=\"elementor-widget-container\">\n\t\t\t\t\t<h2 class=\"elementor-heading-title elementor-size-default\">Misi\u00f3n oblata en Canad\u00e1: servicio parroquial y evangelizaci\u00f3n de los j\u00f3venes<\/h2>\t\t\t\t<\/div>\n\t\t\t\t<\/div>\n\t\t\t\t<div class=\"elementor-element elementor-element-d22f863 elementor-widget elementor-widget-text-editor\" data-id=\"d22f863\" data-element_type=\"widget\" data-e-type=\"widget\" data-settings=\"{&quot;motion_fx_motion_fx_scrolling&quot;:&quot;yes&quot;,&quot;motion_fx_translateY_effect&quot;:&quot;yes&quot;,&quot;motion_fx_translateY_speed&quot;:{&quot;unit&quot;:&quot;px&quot;,&quot;size&quot;:1,&quot;sizes&quot;:[]},&quot;motion_fx_translateY_affectedRange&quot;:{&quot;unit&quot;:&quot;%&quot;,&quot;size&quot;:&quot;&quot;,&quot;sizes&quot;:{&quot;start&quot;:15,&quot;end&quot;:35}},&quot;motion_fx_devices&quot;:[&quot;desktop&quot;,&quot;tablet&quot;,&quot;mobile&quot;]}\" data-widget_type=\"text-editor.default\">\n\t\t\t\t<div class=\"elementor-widget-container\">\n\t\t\t\t\t\t\t\t\t<p>Los Oblatos de la Virgen Mar\u00eda llegaron a Canad\u00e1 en 1985, donde trabajaron durante varios a\u00f1os en parroquias y casas de retiro.<\/p>\n<p>De momento (en 2020-2021), los seis oblatos de la delegaci\u00f3n viven en el mismo presbiterio de Pointe-aux-Trembles, situado en el extremo oriental de la isla de Montreal. Nuestros cohermanos est\u00e1n a cargo de seis parroquias de la di\u00f3cesis de Montreal: dos parroquias est\u00e1n en la isla de Montreal y cuatro parroquias est\u00e1n al otro lado de la Rivi\u00e8re-des-Prairies, bastante cerca del presbiterio donde vivimos. <\/p>\n<p>Las parroquias de la isla de Montreal son Saint-Enfant-J\u00e9sus y Sainte Maria Goretti. Las cuatro parroquias fuera de la isla son : La Purification de la Bienheureuse Vierge Marie, Notre-Dame-des-Champs, Saints-Simon-et-Jude y Saint-Paul-l&#8217;Ermite. <\/p>\n<p>Dado que en la provincia de Quebec los j\u00f3venes (de 0 a 30 a\u00f1os) casi no tienen ni idea de lo que es la vida cristiana, los Oblatos intentan por diversos medios ayudar a cada persona a tener un encuentro profundo y transformador con el Dios vivo. Los medios que utilizan para ello son: el Curso Alfa, el sistema Cellules Paroissiales d&#8217;\u00c9vang\u00e9lisation y la Escuela de Evangelizaci\u00f3n San Andr\u00e9s. <\/p>\n<p>Fundados por el venerable Padre P\u00edo Bruno Lanteri, los Oblatos de la Virgen Mar\u00eda son una Congregaci\u00f3n de sacerdotes y ermita\u00f1os que viven el carisma del fundador con el apostolado de los Ejercicios Espirituales, cooperando con el clero local, difundiendo la fe a trav\u00e9s de los medios de comunicaci\u00f3n y las redes sociales, predicando el Evangelio en sus diversas misiones y obras y, sobre todo, ayudando a formar a los laicos.<\/p>\n\t\t\t\t\t\t\t\t<\/div>\n\t\t\t\t<\/div>\n\t\t\t\t<\/div>\n\t\t\t\t\t<\/div>\n\t\t\t\t<\/div>\n\t\t<div class=\"elementor-element elementor-element-06f519e e-flex e-con-boxed e-con e-parent\" data-id=\"06f519e\" data-element_type=\"container\" data-e-type=\"container\" data-settings=\"{&quot;background_background&quot;:&quot;classic&quot;}\">\n\t\t\t\t\t<div class=\"e-con-inner\">\n\t\t<div class=\"elementor-element elementor-element-b5e5612 e-con-full e-flex e-con e-child\" data-id=\"b5e5612\" data-element_type=\"container\" data-e-type=\"container\">\n\t\t\t\t<div class=\"elementor-element elementor-element-f60e9a8 elementor-cta--skin-cover elementor-cta--valign-middle elementor-bg-transform elementor-bg-transform-zoom-in elementor-widget elementor-widget-call-to-action\" data-id=\"f60e9a8\" data-element_type=\"widget\" data-e-type=\"widget\" data-widget_type=\"call-to-action.default\">\n\t\t\t\t<div class=\"elementor-widget-container\">\n\t\t\t\t\t\t\t<a class=\"elementor-cta\" href=\"https:\/\/www.sainte-rita.net\/qui-sommes-nous\/les-oblats-de-la-vierge-marie\/le-pere-bruno-lanteri\">\n\t\t\t\t\t<div class=\"elementor-cta__bg-wrapper\">\n\t\t\t\t<div class=\"elementor-cta__bg elementor-bg\" style=\"background-image: url(https:\/\/www.chapelle-sainte-rita.com\/wp-content\/uploads\/2024\/07\/Lanteri_Bruno_1-1.0.jpg);\" role=\"img\" aria-label=\"Lanteri_Bruno_1-1.0\"><\/div>\n\t\t\t\t<div class=\"elementor-cta__bg-overlay\"><\/div>\n\t\t\t<\/div>\n\t\t\t\t\t\t\t<div class=\"elementor-cta__content\">\n\t\t\t\t\t\t\t\t\t<div class=\"elementor-content-item elementor-cta__content-item elementor-icon-wrapper elementor-cta__icon elementor-view-default\">\n\t\t\t\t\t\t<div class=\"elementor-icon\">\n\t\t\t\t\t\t\t<i aria-hidden=\"true\" class=\"fas fa-book-open\"><\/i>\t\t\t\t\t\t<\/div>\n\t\t\t\t\t<\/div>\n\t\t\t\t\n\t\t\t\t\t\t\t\t\t<h4 class=\"elementor-cta__title elementor-cta__content-item elementor-content-item\">\n\t\t\t\t\t\tBreve biograf\u00eda\t\t\t\t\t<\/h4>\n\t\t\t\t\n\t\t\t\t\t\t\t\t\t<div class=\"elementor-cta__description elementor-cta__content-item elementor-content-item\">\n\t\t\t\t\t\t<p>Aqu\u00ed tienes una breve biograf\u00eda sobre la vida de nuestro fundador, el Venerable P\u00edo Bruno Lant\u00e9ri.<\/p>\n\t\t\t\t\t<\/div>\n\t\t\t\t\n\t\t\t\t\t\t\t\t\t<div class=\"elementor-cta__button-wrapper elementor-cta__content-item elementor-content-item \">\n\t\t\t\t\t<span class=\"elementor-cta__button elementor-button elementor-size-\">\n\t\t\t\t\t\tM\u00e1s informaci\u00f3n\t\t\t\t\t<\/span>\n\t\t\t\t\t<\/div>\n\t\t\t\t\t\t\t<\/div>\n\t\t\t\t\t\t<\/a>\n\t\t\t\t\t\t<\/div>\n\t\t\t\t<\/div>\n\t\t\t\t<\/div>\n\t\t<div class=\"elementor-element elementor-element-d26cc52 e-con-full e-flex e-con e-child\" data-id=\"d26cc52\" data-element_type=\"container\" data-e-type=\"container\">\n\t\t\t\t<div class=\"elementor-element elementor-element-6371da8 elementor-widget elementor-widget-text-editor\" data-id=\"6371da8\" data-element_type=\"widget\" data-e-type=\"widget\" data-widget_type=\"text-editor.default\">\n\t\t\t\t<div class=\"elementor-widget-container\">\n\t\t\t\t\t\t\t\t\t<p>\u00bfTe sientes llamado a unirte a los Oblatos de la Virgen Mar\u00eda?  <\/p>\n\t\t\t\t\t\t\t\t<\/div>\n\t\t\t\t<\/div>\n\t\t\t\t<div class=\"elementor-element elementor-element-dd0efad elementor-widget elementor-widget-text-editor\" data-id=\"dd0efad\" data-element_type=\"widget\" data-e-type=\"widget\" data-widget_type=\"text-editor.default\">\n\t\t\t\t<div class=\"elementor-widget-container\">\n\t\t\t\t\t\t\t\t\t<p>Ponte en contacto con el Director de Vocaciones:<\/p>\n\t\t\t\t\t\t\t\t<\/div>\n\t\t\t\t<\/div>\n\t\t<div class=\"elementor-element elementor-element-03e79d7 e-con-full e-flex e-con e-child\" data-id=\"03e79d7\" data-element_type=\"container\" data-e-type=\"container\">\n\t\t\t\t<div class=\"elementor-element elementor-element-6cd7d16 elementor-shape-circle e-grid-align-left elementor-widget__width-initial elementor-grid-0 elementor-widget elementor-widget-social-icons\" data-id=\"6cd7d16\" data-element_type=\"widget\" data-e-type=\"widget\" data-widget_type=\"social-icons.default\">\n\t\t\t\t<div class=\"elementor-widget-container\">\n\t\t\t\t\t\t\t<div class=\"elementor-social-icons-wrapper elementor-grid\">\n\t\t\t\t\t\t\t<span class=\"elementor-grid-item\">\n\t\t\t\t\t<a class=\"elementor-icon elementor-social-icon elementor-social-icon-envelope elementor-animation-shrink elementor-repeater-item-8333dd3\" href=\"http:\/\/louisnormandin499@gmail.com%20\" target=\"_blank\">\n\t\t\t\t\t\t<span class=\"elementor-screen-only\">Envelope<\/span>\n\t\t\t\t\t\t<i aria-hidden=\"true\" class=\"far fa-envelope\"><\/i>\t\t\t\t\t<\/a>\n\t\t\t\t<\/span>\n\t\t\t\t\t<\/div>\n\t\t\t\t\t\t<\/div>\n\t\t\t\t<\/div>\n\t\t\t\t<div class=\"elementor-element elementor-element-f4b19d3 elementor-widget elementor-widget-text-editor\" data-id=\"f4b19d3\" data-element_type=\"widget\" data-e-type=\"widget\" data-widget_type=\"text-editor.default\">\n\t\t\t\t<div class=\"elementor-widget-container\">\n\t\t\t\t\t\t\t\t\t<p>P. Aloysius Ebonine, OMV &#8211; <a href=\"mailto:canadaomvvocation@gmail.com\" target=\"_blank\" rel=\"noopener noreferrer\">canadaomvvocation@gmail.com<\/a><\/p>\n\t\t\t\t\t\t\t\t<\/div>\n\t\t\t\t<\/div>\n\t\t\t\t<\/div>\n\t\t<div class=\"elementor-element elementor-element-1139050 e-con-full e-flex e-con e-child\" data-id=\"1139050\" data-element_type=\"container\" data-e-type=\"container\">\n\t\t\t\t<div class=\"elementor-element elementor-element-0d7579e elementor-shape-circle e-grid-align-left elementor-widget__width-initial elementor-grid-0 elementor-widget elementor-widget-social-icons\" data-id=\"0d7579e\" data-element_type=\"widget\" data-e-type=\"widget\" data-widget_type=\"social-icons.default\">\n\t\t\t\t<div class=\"elementor-widget-container\">\n\t\t\t\t\t\t\t<div class=\"elementor-social-icons-wrapper elementor-grid\">\n\t\t\t\t\t\t\t<span class=\"elementor-grid-item\">\n\t\t\t\t\t<a class=\"elementor-icon elementor-social-icon elementor-social-icon-phone-alt elementor-animation-shrink elementor-repeater-item-8333dd3\" href=\"http:\/\/louisnormandin499@gmail.com%20\" target=\"_blank\">\n\t\t\t\t\t\t<span class=\"elementor-screen-only\">Phone-alt<\/span>\n\t\t\t\t\t\t<i aria-hidden=\"true\" class=\"fas fa-phone-alt\"><\/i>\t\t\t\t\t<\/a>\n\t\t\t\t<\/span>\n\t\t\t\t\t<\/div>\n\t\t\t\t\t\t<\/div>\n\t\t\t\t<\/div>\n\t\t\t\t<div class=\"elementor-element elementor-element-244f867 elementor-widget elementor-widget-text-editor\" data-id=\"244f867\" data-element_type=\"widget\" data-e-type=\"widget\" data-widget_type=\"text-editor.default\">\n\t\t\t\t<div class=\"elementor-widget-container\">\n\t\t\t\t\t\t\t\t\t<p>(01) (463) 524-4601<\/p>\n\t\t\t\t\t\t\t\t<\/div>\n\t\t\t\t<\/div>\n\t\t\t\t<\/div>\n\t\t\t\t<div class=\"elementor-element elementor-element-43d15bb elementor-widget elementor-widget-text-editor\" data-id=\"43d15bb\" data-element_type=\"widget\" data-e-type=\"widget\" data-widget_type=\"text-editor.default\">\n\t\t\t\t<div class=\"elementor-widget-container\">\n\t\t\t\t\t\t\t\t\t<p>Varios sitios web sobre los Oblatos de la Virgen Mar\u00eda en Canad\u00e1:<\/p>\n\t\t\t\t\t\t\t\t<\/div>\n\t\t\t\t<\/div>\n\t\t<div class=\"elementor-element elementor-element-c0f0293 e-con-full e-flex e-con e-child\" data-id=\"c0f0293\" data-element_type=\"container\" data-e-type=\"container\">\n\t\t\t\t<div class=\"elementor-element elementor-element-e49a036 elementor-shape-circle e-grid-align-left elementor-widget__width-initial elementor-grid-0 elementor-widget elementor-widget-social-icons\" data-id=\"e49a036\" data-element_type=\"widget\" data-e-type=\"widget\" data-widget_type=\"social-icons.default\">\n\t\t\t\t<div class=\"elementor-widget-container\">\n\t\t\t\t\t\t\t<div class=\"elementor-social-icons-wrapper elementor-grid\">\n\t\t\t\t\t\t\t<span class=\"elementor-grid-item\">\n\t\t\t\t\t<a class=\"elementor-icon elementor-social-icon elementor-social-icon-facebook elementor-animation-shrink elementor-repeater-item-8333dd3\" href=\"https:\/\/www.facebook.com\/paroissesejpat\/\" target=\"_blank\">\n\t\t\t\t\t\t<span class=\"elementor-screen-only\">Facebook<\/span>\n\t\t\t\t\t\t<i aria-hidden=\"true\" class=\"fab fa-facebook\"><\/i>\t\t\t\t\t<\/a>\n\t\t\t\t<\/span>\n\t\t\t\t\t<\/div>\n\t\t\t\t\t\t<\/div>\n\t\t\t\t<\/div>\n\t\t\t\t<div class=\"elementor-element elementor-element-d7f7bfe elementor-widget elementor-widget-text-editor\" data-id=\"d7f7bfe\" data-element_type=\"widget\" data-e-type=\"widget\" data-widget_type=\"text-editor.default\">\n\t\t\t\t<div class=\"elementor-widget-container\">\n\t\t\t\t\t\t\t\t\t<p><a href=\"https:\/\/www.facebook.com\/paroissesejpat\/\">PARROQUIA SAN JES\u00daS NI\u00d1O<\/a><\/p>\n\t\t\t\t\t\t\t\t<\/div>\n\t\t\t\t<\/div>\n\t\t\t\t<\/div>\n\t\t<div class=\"elementor-element elementor-element-2637832 e-con-full e-flex e-con e-child\" data-id=\"2637832\" data-element_type=\"container\" data-e-type=\"container\">\n\t\t\t\t<div class=\"elementor-element elementor-element-e19a97d elementor-shape-circle e-grid-align-left elementor-widget__width-initial elementor-grid-0 elementor-widget elementor-widget-social-icons\" data-id=\"e19a97d\" data-element_type=\"widget\" data-e-type=\"widget\" data-widget_type=\"social-icons.default\">\n\t\t\t\t<div class=\"elementor-widget-container\">\n\t\t\t\t\t\t\t<div class=\"elementor-social-icons-wrapper elementor-grid\">\n\t\t\t\t\t\t\t<span class=\"elementor-grid-item\">\n\t\t\t\t\t<a class=\"elementor-icon elementor-social-icon elementor-social-icon-church elementor-animation-shrink elementor-repeater-item-8333dd3\" href=\"https:\/\/evangeliser.net\/\" target=\"_blank\">\n\t\t\t\t\t\t<span class=\"elementor-screen-only\">Church<\/span>\n\t\t\t\t\t\t<i aria-hidden=\"true\" class=\"fas fa-church\"><\/i>\t\t\t\t\t<\/a>\n\t\t\t\t<\/span>\n\t\t\t\t\t<\/div>\n\t\t\t\t\t\t<\/div>\n\t\t\t\t<\/div>\n\t\t\t\t<div class=\"elementor-element elementor-element-12ba769 elementor-widget elementor-widget-text-editor\" data-id=\"12ba769\" data-element_type=\"widget\" data-e-type=\"widget\" data-widget_type=\"text-editor.default\">\n\t\t\t\t<div class=\"elementor-widget-container\">\n\t\t\t\t\t\t\t\t\t<p><a href=\"https:\/\/evangeliser.net\/\">Sitio web de G\u00c9RALD LA JEUNESSE<\/a><\/p>\n\t\t\t\t\t\t\t\t<\/div>\n\t\t\t\t<\/div>\n\t\t\t\t<\/div>\n\t\t<div class=\"elementor-element elementor-element-839e128 e-con-full e-flex e-con e-child\" data-id=\"839e128\" data-element_type=\"container\" data-e-type=\"container\">\n\t\t\t\t<div class=\"elementor-element elementor-element-9df430f elementor-shape-circle e-grid-align-left elementor-widget__width-initial elementor-grid-0 elementor-widget elementor-widget-social-icons\" data-id=\"9df430f\" data-element_type=\"widget\" data-e-type=\"widget\" data-widget_type=\"social-icons.default\">\n\t\t\t\t<div class=\"elementor-widget-container\">\n\t\t\t\t\t\t\t<div class=\"elementor-social-icons-wrapper elementor-grid\">\n\t\t\t\t\t\t\t<span class=\"elementor-grid-item\">\n\t\t\t\t\t<a class=\"elementor-icon elementor-social-icon elementor-social-icon-link elementor-animation-shrink elementor-repeater-item-8333dd3\" href=\"https:\/\/dieumajoie.blogspot.com\/\" target=\"_blank\">\n\t\t\t\t\t\t<span class=\"elementor-screen-only\">Link<\/span>\n\t\t\t\t\t\t<i aria-hidden=\"true\" class=\"fas fa-link\"><\/i>\t\t\t\t\t<\/a>\n\t\t\t\t<\/span>\n\t\t\t\t\t<\/div>\n\t\t\t\t\t\t<\/div>\n\t\t\t\t<\/div>\n\t\t\t\t<div class=\"elementor-element elementor-element-ec0835e elementor-widget elementor-widget-text-editor\" data-id=\"ec0835e\" data-element_type=\"widget\" data-e-type=\"widget\" data-widget_type=\"text-editor.default\">\n\t\t\t\t<div class=\"elementor-widget-container\">\n\t\t\t\t\t\t\t\t\t<p>Blog de GUY SIMARD, OMV<\/p>\n\t\t\t\t\t\t\t\t<\/div>\n\t\t\t\t<\/div>\n\t\t\t\t<\/div>\n\t\t\t\t<\/div>\n\t\t\t\t\t<\/div>\n\t\t\t\t<\/div>\n\t\t\t\t<\/div>\n\t\t","protected":false},"excerpt":{"rendered":"<p>Oblatos de la Virgen Mar\u00eda CANAD\u00c1 Misi\u00f3n oblata en Canad\u00e1: servicio parroquial y evangelizaci\u00f3n de los j\u00f3venes Los Oblatos de la Virgen Mar\u00eda llegaron a Canad\u00e1 en 1985, donde trabajaron durante varios a\u00f1os en parroquias y casas de retiro. De momento (en 2020-2021), los seis oblatos de la delegaci\u00f3n viven en el mismo presbiterio de [&hellip;]<\/p>\n","protected":false},"author":1,"featured_media":0,"parent":0,"menu_order":0,"comment_status":"closed","ping_status":"closed","template":"elementor_header_footer","meta":{"footnotes":""},"class_list":["post-6398","page","type-page","status-publish","hentry"],"_links":{"self":[{"href":"https:\/\/www.chapelle-sainte-rita.com\/es\/wp-json\/wp\/v2\/pages\/6398","targetHints":{"allow":["GET"]}}],"collection":[{"href":"https:\/\/www.chapelle-sainte-rita.com\/es\/wp-json\/wp\/v2\/pages"}],"about":[{"href":"https:\/\/www.chapelle-sainte-rita.com\/es\/wp-json\/wp\/v2\/types\/page"}],"author":[{"embeddable":true,"href":"https:\/\/www.chapelle-sainte-rita.com\/es\/wp-json\/wp\/v2\/users\/1"}],"replies":[{"embeddable":true,"href":"https:\/\/www.chapelle-sainte-rita.com\/es\/wp-json\/wp\/v2\/comments?post=6398"}],"version-history":[{"count":1,"href":"https:\/\/www.chapelle-sainte-rita.com\/es\/wp-json\/wp\/v2\/pages\/6398\/revisions"}],"predecessor-version":[{"id":6399,"href":"https:\/\/www.chapelle-sainte-rita.com\/es\/wp-json\/wp\/v2\/pages\/6398\/revisions\/6399"}],"wp:attachment":[{"href":"https:\/\/www.chapelle-sainte-rita.com\/es\/wp-json\/wp\/v2\/media?parent=6398"}],"curies":[{"name":"wp","href":"https:\/\/api.w.org\/{rel}","templated":true}]}}