{"id":11619,"date":"2025-01-17T22:27:54","date_gmt":"2025-01-17T21:27:54","guid":{"rendered":"https:\/\/www.chapelle-sainte-rita.com\/lanno-santo-le-sue-origini-bibliche-la-sua-storia-e-la-sua-porta\/"},"modified":"2025-03-13T11:36:53","modified_gmt":"2025-03-13T10:36:53","slug":"lanno-santo-le-sue-origini-bibliche-la-sua-storia-e-la-sua-porta","status":"publish","type":"page","link":"https:\/\/www.chapelle-sainte-rita.com\/it\/lanno-santo-le-sue-origini-bibliche-la-sua-storia-e-la-sua-porta\/","title":{"rendered":"L&#8217;Anno Santo: le sue origini bibliche, la sua storia e la sua &#8220;Porta&#8221;."},"content":{"rendered":"\t\t<div data-elementor-type=\"wp-page\" data-elementor-id=\"11619\" class=\"elementor elementor-11619 elementor-9939\" data-elementor-post-type=\"page\">\n\t\t\t\t<div class=\"elementor-element elementor-element-30eeabf e-flex e-con-boxed e-con e-parent\" data-id=\"30eeabf\" data-element_type=\"container\" data-e-type=\"container\">\n\t\t\t\t\t<div class=\"e-con-inner\">\n\t\t\t\t<div class=\"elementor-element elementor-element-fa2def1 elementor-widget elementor-widget-text-editor\" data-id=\"fa2def1\" data-element_type=\"widget\" data-e-type=\"widget\" data-widget_type=\"text-editor.default\">\n\t\t\t\t<div class=\"elementor-widget-container\">\n\t\t\t\t\t\t\t\t\t<p><strong>Origini bibliche<\/strong><\/p>\n\t\t\t\t\t\t\t\t<\/div>\n\t\t\t\t<\/div>\n\t\t\t\t\t<\/div>\n\t\t\t\t<\/div>\n\t\t<div class=\"elementor-element elementor-element-5a8f586 e-flex e-con-boxed e-con e-parent\" data-id=\"5a8f586\" data-element_type=\"container\" data-e-type=\"container\">\n\t\t\t\t\t<div class=\"e-con-inner\">\n\t\t\t\t<div class=\"elementor-element elementor-element-112a65f elementor-widget elementor-widget-text-editor\" data-id=\"112a65f\" data-element_type=\"widget\" data-e-type=\"widget\" data-widget_type=\"text-editor.default\">\n\t\t\t\t<div class=\"elementor-widget-container\">\n\t\t\t\t\t\t\t\t\t<ul>\n<li>In primo luogo, la Bibbia, in particolare <strong><u>l&#8217;Antico Testamento,<\/u><\/strong> l&#8217;idea del giubileo proviene dal Libro del Levitico (25, 8-13). Questo libro \u00e8 il terzo dei cinque libri della Torah. Deve il suo nome al termine &#8220;levita&#8221;, che si riferisce ai membri della trib\u00f9 di Levi, che tradizionalmente si occupavano del Tempio e da cui discendevano i sacerdoti. Parla dei doveri sacerdotali in Israele. Dice quanto segue:    <\/li>\n<\/ul>\n\t\t\t\t\t\t\t\t<\/div>\n\t\t\t\t<\/div>\n\t\t\t\t<div class=\"elementor-element elementor-element-d89bca6 elementor-widget elementor-widget-text-editor\" data-id=\"d89bca6\" data-element_type=\"widget\" data-e-type=\"widget\" data-widget_type=\"text-editor.default\">\n\t\t\t\t<div class=\"elementor-widget-container\">\n\t\t\t\t\t\t\t\t\t<p><em><span style=\"text-decoration: underline;\"><strong><span style=\"color: #993366; text-decoration: underline;\">08<\/span><\/strong><\/span> Conterai sette settimane di anni, cio\u00e8 <b>sette volte sette anni<\/b>, o quarantanove anni. <span style=\"color: var( --e-global-color-text );\"><strong><span style=\"text-decoration-line: underline; color: #993366;\">09<\/span> <\/strong><\/span><span style=\"color: var( --e-global-color-text );\">Nel settimo mese, il decimo giorno del mese, durante la <b>festa dell&#8217;espiazione<\/b>, suonerai il corno in segno di lode; in tutto il tuo paese suonerai il corno in quel giorno. <\/span><span style=\"color: var( --e-global-color-text );\"><strong><span style=\"text-decoration-line: underline; color: #993366;\">10<\/span> <\/strong><\/span> <span style=\"color: var( --e-global-color-text );\"><b>Farete del cinquantesimo anno un anno santo e proclamerete la liberazione per tutti gli abitanti del paese. Sar\u00e0 un giubileo per voi: ognuno di voi torner\u00e0 alla sua propriet\u00e0, ognuno di voi torner\u00e0 al suo clan. <\/b>.  <\/span><span style=\"color: var( --e-global-color-text );\"><strong><span style=\"text-decoration-line: underline; color: #993366;\">11<\/span> <\/strong><\/span><span style=\"color: var( --e-global-color-text );\">Questo cinquantesimo anno sar\u00e0 per voi un <b>anno di giubileo<\/b>: non seminerete, non mieterete il grano che \u00e8 cresciuto da solo, non vendemmierete la vite non tagliata. <\/span><span style=\"color: var( --e-global-color-text );\"><strong><span style=\"text-decoration-line: underline; color: #993366;\">12<\/span> <\/strong><\/span><span style=\"color: var( --e-global-color-text );\">Il giubileo sar\u00e0 sacro per te; mangerai ci\u00f2 che cresce nei campi. <\/span><span style=\"color: var( --e-global-color-text );\"><strong><span style=\"text-decoration-line: underline; color: #993366;\">13<\/span> <\/strong><\/span><span style=\"color: var( --e-global-color-text );\">In quest&#8217;anno di giubileo, ognuno di voi torner\u00e0 alla sua terra.<\/span><\/em><\/p>\n\t\t\t\t\t\t\t\t<\/div>\n\t\t\t\t<\/div>\n\t\t\t\t<div class=\"elementor-element elementor-element-893e54a elementor-widget elementor-widget-text-editor\" data-id=\"893e54a\" data-element_type=\"widget\" data-e-type=\"widget\" data-widget_type=\"text-editor.default\">\n\t\t\t\t<div class=\"elementor-widget-container\">\n\t\t\t\t\t\t\t\t\t<p>Cos\u00ec, ogni cinquant&#8217;anni, gli israeliti celebravano un Giubileo. Era un anno di <b>liberazione <\/b>e di <b>gioia<\/b>, in cui gli schiavi venivano liberati, i debiti cancellati e la terra restituita ai proprietari originari. Era considerato un <b>anno <\/b> <b>sacro<\/b>, un momento in cui la terra si riposava e le persone si dedicavano a Dio e alla famiglia.  <\/p>\n\t\t\t\t\t\t\t\t<\/div>\n\t\t\t\t<\/div>\n\t\t\t\t<div class=\"elementor-element elementor-element-24fac15 elementor-widget elementor-widget-text-editor\" data-id=\"24fac15\" data-element_type=\"widget\" data-e-type=\"widget\" data-widget_type=\"text-editor.default\">\n\t\t\t\t<div class=\"elementor-widget-container\">\n\t\t\t\t\t\t\t\t\t<ul>\n<li>Poi, nel <strong><u>Nuovo Testamento<\/u><\/strong>l&#8217;idea del perdono e del rinnovamento spirituale, in particolare l&#8217;insegnamento di Ges\u00f9 sulla misericordia e sul perdono, ha influenzato anche la nozione di Giubileo nel cristianesimo.<\/li>\n<\/ul>\n\t\t\t\t\t\t\t\t<\/div>\n\t\t\t\t<\/div>\n\t\t\t\t\t<\/div>\n\t\t\t\t<\/div>\n\t\t<div class=\"elementor-element elementor-element-b13abf4 e-flex e-con-boxed e-con e-parent\" data-id=\"b13abf4\" data-element_type=\"container\" data-e-type=\"container\">\n\t\t\t\t\t<div class=\"e-con-inner\">\n\t\t\t\t<div class=\"elementor-element elementor-element-0ffbf1b elementor-widget elementor-widget-image\" data-id=\"0ffbf1b\" data-element_type=\"widget\" data-e-type=\"widget\" data-widget_type=\"image.default\">\n\t\t\t\t<div class=\"elementor-widget-container\">\n\t\t\t\t\t\t\t\t\t\t\t\t\t\t\t<img fetchpriority=\"high\" decoding=\"async\" width=\"750\" height=\"350\" src=\"https:\/\/www.chapelle-sainte-rita.com\/wp-content\/uploads\/2025\/01\/Oraison-63.webp\" class=\"attachment-large size-large wp-image-9954\" alt=\"\" srcset=\"https:\/\/www.chapelle-sainte-rita.com\/wp-content\/uploads\/2025\/01\/Oraison-63.webp 750w, https:\/\/www.chapelle-sainte-rita.com\/wp-content\/uploads\/2025\/01\/Oraison-63-300x140.webp 300w\" sizes=\"(max-width: 750px) 100vw, 750px\" \/>\t\t\t\t\t\t\t\t\t\t\t\t\t\t\t<\/div>\n\t\t\t\t<\/div>\n\t\t\t\t\t<\/div>\n\t\t\t\t<\/div>\n\t\t<div class=\"elementor-element elementor-element-dfe0a41 e-flex e-con-boxed e-con e-parent\" data-id=\"dfe0a41\" data-element_type=\"container\" data-e-type=\"container\">\n\t\t\t\t\t<div class=\"e-con-inner\">\n\t\t\t\t<div class=\"elementor-element elementor-element-d24cd1d elementor-widget elementor-widget-text-editor\" data-id=\"d24cd1d\" data-element_type=\"widget\" data-e-type=\"widget\" data-widget_type=\"text-editor.default\">\n\t\t\t\t<div class=\"elementor-widget-container\">\n\t\t\t\t\t\t\t\t\t<p><strong>La sua storia<\/strong><\/p>\n\t\t\t\t\t\t\t\t<\/div>\n\t\t\t\t<\/div>\n\t\t\t\t\t<\/div>\n\t\t\t\t<\/div>\n\t\t<div class=\"elementor-element elementor-element-76aebf9 e-flex e-con-boxed e-con e-parent\" data-id=\"76aebf9\" data-element_type=\"container\" data-e-type=\"container\">\n\t\t\t\t\t<div class=\"e-con-inner\">\n\t\t\t\t<div class=\"elementor-element elementor-element-aefea54 elementor-widget elementor-widget-text-editor\" data-id=\"aefea54\" data-element_type=\"widget\" data-e-type=\"widget\" data-widget_type=\"text-editor.default\">\n\t\t\t\t<div class=\"elementor-widget-container\">\n\t\t\t\t\t\t\t\t\t<ul>\n<li>Fu nel <b>1300 <\/b>che Papa Bonifacio VIII istitu\u00ec il primo Anno Santo. Furono gli stessi pellegrini, molti dei quali si trovavano a Roma in quell&#8217;anno, a chiederglielo. Il clima era favorevole. Sotto l&#8217;influenza degli spiritualisti francescani e del loro maestro di pensiero, Gioacchino da Flora (XII secolo), la cristianit\u00e0 occidentale stava vivendo un periodo di tensione escatologica e apocalittica. La bolla papale del 22 febbraio 1300 concesse la remissione completa dei peccati e la revoca delle pene a tutti coloro che, dopo essersi confessati, avessero visitato le basiliche romane di San Pietro e San Paolo ogni giorno per quindici giorni. Per garantire che nessuna generazione fosse privata dei benefici di questa indulgenza eccezionale, Bonifacio VIII fiss\u00f2 l&#8217;intervallo tra due Giubilei a cinquant&#8217;anni. Questa decisione introdusse nella Chiesa latina d&#8217;Occidente l&#8217;usanza del giubileo, un periodo di un anno caratterizzato da una sovrabbondanza di misericordia divina e qualificato, per questo motivo, come &#8220;anno santo&#8221;.      <\/li>\n<li>Dalla met\u00e0 del XV secolo, i giubilei si tennero ogni venticinque anni. Le condizioni per ottenere l&#8217;indulgenza giubilare erano gi\u00e0 state ampliate con l&#8217;aggiunta della Basilica Lateranense e della Basilica di Santa Maria Maggiore alle due precedenti. Il rito di apertura e chiusura delle porte sante delle quattro basiliche maggiori risale al pontificato di Alessandro VI Borgia (1499).  <\/li>\n<\/ul>\n\t\t\t\t\t\t\t\t<\/div>\n\t\t\t\t<\/div>\n\t\t\t\t\t<\/div>\n\t\t\t\t<\/div>\n\t\t<div class=\"elementor-element elementor-element-a5819dc e-flex e-con-boxed e-con e-parent\" data-id=\"a5819dc\" data-element_type=\"container\" data-e-type=\"container\">\n\t\t\t\t\t<div class=\"e-con-inner\">\n\t\t\t\t<div class=\"elementor-element elementor-element-b55f2b7 elementor-widget elementor-widget-image\" data-id=\"b55f2b7\" data-element_type=\"widget\" data-e-type=\"widget\" data-widget_type=\"image.default\">\n\t\t\t\t<div class=\"elementor-widget-container\">\n\t\t\t\t\t\t\t\t\t\t\t\t\t\t\t<img decoding=\"async\" width=\"800\" height=\"394\" src=\"https:\/\/www.chapelle-sainte-rita.com\/wp-content\/uploads\/2025\/01\/Annee-sainte-redecouvrir-des-traditions-propres-au-catholicisme-RCF-3.jpg-3-1024x504.jpg\" class=\"attachment-large size-large wp-image-10168\" alt=\"\" srcset=\"https:\/\/www.chapelle-sainte-rita.com\/wp-content\/uploads\/2025\/01\/Annee-sainte-redecouvrir-des-traditions-propres-au-catholicisme-RCF-3.jpg-3-1024x504.jpg 1024w, https:\/\/www.chapelle-sainte-rita.com\/wp-content\/uploads\/2025\/01\/Annee-sainte-redecouvrir-des-traditions-propres-au-catholicisme-RCF-3.jpg-3-300x148.jpg 300w, https:\/\/www.chapelle-sainte-rita.com\/wp-content\/uploads\/2025\/01\/Annee-sainte-redecouvrir-des-traditions-propres-au-catholicisme-RCF-3.jpg-3-768x378.jpg 768w, https:\/\/www.chapelle-sainte-rita.com\/wp-content\/uploads\/2025\/01\/Annee-sainte-redecouvrir-des-traditions-propres-au-catholicisme-RCF-3.jpg-3.jpg 1280w\" sizes=\"(max-width: 800px) 100vw, 800px\" \/>\t\t\t\t\t\t\t\t\t\t\t\t\t\t\t<\/div>\n\t\t\t\t<\/div>\n\t\t\t\t\t<\/div>\n\t\t\t\t<\/div>\n\t\t<div class=\"elementor-element elementor-element-744d36a e-flex e-con-boxed e-con e-parent\" data-id=\"744d36a\" data-element_type=\"container\" data-e-type=\"container\">\n\t\t\t\t\t<div class=\"e-con-inner\">\n\t\t\t\t<div class=\"elementor-element elementor-element-21c2e2a elementor-widget elementor-widget-text-editor\" data-id=\"21c2e2a\" data-element_type=\"widget\" data-e-type=\"widget\" data-widget_type=\"text-editor.default\">\n\t\t\t\t<div class=\"elementor-widget-container\">\n\t\t\t\t\t\t\t\t\t<ul class=\"wp-block-list\">\n<li>La dimensione spirituale dell&#8217;Anno Santo si rafforz\u00f2 ulteriormente a partire dal 1575, a seguito della Riforma Cattolica. Il pellegrinaggio giubilare divenne una grande impresa di penitenza e mortificazione collettiva intorno al Romano Pontefice. I pellegrini avevano bisogno di coraggio! Ai pericoli del viaggio si aggiungevano le difficolt\u00e0 sul posto: trovare alloggio, cibo, muoversi in citt\u00e0, evitare i borseggi&#8230; Dopo la grande scissione del protestantesimo, l&#8217;ospitalit\u00e0 e gli alloggi si svilupparono per adeguarsi alle dimensioni del pellegrinaggio, che continu\u00f2 ad attirare a Roma folle dalle nazioni europee rimaste fedeli alla Chiesa Cattolica Romana.   <\/li>\n<\/ul>\n<p><\/p>\n<ul class=\"wp-block-list\">\n<li>La lenta scristianizzazione del XVIII secolo, le rivoluzioni del XIX e il declino e poi il crollo del potere temporale dei papi fermarono il Giubileo per un secolo (1825-1925). Gli Anni Santi del 1850, 1875 e 1900 furono proclamati ma non celebrati. Sei giubilei, di cui due straordinari, segnarono il XX secolo: 1925 e 1933 (1900\u00b0 anniversario della Passione di Cristo, Pio XI), 1950 (Pio XII), 1975 (Paolo VI), 1983 (Giubileo della Redenzione) e 2000 (Giovanni Paolo II).    <\/li>\n<\/ul>\n<p><\/p>\n<ul class=\"wp-block-list\">\n<li>Dal 1300, i papi hanno gradualmente esteso la portata del Giubileo. Nel 1950, Pio XII proclam\u00f2 la natura universale dell&#8217;indulgenza giubilare. Da quel momento in poi non fu pi\u00f9 necessario recarsi a Roma. L&#8217;Anno Santo \u00e8 visto come un momento importante &#8211; di conversione, penitenza, perdono e ringraziamento &#8211; nella vita della Chiesa e come il frutto di una politica papale volta a riunire i fedeli intorno alla persona del Papa.   <\/li>\n<\/ul>\n<p><\/p>\n<ul class=\"wp-block-list\">\n<li>La storia registra ora ventinove anni santi, compreso il 2025.<\/li>\n<\/ul>\t\t\t\t\t\t\t\t<\/div>\n\t\t\t\t<\/div>\n\t\t\t\t\t<\/div>\n\t\t\t\t<\/div>\n\t\t<div class=\"elementor-element elementor-element-636f17a e-flex e-con-boxed e-con e-parent\" data-id=\"636f17a\" data-element_type=\"container\" data-e-type=\"container\">\n\t\t\t\t\t<div class=\"e-con-inner\">\n\t\t\t\t<div class=\"elementor-element elementor-element-e4fe8f4 elementor-widget elementor-widget-text-editor\" data-id=\"e4fe8f4\" data-element_type=\"widget\" data-e-type=\"widget\" data-widget_type=\"text-editor.default\">\n\t\t\t\t<div class=\"elementor-widget-container\">\n\t\t\t\t\t\t\t\t\t<figure class=\"wp-block-image aligncenter size-large is-resized\"><\/figure>\n<p><\/p>\n<ul class=\"wp-block-list\"><\/ul>\n<p>Rif \/ Monique Maillard-Luypaert, diocesi di Tournai, 2025 <\/p>\t\t\t\t\t\t\t\t<\/div>\n\t\t\t\t<\/div>\n\t\t\t\t\t<\/div>\n\t\t\t\t<\/div>\n\t\t<div class=\"elementor-element elementor-element-85b85cc e-flex e-con-boxed e-con e-parent\" data-id=\"85b85cc\" data-element_type=\"container\" data-e-type=\"container\">\n\t\t\t\t\t<div class=\"e-con-inner\">\n\t\t\t\t<div class=\"elementor-element elementor-element-2b2da83 elementor-widget elementor-widget-image\" data-id=\"2b2da83\" data-element_type=\"widget\" data-e-type=\"widget\" data-widget_type=\"image.default\">\n\t\t\t\t<div class=\"elementor-widget-container\">\n\t\t\t\t\t\t\t\t\t\t\t\t\t\t\t<img decoding=\"async\" width=\"800\" height=\"418\" src=\"https:\/\/www.chapelle-sainte-rita.com\/wp-content\/uploads\/2025\/01\/gettyimages-624557804-2-1024x535.jpg\" class=\"attachment-large size-large wp-image-10179\" alt=\"\" srcset=\"https:\/\/www.chapelle-sainte-rita.com\/wp-content\/uploads\/2025\/01\/gettyimages-624557804-2-1024x535.jpg 1024w, https:\/\/www.chapelle-sainte-rita.com\/wp-content\/uploads\/2025\/01\/gettyimages-624557804-2-300x157.jpg 300w, https:\/\/www.chapelle-sainte-rita.com\/wp-content\/uploads\/2025\/01\/gettyimages-624557804-2-768x401.jpg 768w, https:\/\/www.chapelle-sainte-rita.com\/wp-content\/uploads\/2025\/01\/gettyimages-624557804-2.jpg 1200w\" sizes=\"(max-width: 800px) 100vw, 800px\" \/>\t\t\t\t\t\t\t\t\t\t\t\t\t\t\t<\/div>\n\t\t\t\t<\/div>\n\t\t\t\t<div class=\"elementor-element elementor-element-a50e10f elementor-widget elementor-widget-text-editor\" data-id=\"a50e10f\" data-element_type=\"widget\" data-e-type=\"widget\" data-widget_type=\"text-editor.default\">\n\t\t\t\t<div class=\"elementor-widget-container\">\n\t\t\t\t\t\t\t\t\t<p><strong>La Porta Santa<\/strong><\/p>\n\t\t\t\t\t\t\t\t<\/div>\n\t\t\t\t<\/div>\n\t\t\t\t\t<\/div>\n\t\t\t\t<\/div>\n\t\t<div class=\"elementor-element elementor-element-95536e0 e-flex e-con-boxed e-con e-parent\" data-id=\"95536e0\" data-element_type=\"container\" data-e-type=\"container\">\n\t\t\t\t\t<div class=\"e-con-inner\">\n\t\t\t\t<div class=\"elementor-element elementor-element-8ae32b4 elementor-widget elementor-widget-text-editor\" data-id=\"8ae32b4\" data-element_type=\"widget\" data-e-type=\"widget\" data-widget_type=\"text-editor.default\">\n\t\t\t\t<div class=\"elementor-widget-container\">\n\t\t\t\t\t\t\t\t\t<ul>\n<li>La Porta Santa ci ricorda la responsabilit\u00e0 che ogni credente ha nel varcarne la soglia: <strong>\u00e8 una decisione che presuppone la libert\u00e0 di scegliere e allo stesso tempo il coraggio di rinunciare a qualcosa, di lasciarsi alle spalle qualcosa <\/strong>(cfr. Mt 13, 44-46); <strong>attraversare questa porta significa professare che Ges\u00f9 Cristo \u00e8 il Signore, rafforzando la nostra fede in Lui, per vivere la nuova vita che ci ha donato<\/strong>. Questo \u00e8 ci\u00f2 che Papa Giovanni Paolo II ha annunciato al mondo il giorno stesso della sua elezione: <strong><em>&#8220;Spalancate le porte a Cristo&#8221;.<\/em><\/strong> <\/li>\n<\/ul>\n\t\t\t\t\t\t\t\t<\/div>\n\t\t\t\t<\/div>\n\t\t\t\t<div class=\"elementor-element elementor-element-30c5331 elementor-widget elementor-widget-text-editor\" data-id=\"30c5331\" data-element_type=\"widget\" data-e-type=\"widget\" data-widget_type=\"text-editor.default\">\n\t\t\t\t<div class=\"elementor-widget-container\">\n\t\t\t\t\t\t\t\t\t<ul>\n<li>Una Porta Santa \u00e8 la traduzione concreta nella nostra vita quotidiana dell&#8217;immagine che Ges\u00f9 stesso applica a se stesso nel Vangelo: <strong><em>&#8220;Io sono la porta. Se uno entra attraverso di me, sar\u00e0 salvato&#8221;.<\/em><\/strong> (Giovanni 10, 9).<\/li>\n<\/ul>\n<div> <\/div>\n<ul class=\"wp-block-list\">\n<li>La Porta Santa della Basilica di San Pietro a Roma fu aperta per la prima volta nel Natale del 1499. Il 24 dicembre 2024, Papa Francesco la riaprir\u00e0 in occasione dell&#8217;inizio dell&#8217;Anno Santo del Giubileo &#8220;Pellegrini della Speranza&#8221;.   <\/li>\n<\/ul>\n<ul class=\"wp-block-list\">\n<li>C&#8217;\u00e8 una Porta Santa in ognuna delle quattro basiliche principali di Roma: San Giovanni in Laterano (la cattedrale del Papa), San Pietro, Santa Maria Maggiore e San Paolo fuori le Mura.<\/li>\n<\/ul>\n\t\t\t\t\t\t\t\t<\/div>\n\t\t\t\t<\/div>\n\t\t\t\t\t<\/div>\n\t\t\t\t<\/div>\n\t\t\t\t<\/div>\n\t\t","protected":false},"excerpt":{"rendered":"<p>Origini bibliche In primo luogo, la Bibbia, in particolare l&#8217;Antico Testamento, l&#8217;idea del giubileo proviene dal Libro del Levitico (25, 8-13). Questo libro \u00e8 il terzo dei cinque libri della Torah. Deve il suo nome al termine &#8220;levita&#8221;, che si riferisce ai membri della trib\u00f9 di Levi, che tradizionalmente si occupavano del Tempio e da [&hellip;]<\/p>\n","protected":false},"author":1,"featured_media":9942,"parent":0,"menu_order":0,"comment_status":"closed","ping_status":"closed","template":"","meta":{"footnotes":""},"class_list":["post-11619","page","type-page","status-publish","has-post-thumbnail","hentry"],"_links":{"self":[{"href":"https:\/\/www.chapelle-sainte-rita.com\/it\/wp-json\/wp\/v2\/pages\/11619","targetHints":{"allow":["GET"]}}],"collection":[{"href":"https:\/\/www.chapelle-sainte-rita.com\/it\/wp-json\/wp\/v2\/pages"}],"about":[{"href":"https:\/\/www.chapelle-sainte-rita.com\/it\/wp-json\/wp\/v2\/types\/page"}],"author":[{"embeddable":true,"href":"https:\/\/www.chapelle-sainte-rita.com\/it\/wp-json\/wp\/v2\/users\/1"}],"replies":[{"embeddable":true,"href":"https:\/\/www.chapelle-sainte-rita.com\/it\/wp-json\/wp\/v2\/comments?post=11619"}],"version-history":[{"count":1,"href":"https:\/\/www.chapelle-sainte-rita.com\/it\/wp-json\/wp\/v2\/pages\/11619\/revisions"}],"predecessor-version":[{"id":11620,"href":"https:\/\/www.chapelle-sainte-rita.com\/it\/wp-json\/wp\/v2\/pages\/11619\/revisions\/11620"}],"wp:featuredmedia":[{"embeddable":true,"href":"https:\/\/www.chapelle-sainte-rita.com\/it\/wp-json\/wp\/v2\/media\/9942"}],"wp:attachment":[{"href":"https:\/\/www.chapelle-sainte-rita.com\/it\/wp-json\/wp\/v2\/media?parent=11619"}],"curies":[{"name":"wp","href":"https:\/\/api.w.org\/{rel}","templated":true}]}}