{"id":11631,"date":"2025-01-17T22:05:18","date_gmt":"2025-01-17T21:05:18","guid":{"rendered":"https:\/\/www.chapelle-sainte-rita.com\/bolla-di-indizione-del-giubileo-spes-non-confundit\/"},"modified":"2026-02-25T07:04:18","modified_gmt":"2026-02-25T06:04:18","slug":"bolla-di-indizione-del-giubileo-spes-non-confundit","status":"publish","type":"page","link":"https:\/\/www.chapelle-sainte-rita.com\/it\/bolla-di-indizione-del-giubileo-spes-non-confundit\/","title":{"rendered":"Bolla di indizione del Giubileo: &#8220;Spes non confundit"},"content":{"rendered":"\t\t<div data-elementor-type=\"wp-page\" data-elementor-id=\"11631\" class=\"elementor elementor-11631 elementor-9914\" data-elementor-post-type=\"page\">\n\t\t\t\t<div class=\"elementor-element elementor-element-5f1b090 e-flex e-con-boxed e-con e-parent\" data-id=\"5f1b090\" data-element_type=\"container\" data-e-type=\"container\">\n\t\t\t\t\t<div class=\"e-con-inner\">\n\t\t\t\t<div class=\"elementor-element elementor-element-5b44903 elementor-widget elementor-widget-text-editor\" data-id=\"5b44903\" data-element_type=\"widget\" data-e-type=\"widget\" data-widget_type=\"text-editor.default\">\n\t\t\t\t<div class=\"elementor-widget-container\">\n\t\t\t\t\t\t\t\t\t<p>1 &#8220;Spes non confundit&#8221;, &#8220;la speranza non delude&#8221; (Rm 5,5). Sotto il segno della speranza, l&#8217;apostolo Paolo stimola il coraggio della comunit\u00e0 cristiana di Roma. La speranza sar\u00e0 anche il messaggio centrale del prossimo Giubileo, che il Papa indir\u00e0 ogni venticinque anni, secondo un&#8217;antica tradizione. Penso a tutti i pellegrini della speranza che arriveranno a Roma per vivere l&#8217;Anno Santo e a coloro che, non potendo recarsi nella citt\u00e0 degli apostoli Pietro e Paolo, lo celebreranno nelle Chiese particolari. Che sia per tutti un momento di incontro vivo e personale con il Signore Ges\u00f9, <b><i>&#8220;la &#8220;porta<\/i><\/b> della salvezza (cfr. Gv 10:7, 9). Egli \u00e8 <i><b>&#8220;la nostra speranza<\/b><\/i> (cfr. 1 Tim 1:1) ed \u00e8 missione della Chiesa annunciarlo sempre, ovunque e a tutti.     <\/p><p><span style=\"color: var( --e-global-color-text ); font-family: var( --e-global-typography-text-font-family ), Sans-serif; font-size: var( --e-global-typography-text-font-size ); font-weight: var( --e-global-typography-text-font-weight );\">Tutti sperano. La speranza \u00e8 contenuta nel cuore di ogni persona come desiderio e aspettativa di bene, anche se non sappiamo cosa ci riserver\u00e0 il domani. L&#8217;imprevedibilit\u00e0 del futuro d\u00e0 origine a sentimenti talvolta contraddittori: dalla fiducia alla paura, dalla serenit\u00e0 allo scoraggiamento, dalla certezza al dubbio. Spesso incontriamo persone scoraggiate che guardano al futuro con scetticismo e pessimismo, come se nulla potesse dare loro la felicit\u00e0. Che il Giubileo sia un&#8217;opportunit\u00e0 per tutti di riaccendere la speranza. La Parola di Dio ci aiuta a trovarne le ragioni. Lasciamoci guidare da ci\u00f2 che l&#8217;apostolo Paolo scrisse ai cristiani di Roma.      <\/span><\/p>\t\t\t\t\t\t\t\t<\/div>\n\t\t\t\t<\/div>\n\t\t\t\t\t<\/div>\n\t\t\t\t<\/div>\n\t\t<div class=\"elementor-element elementor-element-a4d9d1c e-grid e-con-boxed e-con e-parent\" data-id=\"a4d9d1c\" data-element_type=\"container\" data-e-type=\"container\">\n\t\t\t\t\t<div class=\"e-con-inner\">\n\t\t\t\t<div class=\"elementor-element elementor-element-839a49e elementor-widget elementor-widget-image\" data-id=\"839a49e\" data-element_type=\"widget\" data-e-type=\"widget\" data-widget_type=\"image.default\">\n\t\t\t\t<div class=\"elementor-widget-container\">\n\t\t\t\t\t\t\t\t\t\t\t\t\t\t\t<img fetchpriority=\"high\" decoding=\"async\" width=\"800\" height=\"534\" src=\"https:\/\/www.chapelle-sainte-rita.com\/wp-content\/uploads\/2025\/01\/le-pape-francois-photo-sipa-ap-andrew-medichini-1702469758-1024x683.jpg\" class=\"attachment-large size-large wp-image-10092\" alt=\"\" srcset=\"https:\/\/www.chapelle-sainte-rita.com\/wp-content\/uploads\/2025\/01\/le-pape-francois-photo-sipa-ap-andrew-medichini-1702469758-1024x683.jpg 1024w, https:\/\/www.chapelle-sainte-rita.com\/wp-content\/uploads\/2025\/01\/le-pape-francois-photo-sipa-ap-andrew-medichini-1702469758-300x200.jpg 300w, https:\/\/www.chapelle-sainte-rita.com\/wp-content\/uploads\/2025\/01\/le-pape-francois-photo-sipa-ap-andrew-medichini-1702469758-768x512.jpg 768w, https:\/\/www.chapelle-sainte-rita.com\/wp-content\/uploads\/2025\/01\/le-pape-francois-photo-sipa-ap-andrew-medichini-1702469758-1536x1024.jpg 1536w, https:\/\/www.chapelle-sainte-rita.com\/wp-content\/uploads\/2025\/01\/le-pape-francois-photo-sipa-ap-andrew-medichini-1702469758.jpg 1600w\" sizes=\"(max-width: 800px) 100vw, 800px\" \/>\t\t\t\t\t\t\t\t\t\t\t\t\t\t\t<\/div>\n\t\t\t\t<\/div>\n\t\t\t\t<div class=\"elementor-element elementor-element-aa36465 elementor-widget elementor-widget-image\" data-id=\"aa36465\" data-element_type=\"widget\" data-e-type=\"widget\" data-widget_type=\"image.default\">\n\t\t\t\t<div class=\"elementor-widget-container\">\n\t\t\t\t\t\t\t\t\t\t\t\t\t\t\t<img decoding=\"async\" width=\"800\" height=\"668\" src=\"https:\/\/www.chapelle-sainte-rita.com\/wp-content\/uploads\/2025\/01\/licensed-image-1024x855.jpg\" class=\"attachment-large size-large wp-image-10080\" alt=\"\" srcset=\"https:\/\/www.chapelle-sainte-rita.com\/wp-content\/uploads\/2025\/01\/licensed-image-1024x855.jpg 1024w, https:\/\/www.chapelle-sainte-rita.com\/wp-content\/uploads\/2025\/01\/licensed-image-300x250.jpg 300w, https:\/\/www.chapelle-sainte-rita.com\/wp-content\/uploads\/2025\/01\/licensed-image-768x641.jpg 768w, https:\/\/www.chapelle-sainte-rita.com\/wp-content\/uploads\/2025\/01\/licensed-image-1536x1282.jpg 1536w, https:\/\/www.chapelle-sainte-rita.com\/wp-content\/uploads\/2025\/01\/licensed-image.jpg 2048w\" sizes=\"(max-width: 800px) 100vw, 800px\" \/>\t\t\t\t\t\t\t\t\t\t\t\t\t\t\t<\/div>\n\t\t\t\t<\/div>\n\t\t\t\t<div class=\"elementor-element elementor-element-e33fa65 elementor-widget elementor-widget-image\" data-id=\"e33fa65\" data-element_type=\"widget\" data-e-type=\"widget\" data-widget_type=\"image.default\">\n\t\t\t\t<div class=\"elementor-widget-container\">\n\t\t\t\t\t\t\t\t\t\t\t\t\t\t\t<img decoding=\"async\" width=\"800\" height=\"534\" src=\"https:\/\/www.chapelle-sainte-rita.com\/wp-content\/uploads\/2025\/01\/043-101543560-6720a40be2ba7623468842-1024x683.jpg\" class=\"attachment-large size-large wp-image-10087\" alt=\"\" srcset=\"https:\/\/www.chapelle-sainte-rita.com\/wp-content\/uploads\/2025\/01\/043-101543560-6720a40be2ba7623468842-1024x683.jpg 1024w, https:\/\/www.chapelle-sainte-rita.com\/wp-content\/uploads\/2025\/01\/043-101543560-6720a40be2ba7623468842-300x200.jpg 300w, https:\/\/www.chapelle-sainte-rita.com\/wp-content\/uploads\/2025\/01\/043-101543560-6720a40be2ba7623468842-768x512.jpg 768w, https:\/\/www.chapelle-sainte-rita.com\/wp-content\/uploads\/2025\/01\/043-101543560-6720a40be2ba7623468842-1536x1024.jpg 1536w, https:\/\/www.chapelle-sainte-rita.com\/wp-content\/uploads\/2025\/01\/043-101543560-6720a40be2ba7623468842-2048x1365.jpg 2048w\" sizes=\"(max-width: 800px) 100vw, 800px\" \/>\t\t\t\t\t\t\t\t\t\t\t\t\t\t\t<\/div>\n\t\t\t\t<\/div>\n\t\t\t\t\t<\/div>\n\t\t\t\t<\/div>\n\t\t<div class=\"elementor-element elementor-element-d55b485 e-flex e-con-boxed e-con e-parent\" data-id=\"d55b485\" data-element_type=\"container\" data-e-type=\"container\">\n\t\t\t\t\t<div class=\"e-con-inner\">\n\t\t\t\t<div class=\"elementor-element elementor-element-317db6f elementor-widget elementor-widget-text-editor\" data-id=\"317db6f\" data-element_type=\"widget\" data-e-type=\"widget\" data-widget_type=\"text-editor.default\">\n\t\t\t\t<div class=\"elementor-widget-container\">\n\t\t\t\t\t\t\t\t\t<ul><li><strong>Una parola di speranza<\/strong><\/li><\/ul>\t\t\t\t\t\t\t\t<\/div>\n\t\t\t\t<\/div>\n\t\t\t\t\t<\/div>\n\t\t\t\t<\/div>\n\t\t<div class=\"elementor-element elementor-element-83fb2a4 e-flex e-con-boxed e-con e-parent\" data-id=\"83fb2a4\" data-element_type=\"container\" data-e-type=\"container\">\n\t\t\t\t\t<div class=\"e-con-inner\">\n\t\t\t\t<div class=\"elementor-element elementor-element-df0efb5 elementor-widget elementor-widget-text-editor\" data-id=\"df0efb5\" data-element_type=\"widget\" data-e-type=\"widget\" data-widget_type=\"text-editor.default\">\n\t\t\t\t<div class=\"elementor-widget-container\">\n\t\t\t\t\t\t\t\t\t<p>2. <b><i>&#8220;Noi, che siamo stati resi giusti dalla fede, siamo in pace con Dio per mezzo del nostro Signore Ges\u00f9 Cristo, il quale, mediante la fede, ci ha dato accesso alla grazia in cui siamo stabiliti; e siamo fieri di sperare che parteciperemo alla gloria di Dio [&#8230;] La speranza non delude, poich\u00e9 l&#8217;amore di Dio \u00e8 stato riversato nei nostri cuori attraverso lo Spirito Santo che ci \u00e8 stato dato. [La speranza non delude, perch\u00e9 l&#8217;amore di Dio \u00e8 stato riversato nei nostri cuori attraverso lo Spirito Santo che ci \u00e8 stato dato&#8221;.<\/i><\/b> (Rm 5,1-2.5). Sono molti gli spunti di riflessione che San Paolo propone qui. Sappiamo che la Lettera ai Romani segna una tappa decisiva nella sua attivit\u00e0 di evangelizzazione. Fino ad allora aveva evangelizzato nella parte orientale dell&#8217;Impero, ora Roma lo attende con tutto ci\u00f2 che rappresenta agli occhi del mondo: una grande sfida per l&#8217;annuncio del Vangelo, che non pu\u00f2 conoscere barriere o confini. La Chiesa di Roma non \u00e8 stata fondata da Paolo. Egli sentiva il desiderio ardente di unirsi ad essa il prima possibile, per portare a tutti il Vangelo di Ges\u00f9 Cristo, morto e risorto, come annuncio della speranza che realizza le promesse, conduce alla gloria e, basandosi sull&#8217;amore, non delude.     <\/p>\t\t\t\t\t\t\t\t<\/div>\n\t\t\t\t<\/div>\n\t\t\t\t\t<\/div>\n\t\t\t\t<\/div>\n\t\t<div class=\"elementor-element elementor-element-7f4d28a e-flex e-con-boxed e-con e-parent\" data-id=\"7f4d28a\" data-element_type=\"container\" data-e-type=\"container\">\n\t\t\t\t\t<div class=\"e-con-inner\">\n\t\t\t\t<div class=\"elementor-element elementor-element-8e44b53 elementor-widget elementor-widget-text-editor\" data-id=\"8e44b53\" data-element_type=\"widget\" data-e-type=\"widget\" data-widget_type=\"text-editor.default\">\n\t\t\t\t<div class=\"elementor-widget-container\">\n\t\t\t\t\t\t\t\t\t<p>3. La speranza, infatti, nasce dall&#8217;amore e si fonda sull&#8217;amore che scaturisce dal Cuore di Ges\u00f9 trafitto sulla croce: <b><i>&#8220;Se infatti siamo stati riconciliati con Dio mediante la morte del Figlio suo, quando eravamo suoi nemici, quanto pi\u00f9, ora che siamo riconciliati, saremo salvati partecipando alla sua vita?<\/i><\/b> (Rm 5:10). E la sua vita si manifesta nella nostra vita di fede, che inizia con il battesimo, si sviluppa nella docilit\u00e0 alla grazia di Dio ed \u00e8 di conseguenza animata da una speranza sempre rinnovata e resa incrollabile dall&#8217;azione dello Spirito Santo. <\/p><p>\u00c8 infatti lo Spirito Santo che, con la sua costante presenza sul cammino della Chiesa, irradia la luce della speranza sui credenti: La tiene accesa come una torcia che non si spegne mai, dando sostegno e forza alla nostra vita. La speranza cristiana non inganna n\u00e9 delude, perch\u00e9 si fonda sulla certezza che niente e nessuno potr\u00e0 mai separarci dall&#8217;amore di Dio:   <b><i>&#8220;Che cosa pu\u00f2 separarci dall&#8217;amore di Cristo? L&#8217;angoscia, la sofferenza, la persecuzione, la fame, la miseria, il pericolo, la spada? [&#8230;] Ma in tutte queste cose noi siamo i grandi vincitori, grazie a colui che ci ha amati. Di questo sono certo: n\u00e9 la morte n\u00e9 la vita, n\u00e9 gli angeli n\u00e9 i principati del cielo, n\u00e9 il presente n\u00e9 il futuro, n\u00e9 le potenze n\u00e9 le altezze n\u00e9 le profondit\u00e0, n\u00e9 alcuna altra creatura, nulla potr\u00e0 separarci dall&#8217;amore di Dio che \u00e8 in Cristo Ges\u00f9, nostro Signore&#8221;.  <\/i><\/b>( Rm 8, 35.37-39). Ecco perch\u00e9 la speranza non cede di fronte alle difficolt\u00e0: \u00e8 fondata sulla fede e alimentata dalla carit\u00e0. Ci permette di andare avanti nella vita. Sant&#8217;Agostino scrive a questo proposito: <i><b>&#8220;Qualunque sia il tipo di vita che conduciamo, non possiamo vivere senza queste tre inclinazioni dell&#8217;anima: credere, sperare, amare&#8221;.<\/b><\/i>. [Discorso, 198 augm, 2].    <\/p>\t\t\t\t\t\t\t\t<\/div>\n\t\t\t\t<\/div>\n\t\t\t\t\t<\/div>\n\t\t\t\t<\/div>\n\t\t<div class=\"elementor-element elementor-element-3add51e e-flex e-con-boxed e-con e-parent\" data-id=\"3add51e\" data-element_type=\"container\" data-e-type=\"container\">\n\t\t\t\t\t<div class=\"e-con-inner\">\n\t\t<div class=\"elementor-element elementor-element-4b9c58a e-con-full e-flex e-con e-child\" data-id=\"4b9c58a\" data-element_type=\"container\" data-e-type=\"container\">\n\t\t\t\t<div class=\"elementor-element elementor-element-8607562 elementor-widget elementor-widget-image\" data-id=\"8607562\" data-element_type=\"widget\" data-e-type=\"widget\" data-widget_type=\"image.default\">\n\t\t\t\t<div class=\"elementor-widget-container\">\n\t\t\t\t\t\t\t\t\t\t\t\t\t\t\t<img loading=\"lazy\" decoding=\"async\" width=\"600\" height=\"600\" src=\"https:\/\/www.chapelle-sainte-rita.com\/wp-content\/uploads\/2025\/01\/dark-stormy-background-beam-light-600nw-2489623157.webp\" class=\"attachment-large size-large wp-image-10104\" alt=\"\" srcset=\"https:\/\/www.chapelle-sainte-rita.com\/wp-content\/uploads\/2025\/01\/dark-stormy-background-beam-light-600nw-2489623157.webp 600w, https:\/\/www.chapelle-sainte-rita.com\/wp-content\/uploads\/2025\/01\/dark-stormy-background-beam-light-600nw-2489623157-300x300.webp 300w, https:\/\/www.chapelle-sainte-rita.com\/wp-content\/uploads\/2025\/01\/dark-stormy-background-beam-light-600nw-2489623157-150x150.webp 150w\" sizes=\"(max-width: 600px) 100vw, 600px\" \/>\t\t\t\t\t\t\t\t\t\t\t\t\t\t\t<\/div>\n\t\t\t\t<\/div>\n\t\t\t\t<\/div>\n\t\t<div class=\"elementor-element elementor-element-cbde097 e-con-full e-flex e-con e-child\" data-id=\"cbde097\" data-element_type=\"container\" data-e-type=\"container\">\n\t\t\t\t<div class=\"elementor-element elementor-element-6cc29dd elementor-widget elementor-widget-image\" data-id=\"6cc29dd\" data-element_type=\"widget\" data-e-type=\"widget\" data-widget_type=\"image.default\">\n\t\t\t\t<div class=\"elementor-widget-container\">\n\t\t\t\t\t\t\t\t\t\t\t\t\t\t\t<img loading=\"lazy\" decoding=\"async\" width=\"800\" height=\"450\" src=\"https:\/\/www.chapelle-sainte-rita.com\/wp-content\/uploads\/2025\/01\/maxresdefault-1024x576.jpg\" class=\"attachment-large size-large wp-image-10100\" alt=\"\" srcset=\"https:\/\/www.chapelle-sainte-rita.com\/wp-content\/uploads\/2025\/01\/maxresdefault-1024x576.jpg 1024w, https:\/\/www.chapelle-sainte-rita.com\/wp-content\/uploads\/2025\/01\/maxresdefault-300x169.jpg 300w, https:\/\/www.chapelle-sainte-rita.com\/wp-content\/uploads\/2025\/01\/maxresdefault-768x432.jpg 768w, https:\/\/www.chapelle-sainte-rita.com\/wp-content\/uploads\/2025\/01\/maxresdefault.jpg 1280w\" sizes=\"(max-width: 800px) 100vw, 800px\" \/>\t\t\t\t\t\t\t\t\t\t\t\t\t\t\t<\/div>\n\t\t\t\t<\/div>\n\t\t\t\t<\/div>\n\t\t\t\t\t<\/div>\n\t\t\t\t<\/div>\n\t\t<div class=\"elementor-element elementor-element-191e71f e-flex e-con-boxed e-con e-parent\" data-id=\"191e71f\" data-element_type=\"container\" data-e-type=\"container\">\n\t\t\t\t\t<div class=\"e-con-inner\">\n\t\t\t\t<div class=\"elementor-element elementor-element-965d41b elementor-widget elementor-widget-text-editor\" data-id=\"965d41b\" data-element_type=\"widget\" data-e-type=\"widget\" data-widget_type=\"text-editor.default\">\n\t\t\t\t<div class=\"elementor-widget-container\">\n\t\t\t\t\t\t\t\t\t<p>4. San Paolo \u00e8 molto realista. Sa che la vita \u00e8 fatta di gioie e dolori, che l&#8217;amore viene messo alla prova quando le difficolt\u00e0 aumentano e che la speranza sembra scomparire di fronte alla sofferenza. Eppure scrive: <b><i>&#8220;Siamo orgogliosi dell&#8217;afflizione stessa, poich\u00e9 sappiamo che l&#8217;afflizione produce perseveranza; la perseveranza produce virt\u00f9 provata; la virt\u00f9 provata produce speranza&#8221;.<\/i><\/b> (Rm 5:3-4). Per l&#8217;apostolo, la tribolazione e la sofferenza sono condizioni tipiche di chi annuncia il Vangelo in contesti di incomprensione e persecuzione (cfr. 2 Cor 6:3-10). In queste situazioni vediamo una luce nelle tenebre. Scopriamo come l&#8217;evangelizzazione sia sostenuta dalla forza che scaturisce dalla croce e dalla risurrezione di Cristo. Questo ci porta a sviluppare una virt\u00f9 strettamente legata alla speranza: la pazienza. In un mondo in cui la fretta \u00e8 diventata una costante, ci siamo abituati a volere tutto e subito. Non abbiamo pi\u00f9 tempo per incontrarci e spesso, anche in famiglia, diventa difficile riunirsi e parlare con calma. La pazienza viene minata dalla fretta, causando gravi danni agli individui. Nascono intolleranza, nervosismo e talvolta violenza gratuita, che portano all&#8217;insoddisfazione e alla chiusura.          <\/p><p>Inoltre, nell&#8217;era di internet, dove lo spazio e il tempo sono dominati dal &#8220;qui e ora&#8221;, la pazienza non \u00e8 ben accetta. Se fossimo ancora capaci di guardare il creato con meraviglia, potremmo capire quanto sia decisiva la pazienza. Aspettare che le stagioni si alternino con i loro frutti; osservare la vita degli animali e i cicli del loro sviluppo; avere lo sguardo semplice di San Francesco che, nel suo Cantico delle Creature composto esattamente 800 anni fa, percepiva la creazione come una grande famiglia e chiamava il sole <i><b>&#8220;fratello <\/b><\/i>e la luna <i><b>&#8220;sorella&#8221;.<\/b><\/i> [Riscoprire la pazienza fa molto bene a noi e agli altri. San Paolo utilizza spesso la pazienza per sottolineare l&#8217;importanza della perseveranza e della fiducia in ci\u00f2 che Dio ci ha promesso, ma soprattutto testimonia che Dio \u00e8 paziente con noi, Lui che \u00e8<b><i> &#8220;il Dio della perseveranza e della consolazione&#8221;. <\/i><\/b>( Rm 15:5). La pazienza, che \u00e8 anche un frutto dello Spirito Santo, mantiene viva la speranza e la consolida come virt\u00f9 e stile di vita. Impariamo quindi a chiedere spesso la grazia della pazienza, che \u00e8 figlia della speranza e allo stesso tempo la sostiene.     <\/p>\t\t\t\t\t\t\t\t<\/div>\n\t\t\t\t<\/div>\n\t\t\t\t\t<\/div>\n\t\t\t\t<\/div>\n\t\t<div class=\"elementor-element elementor-element-1454439 e-flex e-con-boxed e-con e-parent\" data-id=\"1454439\" data-element_type=\"container\" data-e-type=\"container\">\n\t\t\t\t\t<div class=\"e-con-inner\">\n\t\t\t\t<div class=\"elementor-element elementor-element-1df6165 elementor-widget elementor-widget-text-editor\" data-id=\"1df6165\" data-element_type=\"widget\" data-e-type=\"widget\" data-widget_type=\"text-editor.default\">\n\t\t\t\t<div class=\"elementor-widget-container\">\n\t\t\t\t\t\t\t\t\t<ul><li><strong>Un percorso di speranza<\/strong><\/li><\/ul>\t\t\t\t\t\t\t\t<\/div>\n\t\t\t\t<\/div>\n\t\t\t\t\t<\/div>\n\t\t\t\t<\/div>\n\t\t<div class=\"elementor-element elementor-element-3ac242b e-flex e-con-boxed e-con e-parent\" data-id=\"3ac242b\" data-element_type=\"container\" data-e-type=\"container\">\n\t\t\t\t\t<div class=\"e-con-inner\">\n\t\t\t\t<div class=\"elementor-element elementor-element-73621c7 elementor-widget elementor-widget-text-editor\" data-id=\"73621c7\" data-element_type=\"widget\" data-e-type=\"widget\" data-widget_type=\"text-editor.default\">\n\t\t\t\t<div class=\"elementor-widget-container\">\n\t\t\t\t\t\t\t\t\t<p>5. Questo intreccio tra speranza e pazienza mostra chiaramente che la vita cristiana \u00e8 un cammino che ha bisogno di momenti forti per alimentare e rafforzare la speranza, la compagna insostituibile che ci fa intravedere la meta: l&#8217;incontro con il Signore Ges\u00f9. Mi piace pensare che l&#8217;inaugurazione del primo Giubileo nel 1300 sia stata preceduta da un cammino di grazia, animato dalla spiritualit\u00e0 popolare. Non possiamo infatti dimenticare i vari modi in cui la grazia del perdono \u00e8 stata abbondantemente riversata sul popolo santo e fedele di Dio. Ricordiamo, ad esempio, il grande &#8220;perdono&#8221; che San Celestino V volle concedere a coloro che si recarono alla Basilica di Santa Maria de Collemaggio, a L&#8217;Aquila, il 28 e 29 agosto 1294, sei anni prima che Papa Bonifacio VIII istituisse l&#8217;Anno Santo. La Chiesa stava gi\u00e0 vivendo la grazia giubilare della misericordia. Ancora prima, nel 1216, Papa Onorio III aveva accolto la petizione di San Francesco che chiedeva l&#8217;indulgenza per chi avesse visitato la Porziuncola nei primi due giorni di agosto. Lo stesso vale per il pellegrinaggio a Santiago de Compostela: Papa Callisto II, nel 1122, permise di celebrare il Giubileo in questo santuario ogni volta che la festa dell&#8217;Apostolo Giacomo coincideva con una domenica. \u00c8 un bene che questo modo &#8220;diffuso&#8221; di celebrare i Giubilei continui, affinch\u00e9 la forza del perdono di Dio possa sostenere e accompagnare il cammino delle comunit\u00e0 e dei singoli.      <\/p>\t\t\t\t\t\t\t\t<\/div>\n\t\t\t\t<\/div>\n\t\t\t\t\t<\/div>\n\t\t\t\t<\/div>\n\t\t<div class=\"elementor-element elementor-element-caa1ff2 e-flex e-con-boxed e-con e-parent\" data-id=\"caa1ff2\" data-element_type=\"container\" data-e-type=\"container\">\n\t\t\t\t\t<div class=\"e-con-inner\">\n\t\t\t\t<div class=\"elementor-element elementor-element-00507aa elementor-widget elementor-widget-image\" data-id=\"00507aa\" data-element_type=\"widget\" data-e-type=\"widget\" data-widget_type=\"image.default\">\n\t\t\t\t<div class=\"elementor-widget-container\">\n\t\t\t\t\t\t\t\t\t\t\t\t\t\t\t<img loading=\"lazy\" decoding=\"async\" width=\"800\" height=\"450\" src=\"https:\/\/www.chapelle-sainte-rita.com\/wp-content\/uploads\/2025\/01\/img_1722-1024x576.jpg\" class=\"attachment-large size-large wp-image-10111\" alt=\"\" srcset=\"https:\/\/www.chapelle-sainte-rita.com\/wp-content\/uploads\/2025\/01\/img_1722-1024x576.jpg 1024w, https:\/\/www.chapelle-sainte-rita.com\/wp-content\/uploads\/2025\/01\/img_1722-300x169.jpg 300w, https:\/\/www.chapelle-sainte-rita.com\/wp-content\/uploads\/2025\/01\/img_1722-768x432.jpg 768w, https:\/\/www.chapelle-sainte-rita.com\/wp-content\/uploads\/2025\/01\/img_1722.jpg 1200w\" sizes=\"(max-width: 800px) 100vw, 800px\" \/>\t\t\t\t\t\t\t\t\t\t\t\t\t\t\t<\/div>\n\t\t\t\t<\/div>\n\t\t\t\t\t<\/div>\n\t\t\t\t<\/div>\n\t\t<div class=\"elementor-element elementor-element-f788b5e e-flex e-con-boxed e-con e-parent\" data-id=\"f788b5e\" data-element_type=\"container\" data-e-type=\"container\">\n\t\t\t\t\t<div class=\"e-con-inner\">\n\t\t\t\t<div class=\"elementor-element elementor-element-9f554bb elementor-widget elementor-widget-text-editor\" data-id=\"9f554bb\" data-element_type=\"widget\" data-e-type=\"widget\" data-widget_type=\"text-editor.default\">\n\t\t\t\t<div class=\"elementor-widget-container\">\n\t\t\t\t\t\t\t\t\t<p class=\"has-text-align-center\"><strong><em>&#8220;Intraprendere un viaggio \u00e8 caratteristico di coloro che <\/em><\/strong><strong><em>alla ricerca del significato della vita&#8221;.<\/em><\/strong><\/p>\t\t\t\t\t\t\t\t<\/div>\n\t\t\t\t<\/div>\n\t\t\t\t\t<\/div>\n\t\t\t\t<\/div>\n\t\t<div class=\"elementor-element elementor-element-ee9bcb8 e-flex e-con-boxed e-con e-parent\" data-id=\"ee9bcb8\" data-element_type=\"container\" data-e-type=\"container\">\n\t\t\t\t\t<div class=\"e-con-inner\">\n\t\t\t\t<div class=\"elementor-element elementor-element-94929a3 elementor-widget elementor-widget-text-editor\" data-id=\"94929a3\" data-element_type=\"widget\" data-e-type=\"widget\" data-widget_type=\"text-editor.default\">\n\t\t\t\t<div class=\"elementor-widget-container\">\n\t\t\t\t\t\t\t\t\t<p>Non \u00e8 un caso che il pellegrinaggio sia un elemento fondamentale di ogni evento giubilare. Mettersi in viaggio \u00e8 tipico di chi \u00e8 alla ricerca del senso della vita. I pellegrinaggi a piedi sono un ottimo modo per riscoprire il valore del silenzio, della fatica, dell&#8217;essenziale. Anche il prossimo anno, i pellegrini della speranza non mancheranno di percorrere itinerari antichi e moderni per vivere intensamente l&#8217;esperienza del Giubileo. Anche a Roma ci saranno itinerari di fede, oltre a quelli tradizionali delle catacombe e delle sette chiese. Viaggiare da un paese all&#8217;altro come se le frontiere fossero state abolite, spostarsi da una citt\u00e0 all&#8217;altra nella contemplazione del creato e delle opere d&#8217;arte, ci permetter\u00e0 di beneficiare di esperienze e culture diverse per portare dentro di noi la bellezza che, armonizzata dalla preghiera, ci porta a ringraziare Dio per le meraviglie che ha compiuto. Le chiese giubilari lungo i percorsi e nelle Urbe saranno oasi di spiritualit\u00e0 dove rinfrescarsi nel cammino di fede e abbeverarsi alle sorgenti di speranza, soprattutto accostandosi al sacramento della riconciliazione, punto di partenza insostituibile per un autentico cammino di conversione. Nelle Chiese particolari si prester\u00e0 particolare attenzione alla preparazione dei sacerdoti e dei fedeli alla confessione e alla messa a disposizione del sacramento a livello individuale.       <\/p><p>Durante questo pellegrinaggio, vorrei rivolgere un invito speciale ai fedeli delle Chiese orientali, specialmente a quelli che sono gi\u00e0 in piena comunione con il Successore di Pietro. Hanno sofferto tanto &#8211; spesso fino alla morte &#8211; per la loro fedelt\u00e0 a Cristo e alla Chiesa e dovrebbero sentirsi particolarmente benvenuti a Roma, che \u00e8 anche la loro Madre e che conserva molti ricordi della loro presenza. La Chiesa cattolica, arricchita dalle loro antiche liturgie e dalla teologia e spiritualit\u00e0 dei Padri, dei monaci e dei teologi, desidera esprimere simbolicamente il suo benvenuto a loro e ai suoi fratelli e sorelle ortodossi, in un momento in cui stanno gi\u00e0 vivendo il pellegrinaggio della Via Crucis, che spesso li costringe a lasciare le loro terre d&#8217;origine, le loro terre sante da cui sono stati cacciati dalla violenza e dall&#8217;instabilit\u00e0 verso paesi pi\u00f9 sicuri. Per loro, l&#8217;esperienza di essere amati dalla Chiesa, che non li abbandoner\u00e0 ma li seguir\u00e0 ovunque vadano, rende il segno del Giubileo ancora pi\u00f9 forte.   <\/p>\t\t\t\t\t\t\t\t<\/div>\n\t\t\t\t<\/div>\n\t\t\t\t\t<\/div>\n\t\t\t\t<\/div>\n\t\t<div class=\"elementor-element elementor-element-ab891ef e-flex e-con-boxed e-con e-parent\" data-id=\"ab891ef\" data-element_type=\"container\" data-e-type=\"container\">\n\t\t\t\t\t<div class=\"e-con-inner\">\n\t\t\t\t<div class=\"elementor-element elementor-element-7159c2d elementor-widget elementor-widget-text-editor\" data-id=\"7159c2d\" data-element_type=\"widget\" data-e-type=\"widget\" data-widget_type=\"text-editor.default\">\n\t\t\t\t<div class=\"elementor-widget-container\">\n\t\t\t\t\t\t\t\t\t<p>6. L&#8217;Anno Santo 2025 \u00e8 una continuazione dei precedenti eventi di grazia. Durante l&#8217;ultimo Giubileo ordinario \u00e8 stata varcata la soglia del secondo millennio della nascita di Ges\u00f9 Cristo. Poi, il 13 marzo 2015, ho indetto un Giubileo straordinario con l&#8217;obiettivo di mostrare e far incontrare a tutti il &#8220;volto della misericordia&#8221;.<i><b> Il &#8220;volto della misericordia <\/b><\/i>di Dio, [  <span style=\"font-family: Calibri, sans-serif; font-size: 11pt; color: var( --e-global-color-text ); font-weight: var( --e-global-typography-text-font-weight );\">Misericordiae\nVultus, Bolla di indizione del Giubileo straordinario della misericordia, nn. 1-3. <\/span><span style=\"color: var( --e-global-color-text ); font-family: var( --e-global-typography-text-font-family ), Sans-serif; font-size: var( --e-global-typography-text-font-size ); font-weight: var( --e-global-typography-text-font-weight );\">\u00c8 l&#8217;annuncio centrale del Vangelo per ogni persona in ogni epoca. \u00c8 giunto il momento di un nuovo Giubileo, durante il quale la Porta Santa sar\u00e0 nuovamente spalancata per offrire l&#8217;esperienza viva dell&#8217;amore di Dio, che risveglia nel cuore la speranza certa della salvezza in Cristo. Allo stesso tempo, questo Anno Santo ci guider\u00e0 verso un altro anniversario fondamentale per tutti i cristiani. Nel 2033, infatti, celebreremo i duemila anni della Redenzione compiuta dalla passione, morte e resurrezione del Signore Ges\u00f9. Si tratta di un cammino segnato da grandi tappe in cui la grazia di Dio precede e accompagna il popolo che cammina con zelo nella fede, opera nella carit\u00e0 e persevera nella speranza (cfr. 1 Tess 1,3).    <\/span><\/p>\n<p>Forte di questa lunga tradizione e convinto che questo Anno Giubilare sar\u00e0 un&#8217;intensa esperienza di grazia e di speranza per tutta la Chiesa, ho deciso che la Porta Santa della Basilica di San Pietro in Vaticano sar\u00e0 aperta il 24 dicembre 2024, segnando l&#8217;inizio del Giubileo Ordinario. La domenica successiva, il 29 dicembre 2024, aprir\u00f2 la Porta Santa della mia Cattedrale di San Giovanni in Laterano, che il 9 novembre dello stesso anno celebrer\u00e0 il 1700\u00b0 anniversario della sua dedicazione. Poi, il 1\u00b0 gennaio 2025, nella Solennit\u00e0 di Maria Madre di Dio, verr\u00e0 aperta la Porta Santa della Basilica Papale di Santa Maria Maggiore. Infine, domenica 5 gennaio, verr\u00e0 aperta la Porta Santa della Basilica Papale di San Paolo fuori le Mura. Queste ultime tre Porte Sante saranno chiuse entro domenica 28 dicembre dello stesso anno.    <\/p>\n<p>Inoltre, stabilisco che domenica 29 dicembre 2024, in tutte le cattedrali e le concattedrali, i vescovi diocesani celebreranno la Santa Eucaristia per la solenne apertura dell&#8217;Anno Giubilare, secondo il Rituale che sar\u00e0 preparato per l&#8217;occasione. Per la celebrazione nella chiesa concattedrale, il vescovo pu\u00f2 essere sostituito da un delegato appositamente nominato. Un pellegrinaggio da una chiesa scelta per la collectio alla cattedrale sar\u00e0 un segno del cammino di speranza che, illuminato dalla Parola di Dio, avvicina i credenti. Durante questo pellegrinaggio verranno letti brani del presente documento e verr\u00e0 annunciata al popolo l&#8217;indulgenza giubilare, indulgenza che potr\u00e0 essere ottenuta secondo le prescrizioni contenute nello stesso Rituale per la celebrazione del Giubileo nelle Chiese particolari. Durante l&#8217;Anno Santo, che si concluder\u00e0 domenica 28 dicembre 2025 nelle Chiese particolari, si far\u00e0 in modo che il Popolo di Dio accolga con piena partecipazione sia l&#8217;annuncio della speranza della grazia di Dio che i segni che ne testimoniano l&#8217;efficacia.    <\/p>\n<p>Il Giubileo Ordinario si concluder\u00e0 con la chiusura della Porta Santa della Basilica Papale di San Pietro il 6 gennaio 2026, Epifania del Signore. Che la luce della speranza cristiana raggiunga tutti come messaggio d&#8217;amore di Dio rivolto a tutti! Che la Chiesa sia testimone fedele di questo annuncio in ogni parte del mondo!  <\/p>\t\t\t\t\t\t\t\t<\/div>\n\t\t\t\t<\/div>\n\t\t\t\t\t<\/div>\n\t\t\t\t<\/div>\n\t\t<div class=\"elementor-element elementor-element-6806932 e-flex e-con-boxed e-con e-parent\" data-id=\"6806932\" data-element_type=\"container\" data-e-type=\"container\">\n\t\t\t\t\t<div class=\"e-con-inner\">\n\t\t\t\t<div class=\"elementor-element elementor-element-bb78e30 elementor-widget elementor-widget-text-editor\" data-id=\"bb78e30\" data-element_type=\"widget\" data-e-type=\"widget\" data-widget_type=\"text-editor.default\">\n\t\t\t\t<div class=\"elementor-widget-container\">\n\t\t\t\t\t\t\t\t\t<ul><li><strong>Segni di speranza<\/strong><\/li><\/ul>\t\t\t\t\t\t\t\t<\/div>\n\t\t\t\t<\/div>\n\t\t\t\t\t<\/div>\n\t\t\t\t<\/div>\n\t\t<div class=\"elementor-element elementor-element-4653ad1 e-flex e-con-boxed e-con e-parent\" data-id=\"4653ad1\" data-element_type=\"container\" data-e-type=\"container\">\n\t\t\t\t\t<div class=\"e-con-inner\">\n\t\t\t\t<div class=\"elementor-element elementor-element-147096c elementor-widget elementor-widget-text-editor\" data-id=\"147096c\" data-element_type=\"widget\" data-e-type=\"widget\" data-widget_type=\"text-editor.default\">\n\t\t\t\t<div class=\"elementor-widget-container\">\n\t\t\t\t\t\t\t\t\t<p>7. Oltre a trarre speranza dalla grazia di Dio, siamo anche chiamati a riscoprirla nei segni dei tempi che il Signore ci offre. Come afferma il Concilio Vaticano II, <i><b>&#8220;La Chiesa ha il dovere, in ogni tempo, di scrutare i segni dei tempi e di interpretarli alla luce del Vangelo, per poter rispondere, in modo adeguato a ciascuna generazione, alle eterne domande degli uomini sul senso della vita presente e futura e sulle loro relazioni reciproche&#8221;.<\/b><\/i> [ <span style=\"font-family: Calibri, sans-serif; font-size: 11pt; color: var( --e-global-color-text ); font-weight: var( --e-global-typography-text-font-weight );\">Past. Cost. Gaudium et spes, n. 4.   <\/span><span style=\"color: var( --e-global-color-text ); font-family: var( --e-global-typography-text-font-family ), Sans-serif; font-size: var( --e-global-typography-text-font-size ); font-weight: var( --e-global-typography-text-font-weight );\">Dobbiamo quindi prestare attenzione a tutto il bene presente nel mondo, per non cadere nella tentazione di considerarci sopraffatti dal male e dalla violenza. Ma i segni dei tempi, che contengono l&#8217;anelito del cuore umano bisognoso della presenza salvifica di Dio, devono essere trasformati in segni di speranza. <\/span><\/p>\n<p>8. Il primo segno di speranza deve essere la pace per un mondo immerso, ancora una volta, nella tragedia della guerra. Dimenticando le tragedie del passato, l&#8217;umanit\u00e0 \u00e8 stata sottoposta a una nuova e difficile prova, con molte popolazioni oppresse dalla brutalit\u00e0 della violenza. Cosa non hanno sopportato questi popoli? Com&#8217;\u00e8 possibile che il loro disperato grido di aiuto non spinga i leader delle nazioni a voler porre fine ai troppi conflitti regionali, consapevoli delle conseguenze che potrebbero derivarne a livello globale? \u00c8 troppo sognare che le armi tacciano e smettano di portare morte e distruzione? Il Giubileo dovrebbe ricordarci che coloro che si rendono <i><b>&#8220;costruttori di pace<\/b><\/i> &#8220;possono essere<b><i> &#8220;chiamati figli di Dio&#8221; (Mt 5:9). <\/i><\/b>(Mt 5:9) La richiesta di pace chiama in causa tutti e ci impone di portare avanti progetti concreti. La diplomazia deve continuare a impegnarsi per creare, con coraggio e creativit\u00e0, spazi di negoziazione finalizzati a una pace duratura.     <\/p>\t\t\t\t\t\t\t\t<\/div>\n\t\t\t\t<\/div>\n\t\t\t\t\t<\/div>\n\t\t\t\t<\/div>\n\t\t<div class=\"elementor-element elementor-element-6a0454f e-flex e-con-boxed e-con e-parent\" data-id=\"6a0454f\" data-element_type=\"container\" data-e-type=\"container\">\n\t\t\t\t\t<div class=\"e-con-inner\">\n\t\t<div class=\"elementor-element elementor-element-c8baab1 e-con-full e-flex e-con e-child\" data-id=\"c8baab1\" data-element_type=\"container\" data-e-type=\"container\">\n\t\t\t\t<div class=\"elementor-element elementor-element-e869c96 elementor-widget elementor-widget-image\" data-id=\"e869c96\" data-element_type=\"widget\" data-e-type=\"widget\" data-widget_type=\"image.default\">\n\t\t\t\t<div class=\"elementor-widget-container\">\n\t\t\t\t\t\t\t\t\t\t\t\t\t\t\t<img loading=\"lazy\" decoding=\"async\" width=\"768\" height=\"1024\" src=\"https:\/\/www.chapelle-sainte-rita.com\/wp-content\/uploads\/2025\/01\/sentier-balcon-chabourneou-cabane-de-la-pisse-768x1024.jpg\" class=\"attachment-large size-large wp-image-10123\" alt=\"\" srcset=\"https:\/\/www.chapelle-sainte-rita.com\/wp-content\/uploads\/2025\/01\/sentier-balcon-chabourneou-cabane-de-la-pisse-768x1024.jpg 768w, https:\/\/www.chapelle-sainte-rita.com\/wp-content\/uploads\/2025\/01\/sentier-balcon-chabourneou-cabane-de-la-pisse-225x300.jpg 225w, https:\/\/www.chapelle-sainte-rita.com\/wp-content\/uploads\/2025\/01\/sentier-balcon-chabourneou-cabane-de-la-pisse.jpg 960w\" sizes=\"(max-width: 768px) 100vw, 768px\" \/>\t\t\t\t\t\t\t\t\t\t\t\t\t\t\t<\/div>\n\t\t\t\t<\/div>\n\t\t\t\t<\/div>\n\t\t<div class=\"elementor-element elementor-element-ec3ec29 e-con-full e-flex e-con e-child\" data-id=\"ec3ec29\" data-element_type=\"container\" data-e-type=\"container\">\n\t\t\t\t<div class=\"elementor-element elementor-element-35770a2 elementor-widget elementor-widget-image\" data-id=\"35770a2\" data-element_type=\"widget\" data-e-type=\"widget\" data-widget_type=\"image.default\">\n\t\t\t\t<div class=\"elementor-widget-container\">\n\t\t\t\t\t\t\t\t\t\t\t\t\t\t\t<img loading=\"lazy\" decoding=\"async\" width=\"600\" height=\"810\" src=\"https:\/\/www.chapelle-sainte-rita.com\/wp-content\/uploads\/2025\/01\/gospel-of-thomas.jpg\" class=\"attachment-large size-large wp-image-10119\" alt=\"\" srcset=\"https:\/\/www.chapelle-sainte-rita.com\/wp-content\/uploads\/2025\/01\/gospel-of-thomas.jpg 600w, https:\/\/www.chapelle-sainte-rita.com\/wp-content\/uploads\/2025\/01\/gospel-of-thomas-222x300.jpg 222w\" sizes=\"(max-width: 600px) 100vw, 600px\" \/>\t\t\t\t\t\t\t\t\t\t\t\t\t\t\t<\/div>\n\t\t\t\t<\/div>\n\t\t\t\t<\/div>\n\t\t\t\t\t<\/div>\n\t\t\t\t<\/div>\n\t\t<div class=\"elementor-element elementor-element-5918139 e-flex e-con-boxed e-con e-parent\" data-id=\"5918139\" data-element_type=\"container\" data-e-type=\"container\">\n\t\t\t\t\t<div class=\"e-con-inner\">\n\t\t\t\t<div class=\"elementor-element elementor-element-01b5479 elementor-widget elementor-widget-text-editor\" data-id=\"01b5479\" data-element_type=\"widget\" data-e-type=\"widget\" data-widget_type=\"text-editor.default\">\n\t\t\t\t<div class=\"elementor-widget-container\">\n\t\t\t\t\t\t\t\t\t<p>9. Guardare al futuro con speranza significa anche avere una visione della vita piena di entusiasmo da trasmettere. Purtroppo dobbiamo ammettere con tristezza che in molte situazioni questa visione viene a mancare. La prima conseguenza \u00e8 la perdita del desiderio di trasmettere la vita: a causa di stili di vita frenetici, paure per il futuro, mancanza di garanzie professionali e di un&#8217;adeguata protezione sociale e modelli sociali in cui a dettare l&#8217;agenda \u00e8 la ricerca del profitto piuttosto che la cura delle relazioni, stiamo assistendo a un preoccupante calo del tasso di natalit\u00e0 in diversi Paesi. Al contrario, in altri contesti,<b><i> &#8220;dare la colpa alla crescita demografica piuttosto che al consumismo estremo e selettivo di alcune persone \u00e8 un modo per evitare di affrontare i problemi&#8221;.<\/i><\/b> [   <span style=\"font-family: Calibri, sans-serif; font-size: 11pt; color: var( --e-global-color-text ); font-weight: var( --e-global-typography-text-font-weight );\">Lett.\nenc. Laudato si&#8217;, n. 50.  <\/span><span style=\"color: var( --e-global-color-text ); font-family: var( --e-global-typography-text-font-family ), Sans-serif; font-size: var( --e-global-typography-text-font-size ); font-weight: var( --e-global-typography-text-font-weight );\">]<\/span><\/p>\n<p>L&#8217;apertura alla vita con una maternit\u00e0 e una paternit\u00e0 responsabili \u00e8 il progetto che il Creatore ha iscritto nel cuore e nel corpo degli uomini e delle donne, una missione che il Signore affida agli sposi e al loro amore. \u00c8 urgente che, oltre all&#8217;impegno legislativo degli Stati, vi sia il sostegno convinto delle comunit\u00e0 credenti e della comunit\u00e0 civile in tutte le sue componenti, perch\u00e9 il desiderio dei giovani di generare nuovi figli come frutto della fecondit\u00e0 del loro amore d\u00e0 futuro a ogni societ\u00e0. Questo desiderio \u00e8 una questione di speranza, poich\u00e9 dipende dalla speranza e produce speranza. <\/p>\n<p>La comunit\u00e0 cristiana deve essere la prima a sostenere un&#8217;alleanza sociale per la speranza che sia inclusiva e non ideologica, e che lavori per un futuro segnato dal sorriso di tanti bambini che verranno a riempire troppe culle vuote in molte parti del mondo. Ma in realt\u00e0, tutti hanno bisogno di riscoprire la gioia di vivere, perch\u00e9 l&#8217;essere umano, creato a immagine e somiglianza di Dio (cfr. Gen 1:26), non pu\u00f2 accontentarsi di sopravvivere o di vivere, di conformarsi al presente lasciandosi appagare da realt\u00e0 puramente materiali. Questo porta all&#8217;individualismo ed erode la speranza, generando una tristezza che si annida nel cuore e lo rende amaro e intollerante. <\/p>\t\t\t\t\t\t\t\t<\/div>\n\t\t\t\t<\/div>\n\t\t\t\t\t<\/div>\n\t\t\t\t<\/div>\n\t\t<div class=\"elementor-element elementor-element-8d9704e e-flex e-con-boxed e-con e-parent\" data-id=\"8d9704e\" data-element_type=\"container\" data-e-type=\"container\">\n\t\t\t\t\t<div class=\"e-con-inner\">\n\t\t\t\t<div class=\"elementor-element elementor-element-8716e8a elementor-widget elementor-widget-text-editor\" data-id=\"8716e8a\" data-element_type=\"widget\" data-e-type=\"widget\" data-widget_type=\"text-editor.default\">\n\t\t\t\t<div class=\"elementor-widget-container\">\n\t\t\t\t\t\t\t\t\t<p>10. Durante l&#8217;Anno Giubilare, saremo chiamati ad essere segni tangibili di speranza per molti fratelli e sorelle che vivono in condizioni di disagio. Penso ai detenuti che, privati della libert\u00e0, sperimentano ogni giorno, oltre alla durezza della reclusione, un vuoto emotivo, le restrizioni imposte e, in molti casi, la mancanza di rispetto. Durante questo Anno Giubilare, propongo ai governi di intraprendere iniziative che restituiscano la speranza; forme di amnistia o di condono della pena che aiutino le persone a ritrovare fiducia in se stesse e nella societ\u00e0; percorsi di reinserimento nella comunit\u00e0 che si accompagnino a un impegno concreto per il rispetto della legge. <\/p>\n<p>L&#8217;appello ad atti di clemenza e di liberazione che ci permettano di ricominciare \u00e8 un appello antico che proviene dalla Parola di Dio e che perdura con tutto il suo valore sapienziale: <b><i>&#8220;Dichiarerai sacro questo cinquantesimo anno e proclamerai la libert\u00e0 per tutti gli abitanti del paese&#8221;. <\/i><\/b>(Lev 25:10). La Legge mosaica viene ripresa dal profeta Isaia: <b><i>&#8220;Il Signore mi ha mandato a portare una buona notizia agli umili, a guarire chi ha il cuore spezzato, a proclamare la liberazione ai prigionieri e la libert\u00e0 ai carcerati, a proclamare un anno di benedizioni del Signore&#8221; (Is 61, 1-2).<\/i><\/b> ( Is 61, 1-2). Queste sono le parole che Ges\u00f9 fece sue all&#8217;inizio del suo ministero, quando dichiar\u00f2 che l'&#8221;anno di grazia del Signore&#8221; si sarebbe compiuto in lui stesso. <b><i>&#8220;L&#8217;anno di grazia del Signore<\/i><\/b> (In tutto il mondo i credenti, e in particolare i pastori, devono farsi interpreti di queste richieste, parlando con una sola voce per chiedere con coraggio condizioni dignitose per i detenuti, il rispetto dei diritti umani e soprattutto l&#8217;abolizione della pena di morte, una misura contraria alla fede cristiana che distrugge ogni speranza di perdono e rinnovamento. [  <span style=\"color: var( --e-global-color-text ); font-family: var( --e-global-typography-text-font-family ), Sans-serif; font-size: var( --e-global-typography-text-font-size ); font-weight: var( --e-global-typography-text-font-weight );\">Cfr. Catechismo della Chiesa Cattolica, n. 2267.  <\/span><span style=\"color: var( --e-global-color-text ); font-family: var( --e-global-typography-text-font-family ), Sans-serif; font-size: var( --e-global-typography-text-font-size ); font-weight: var( --e-global-typography-text-font-weight );\">]. Per offrire ai detenuti un segno concreto di vicinanza, voglio aprire io stesso una Porta Santa in un carcere, affinch\u00e9 possa essere un simbolo per loro, invitandoli a guardare al futuro con speranza e un nuovo impegno di vita. <\/span><\/p>\t\t\t\t\t\t\t\t<\/div>\n\t\t\t\t<\/div>\n\t\t\t\t<div class=\"elementor-element elementor-element-5e2c2ae elementor-widget elementor-widget-image\" data-id=\"5e2c2ae\" data-element_type=\"widget\" data-e-type=\"widget\" data-widget_type=\"image.default\">\n\t\t\t\t<div class=\"elementor-widget-container\">\n\t\t\t\t\t\t\t\t\t\t\t\t\t\t\t<img loading=\"lazy\" decoding=\"async\" width=\"709\" height=\"501\" src=\"https:\/\/www.chapelle-sainte-rita.com\/wp-content\/uploads\/2025\/01\/bienfaisance-acces68-fr.png\" class=\"attachment-large size-large wp-image-10127\" alt=\"\" srcset=\"https:\/\/www.chapelle-sainte-rita.com\/wp-content\/uploads\/2025\/01\/bienfaisance-acces68-fr.png 709w, https:\/\/www.chapelle-sainte-rita.com\/wp-content\/uploads\/2025\/01\/bienfaisance-acces68-fr-300x212.png 300w\" sizes=\"(max-width: 709px) 100vw, 709px\" \/>\t\t\t\t\t\t\t\t\t\t\t\t\t\t\t<\/div>\n\t\t\t\t<\/div>\n\t\t\t\t<div class=\"elementor-element elementor-element-043afcf elementor-widget elementor-widget-text-editor\" data-id=\"043afcf\" data-element_type=\"widget\" data-e-type=\"widget\" data-widget_type=\"text-editor.default\">\n\t\t\t\t<div class=\"elementor-widget-container\">\n\t\t\t\t\t\t\t\t\t<p>11. Bisogna offrire segni di speranza ai malati, sia a casa che in ospedale. La loro sofferenza deve trovare sollievo nella vicinanza delle persone che li visitano e nell&#8217;affetto che ricevono. Le opere di misericordia sono anche opere di speranza che risvegliano sentimenti di gratitudine nel cuore delle persone. E che questa gratitudine possa raggiungere tutti gli operatori sanitari che, in condizioni spesso difficili, svolgono la loro missione con un&#8217;attenta cura dei malati e dei pi\u00f9 vulnerabili.   <\/p><p>Che ci sia un&#8217;assistenza inclusiva per coloro che, trovandosi in condizioni di vita particolarmente difficili, sperimentano la loro debolezza, soprattutto se soffrono di patologie o disabilit\u00e0 che limitano fortemente la loro autonomia personale. Prendersi cura di loro \u00e8 un inno alla dignit\u00e0 umana, un canto di speranza che richiede un&#8217;azione armoniosa da parte di tutta la societ\u00e0. <\/p><p>12. Anche coloro che, nella loro stessa persona, rappresentano la speranza hanno bisogno di segni di speranza: i giovani. Purtroppo, spesso vedono i loro sogni infrangersi. Non possiamo deluderli: il futuro dipende dal loro entusiasmo. \u00c8 bello vederli pieni di energia, ad esempio quando si rimboccano le maniche e si impegnano volontariamente in situazioni di calamit\u00e0 e disordini sociali, ma \u00e8 triste vedere i giovani senza speranza. Quando il futuro \u00e8 incerto e impermeabile ai sogni, quando gli studi non offrono sbocchi e la mancanza di un lavoro o di un impiego sufficientemente stabile minaccia di annientare i desideri, \u00e8 inevitabile che il presente sia vissuto nella malinconia e nella noia.L&#8217;illusione della droga, il rischio della trasgressione e la ricerca dell&#8217;effimero creano, in loro pi\u00f9 che in altri, confusione e nascondono la bellezza e il senso della vita, facendoli scivolare in oscuri abissi e spingendoli a compiere atti autodistruttivi. Ecco perch\u00e9 il Giubileo deve essere l&#8217;occasione per la Chiesa di dare loro una spinta. Con rinnovata passione, prendiamoci cura dei giovani, degli studenti, delle coppie di fidanzati, delle nuove generazioni! Vicinanza ai giovani, gioia e speranza per la Chiesa e per il mondo!      <\/p>\t\t\t\t\t\t\t\t<\/div>\n\t\t\t\t<\/div>\n\t\t\t\t<div class=\"elementor-element elementor-element-82742f6 elementor-widget elementor-widget-text-editor\" data-id=\"82742f6\" data-element_type=\"widget\" data-e-type=\"widget\" data-widget_type=\"text-editor.default\">\n\t\t\t\t<div class=\"elementor-widget-container\">\n\t\t\t\t\t\t\t\t\t<p>13. Devono esserci segnali di speranza per i migranti che abbandonano la loro patria in cerca di una vita migliore per s\u00e9 e per le loro famiglie. Che le loro aspettative non vengano deluse dal pregiudizio e dalla chiusura mentale; che l&#8217;accoglienza, che apre le braccia a tutti per la loro dignit\u00e0, sia accompagnata dall&#8217;impegno a far s\u00ec che nessuno venga privato del diritto di costruirsi un futuro migliore. Molti esiliati, sfollati e rifugiati sono costretti a fuggire da eventi internazionali controversi per evitare guerre, violenze e discriminazioni. \u00c8 necessario garantire loro la sicurezza e l&#8217;accesso al lavoro e all&#8217;istruzione, necessari per la loro integrazione nel nuovo contesto sociale.   <\/p><p>La comunit\u00e0 cristiana deve essere sempre pronta a difendere i diritti dei pi\u00f9 deboli. Che spalanchi le porte dell&#8217;accoglienza con generosit\u00e0, affinch\u00e9 nessuno sia mai privo della speranza di una vita migliore. Che la Parola del Signore risuoni nei nostri cuori, come ha detto nella grande parabola del Giudizio Universale: <i><b>&#8220;Ero straniero e mi avete accolto&#8221;.<\/b><\/i>per <b><i>&#8220;Come avete fatto a uno solo di questi miei fratelli pi\u00f9 piccoli, cos\u00ec l&#8217;avete fatto a me&#8221;. <\/i><\/b>(Mt 25:35, 40).  <\/p><p>14. Gli anziani meritano segni di speranza, poich\u00e9 spesso vivono la solitudine e il senso di abbandono. Valorizzare il loro tesoro, la loro esperienza di vita, la loro saggezza e il contributo che sono in grado di dare \u00e8 un impegno per la comunit\u00e0 cristiana e per la societ\u00e0 civile, che sono chiamate a lavorare insieme per costruire ponti tra le generazioni. <\/p><p>Il mio pensiero speciale va ai nonni e alle nonne che rappresentano la trasmissione della fede e della saggezza della vita alle nuove generazioni. Devono essere sostenuti dalla gratitudine dei loro figli e dall&#8217;amore dei loro nipoti, che trovano in loro radici, comprensione e incoraggiamento. <\/p>\t\t\t\t\t\t\t\t<\/div>\n\t\t\t\t<\/div>\n\t\t\t\t<div class=\"elementor-element elementor-element-51c995b elementor-widget elementor-widget-text-editor\" data-id=\"51c995b\" data-element_type=\"widget\" data-e-type=\"widget\" data-widget_type=\"text-editor.default\">\n\t\t\t\t<div class=\"elementor-widget-container\">\n\t\t\t\t\t\t\t\t\t<p>15. Invoco con urgenza la speranza per i miliardi di poveri che spesso non hanno il necessario per vivere. Di fronte al susseguirsi di nuove ondate di impoverimento, c&#8217;\u00e8 il rischio di abituarsi e rassegnarsi. Ma non possiamo distogliere lo sguardo dalle situazioni drammatiche che incontriamo ormai ovunque, non solo in alcune regioni del mondo. Ogni giorno incontriamo persone povere o impoverite, che a volte possono essere i nostri vicini di casa. Spesso non hanno un posto dove vivere e non hanno cibo sufficiente da mangiare ogni giorno. Soffrono per l&#8217;esclusione e l&#8217;indifferenza di molti. \u00c8 scandaloso che, in un mondo con enormi risorse in gran parte destinate agli armamenti, i poveri costituiscano &#8220;la maggioranza [&#8230;] della popolazione mondiale&#8221;. <b><i>&#8220;La maggioranza [&#8230;], migliaia di milioni di persone. Oggi sono presenti nei dibattiti politici ed economici internazionali, ma spesso sembra che i loro problemi si presentino come un&#8217;appendice, come una questione che viene aggiunta quasi per obbligo o marginalmente, quando non vengono considerati come puri danni collaterali. Infatti, quando si tratta di azioni concrete, sono spesso relegati all&#8217;ultimo posto&#8221;.<\/i><\/b> [     <span style=\"font-family: Calibri, sans-serif; font-size: 11pt; color: var( --e-global-color-text ); font-weight: var( --e-global-typography-text-font-weight );\">Inc. Laudato si&#8217;, 49.   <\/span><span style=\"color: var( --e-global-color-text ); font-family: var( --e-global-typography-text-font-family ), Sans-serif; font-size: var( --e-global-typography-text-font-size ); font-weight: var( --e-global-typography-text-font-weight );\">&#8230; Non dimentichiamo che i poveri sono quasi sempre vittime, non carnefici.<\/span><\/p>\t\t\t\t\t\t\t\t<\/div>\n\t\t\t\t<\/div>\n\t\t\t\t<div class=\"elementor-element elementor-element-4b8d0b3 elementor-widget elementor-widget-text-editor\" data-id=\"4b8d0b3\" data-element_type=\"widget\" data-e-type=\"widget\" data-widget_type=\"text-editor.default\">\n\t\t\t\t<div class=\"elementor-widget-container\">\n\t\t\t\t\t\t\t\t\t<p><strong>&#8220;In virt\u00f9 della speranza in cui siamo stati salvati,<\/strong><\/p><p><strong>siamo certi che la storia dell&#8217;umanit\u00e0,<\/strong><\/p><p><strong>e quella di ogni individuo, non si sta dirigendo verso un vicolo cieco<\/strong><\/p><p><strong>o un oscuro abisso, ma che \u00e8 diretto verso l&#8217;incontro<\/strong><\/p><p><strong>con il Signore della gloria&#8221;.<\/strong><\/p>\t\t\t\t\t\t\t\t<\/div>\n\t\t\t\t<\/div>\n\t\t\t\t<div class=\"elementor-element elementor-element-da6ba6e elementor-widget elementor-widget-image\" data-id=\"da6ba6e\" data-element_type=\"widget\" data-e-type=\"widget\" data-widget_type=\"image.default\">\n\t\t\t\t<div class=\"elementor-widget-container\">\n\t\t\t\t\t\t\t\t\t\t\t\t\t\t\t<img loading=\"lazy\" decoding=\"async\" width=\"448\" height=\"279\" src=\"https:\/\/www.chapelle-sainte-rita.com\/wp-content\/uploads\/2025\/01\/concile-orient-a2d37896.jpeg\" class=\"attachment-large size-large wp-image-10138\" alt=\"\" srcset=\"https:\/\/www.chapelle-sainte-rita.com\/wp-content\/uploads\/2025\/01\/concile-orient-a2d37896.jpeg 448w, https:\/\/www.chapelle-sainte-rita.com\/wp-content\/uploads\/2025\/01\/concile-orient-a2d37896-300x187.jpeg 300w\" sizes=\"(max-width: 448px) 100vw, 448px\" \/>\t\t\t\t\t\t\t\t\t\t\t\t\t\t\t<\/div>\n\t\t\t\t<\/div>\n\t\t\t\t<div class=\"elementor-element elementor-element-1d7c4a4 elementor-widget elementor-widget-text-editor\" data-id=\"1d7c4a4\" data-element_type=\"widget\" data-e-type=\"widget\" data-widget_type=\"text-editor.default\">\n\t\t\t\t<div class=\"elementor-widget-container\">\n\t\t\t\t\t\t\t\t\t<p>17. Il prossimo Giubileo segner\u00e0 un anniversario molto importante per tutti i cristiani. Saranno 1700 anni dalla celebrazione del primo grande concilio ecumenico, il Concilio di Nicea. Vale la pena ricordare che, fin dai tempi apostolici, i pastori si sono riuniti pi\u00f9 volte in assemblea per affrontare questioni dottrinali e disciplinari. Nei primi secoli della fede, i sinodi si moltiplicarono sia in Oriente che in Occidente, dimostrando l&#8217;importanza di preservare l&#8217;unit\u00e0 del popolo di Dio e la fedelt\u00e0 all&#8217;annuncio del Vangelo. L&#8217;Anno Giubilare potrebbe essere un&#8217;importante occasione per dare concretezza a questa forma sinodale, che la comunit\u00e0 cristiana vede oggi come un&#8217;espressione sempre pi\u00f9 necessaria dell&#8217;urgenza dell&#8217;evangelizzazione: tutti i battezzati, ciascuno con il proprio carisma e ministero, corresponsabili affinch\u00e9 molteplici segni di speranza testimonino la presenza di Dio nel mondo.    <\/p><p>La missione del Concilio di Nicea era quella di preservare l&#8217;unit\u00e0 seriamente minacciata dalla negazione della divinit\u00e0 di Ges\u00f9 Cristo e della sua uguaglianza con il Padre. Erano presenti circa trecento vescovi, riuniti nel palazzo imperiale, convocati dall&#8217;imperatore Costantino il 20 maggio 325. Dopo vari dibattiti, tutti concordarono, per grazia dello Spirito, sul Simbolo di fede che ancora oggi professiamo nella celebrazione domenicale dell&#8217;Eucaristia. I padri del Concilio vollero iniziare questo Simbolo usando per la prima volta l&#8217;espressione &#8220;Noi crediamo&#8221;. <b><i>Noi crediamo<\/i><\/b>, [   <span style=\"font-family: Calibri, sans-serif; font-size: 11pt; color: var( --e-global-color-text ); font-weight: var( --e-global-typography-text-font-weight );\">Simbolo niceno: H. Denzinger &#8211; A. Sch\u00f6nmetzer, Enchiridion Symbolorum definitionum et declarationum de rebus fidei et morum, n. 125. <\/span><span style=\"color: var( --e-global-color-text ); font-family: var( --e-global-typography-text-font-family ), Sans-serif; font-size: var( --e-global-typography-text-font-size ); font-weight: var( --e-global-typography-text-font-weight );\">&#8230; per testimoniare che in questo &#8220;Noi&#8221;, tutte le Chiese erano in comunione e che tutti i cristiani professavano la stessa fede.<\/span><\/p><p>Il Concilio di Nicea \u00e8 una pietra miliare nella storia della Chiesa. Il suo anniversario invita i cristiani a unirsi nella lode e nel ringraziamento alla Santa Trinit\u00e0 e in particolare a Ges\u00f9 Cristo, il Figlio di Dio,<i><b> &#8220;consustanziale al Padre<\/b><\/i><span style=\"font-family: Calibri, sans-serif; font-size: 11pt; color: var( --e-global-color-text ); font-weight: var( --e-global-typography-text-font-weight );\">[Ibidem<\/span> <span style=\"color: var( --e-global-color-text ); font-family: var( --e-global-typography-text-font-family ), Sans-serif; font-size: var( --e-global-typography-text-font-size ); font-weight: var( --e-global-typography-text-font-weight );\">. che ci ha rivelato questo mistero d&#8217;amore. Ma Nicea rappresenta anche un invito a tutte le Chiese e comunit\u00e0 ecclesiali a continuare il cammino verso l&#8217;unit\u00e0 visibile, a non stancarsi mai di cercare le forme adeguate per rispondere pienamente alla preghiera di Ges\u00f9: &#8220;Perch\u00e9 tutti siano una cosa sola, come tu, Padre, sei in me e io in te. E siano anch&#8217;essi una cosa sola in noi, perch\u00e9 il mondo creda che tu mi hai mandato&#8221; (Gv 17,21). <\/span><\/p><p>Il Concilio di Nicea discusse anche la data della Pasqua. Ancora oggi, ci sono posizioni divergenti che impediscono di celebrare l&#8217;evento fondante della fede nello stesso giorno. Per una combinazione di circostanze provvidenziali, questo accadr\u00e0 nel 2025. Questo dovrebbe essere un richiamo per tutti i cristiani d&#8217;Oriente e d&#8217;Occidente a fare un passo decisivo verso l&#8217;unit\u00e0 intorno a una data comune di Pasqua. Molti, \u00e8 bene ricordarlo, non conoscono pi\u00f9 le controversie del passato e non capiscono come possano persistere le divisioni su questo argomento.    <\/p>\t\t\t\t\t\t\t\t<\/div>\n\t\t\t\t<\/div>\n\t\t\t\t<div class=\"elementor-element elementor-element-e5eb12b elementor-widget elementor-widget-text-editor\" data-id=\"e5eb12b\" data-element_type=\"widget\" data-e-type=\"widget\" data-widget_type=\"text-editor.default\">\n\t\t\t\t<div class=\"elementor-widget-container\">\n\t\t\t\t\t\t\t\t\t<ul><li><strong>Inviti alla speranza<\/strong><\/li><\/ul>\t\t\t\t\t\t\t\t<\/div>\n\t\t\t\t<\/div>\n\t\t\t\t<div class=\"elementor-element elementor-element-e4d9e26 elementor-widget elementor-widget-text-editor\" data-id=\"e4d9e26\" data-element_type=\"widget\" data-e-type=\"widget\" data-widget_type=\"text-editor.default\">\n\t\t\t\t<div class=\"elementor-widget-container\">\n\t\t\t\t\t\t\t\t\t<p>16. Facendo eco alle antiche parole dei profeti, il Giubileo ci ricorda che i beni della terra non sono per pochi privilegiati, ma per tutti. Coloro che possiedono la ricchezza devono essere generosi nel riconoscere i volti dei loro fratelli e sorelle in difficolt\u00e0. Penso in particolare a coloro che non hanno acqua e cibo: la fame \u00e8 una ferita scandalosa nel corpo della nostra umanit\u00e0 e chiede a tutti di risvegliare la propria coscienza. Rinnovo il mio appello affinch\u00e9<i><b>&#8220;con le risorse finanziarie destinate agli armamenti e ad altre spese militari, venga istituito un Fondo Mondiale per sradicare la fame una volta per tutte e per lo sviluppo dei Paesi pi\u00f9 poveri, affinch\u00e9 i loro abitanti non ricorrano a soluzioni violente o ingannevoli e non debbano lasciare i loro Paesi alla ricerca di una vita pi\u00f9 dignitosa&#8221;.<\/b><\/i> &#8220;. [   <span style=\"font-family: Calibri, sans-serif; font-size: 11pt; color: var( --e-global-color-text ); font-weight: var( --e-global-typography-text-font-weight );\">Inc. Fratelli tutti, 262.   <\/span><span style=\"color: var( --e-global-color-text ); font-family: var( --e-global-typography-text-font-family ), Sans-serif; font-size: var( --e-global-typography-text-font-size ); font-weight: var( --e-global-typography-text-font-weight );\">]<\/span><\/p>\n<p>Vorrei rivolgere un altro invito urgente in vista dell&#8217;Anno Giubilare: \u00e8 rivolto alle nazioni pi\u00f9 ricche affinch\u00e9 riconoscano la gravit\u00e0 di molte delle decisioni che hanno preso e decidano di condonare i debiti di paesi che non saranno mai in grado di ripagarli. \u00c8 una questione di giustizia pi\u00f9 che di magnanimit\u00e0, aggravata oggi da una nuova forma di iniquit\u00e0 di cui siamo venuti a conoscenza: <b><i>&#8220;Esiste infatti un vero e proprio &#8220;debito ecologico&#8221;, in particolare tra Nord e Sud, legato agli squilibri commerciali, con conseguenze in ambito ecologico, e legato anche all&#8217;uso sproporzionato delle risorse naturali, storicamente praticato da alcuni paesi.&#8221;<\/i><\/b>. [  <span style=\"font-family: Calibri, sans-serif; font-size: 11pt; color: var( --e-global-color-text ); font-weight: var( --e-global-typography-text-font-weight );\">Inc. Laudato si&#8217;, 51.   <\/span><span style=\"color: var( --e-global-color-text ); font-family: var( --e-global-typography-text-font-family ), Sans-serif; font-size: var( --e-global-typography-text-font-size ); font-weight: var( --e-global-typography-text-font-weight );\">Come insegna la Sacra Scrittura, la terra appartiene a Dio e tutti noi viviamo su di essa come ospiti e stranieri (cfr. Lev 25:23). Se vogliamo davvero aprire la strada alla pace nel mondo, impegniamoci a rimediare alle cause profonde dell&#8217;ingiustizia, paghiamo i debiti ingiusti e insolventi e diamo da mangiare agli affamati. <\/span><\/p>\t\t\t\t\t\t\t\t<\/div>\n\t\t\t\t<\/div>\n\t\t\t\t\t<\/div>\n\t\t\t\t<\/div>\n\t\t<div class=\"elementor-element elementor-element-edd4067 e-flex e-con-boxed e-con e-parent\" data-id=\"edd4067\" data-element_type=\"container\" data-e-type=\"container\">\n\t\t\t\t\t<div class=\"e-con-inner\">\n\t\t\t\t<div class=\"elementor-element elementor-element-9390a39 elementor-widget elementor-widget-text-editor\" data-id=\"9390a39\" data-element_type=\"widget\" data-e-type=\"widget\" data-widget_type=\"text-editor.default\">\n\t\t\t\t<div class=\"elementor-widget-container\">\n\t\t\t\t\t\t\t\t\t<p><strong>&#8220;Un anniversario molto importante per tutti i cristiani  <\/strong><\/p><p><strong>cadr\u00e0 durante il prossimo Giubileo&#8221;.<\/strong><\/p>\t\t\t\t\t\t\t\t<\/div>\n\t\t\t\t<\/div>\n\t\t\t\t<div class=\"elementor-element elementor-element-3538fc1 elementor-widget elementor-widget-text-editor\" data-id=\"3538fc1\" data-element_type=\"widget\" data-e-type=\"widget\" data-widget_type=\"text-editor.default\">\n\t\t\t\t<div class=\"elementor-widget-container\">\n\t\t\t\t\t\t\t\t\t<ul><li><strong>Ancorati alla speranza<\/strong><\/li><\/ul>\t\t\t\t\t\t\t\t<\/div>\n\t\t\t\t<\/div>\n\t\t\t\t<div class=\"elementor-element elementor-element-b1ed42f elementor-widget elementor-widget-text-editor\" data-id=\"b1ed42f\" data-element_type=\"widget\" data-e-type=\"widget\" data-widget_type=\"text-editor.default\">\n\t\t\t\t<div class=\"elementor-widget-container\">\n\t\t\t\t\t\t\t\t\t<p>18. Insieme alla fede e alla carit\u00e0, la speranza forma il trittico delle &#8220;virt\u00f9 teologali&#8221; che esprimono l&#8217;essenza della vita cristiana (cfr. 1 Cor 13,13; 1 Tess 1,3). Nel loro dinamismo inscindibile, la speranza \u00e8 quella che, per cos\u00ec dire, orienta, indica la direzione e la meta dell&#8217;esistenza del credente. \u00c8 per questo che l&#8217;apostolo Paolo ci invita:    <b><i>&#8220;Rallegratevi nella speranza, state saldi nella prova, siate diligenti nella preghiera&#8221; (Romani 12:12). S\u00ec, dobbiamo &#8220;traboccare di speranza&#8221;. <\/i><\/b>  (cfr. Rm 15,13) per dare una testimonianza credibile e attraente della fede e dell&#8217;amore che abbiamo nel cuore; perch\u00e9 la fede sia gioiosa, la carit\u00e0 entusiasta; perch\u00e9 ognuno di noi possa donare anche solo un sorriso, un gesto di amicizia, uno sguardo fraterno, un ascolto sincero, un servizio gratuito, sapendo che, nello Spirito di Ges\u00f9, questo pu\u00f2 diventare un seme fecondo di speranza per chi lo riceve. Ma qual \u00e8 il fondamento della nostra speranza? Per capirlo, dobbiamo guardare alle ragioni della nostra speranza (cfr. 1 Pt 3:15).  <\/p><p>19. <i><b>&#8220;Credo nella vita eterna<\/b><\/i> : [<span style=\"font-family: Calibri, sans-serif; font-size: 11pt; color: var( --e-global-color-text ); font-weight: var( --e-global-typography-text-font-weight );\">Simbolo degli Apostoli: H. Denzinger &#8211; A. Sch\u00f6nmetzer, Enchiridion Symbolorum definitionum et declarationum de rebus fidei et morum, n. 30. <\/span><span style=\"color: var( --e-global-color-text ); font-family: var( --e-global-typography-text-font-family ), Sans-serif; font-size: var( --e-global-typography-text-font-size ); font-weight: var( --e-global-typography-text-font-weight );\">&#8230; cos\u00ec professa la nostra fede. La speranza cristiana trova in queste parole un pilastro fondamentale. \u00c8 infatti &#8220;la virt\u00f9 teologale con cui desideriamo come felicit\u00e0 [&#8230;] la Vita eterna&#8221;. [<\/span><span style=\"font-family: Calibri, sans-serif; font-size: 11pt; color: var( --e-global-color-text ); font-weight: var( --e-global-typography-text-font-weight );\">Catechismo della Chiesa Cattolica, n. 1817. <\/span><span style=\"color: var( --e-global-color-text ); font-family: var( --e-global-typography-text-font-family ), Sans-serif; font-size: var( --e-global-typography-text-font-size );\"><span style=\"font-weight: var( --e-global-typography-text-font-weight );\">] Il Concilio Ecumenico Vaticano II afferma :  <\/span><i><b>&#8220;Quando mancano il sostegno divino e la speranza della vita eterna, la dignit\u00e0 dell&#8217;uomo subisce una ferita molto grave, come spesso vediamo oggi, e l&#8217;enigma della vita e della morte, della colpa e della sofferenza, rimane irrisolto. E cos\u00ec, troppo spesso, le persone sprofondano nella disperazione   <\/b><\/i><span style=\"font-weight: var( --e-global-typography-text-font-weight );\">&#8220;. [<\/span><\/span><span style=\"font-family: Calibri, sans-serif; font-size: 11pt; color: var( --e-global-color-text ); font-weight: var( --e-global-typography-text-font-weight );\">Cost.<br>passato. Gaudium et spes, n. 21.  <\/span><span style=\"color: var( --e-global-color-text ); font-family: var( --e-global-typography-text-font-family ), Sans-serif; font-size: var( --e-global-typography-text-font-size ); font-weight: var( --e-global-typography-text-font-weight );\"><span style=\"font-weight: var( --e-global-typography-text-font-weight );\">Noi, invece, in virt\u00f9 della speranza in cui siamo stati salvati, guardando lo scorrere del tempo, siamo certi che la storia dell&#8217;umanit\u00e0, e di ogni singolo individuo, non va verso un vicolo cieco o un abisso oscuro, ma verso l&#8217;incontro con il Signore della gloria. Viviamo quindi nell&#8217;attesa del suo ritorno e nella speranza di vivere per sempre in Lui. \u00c8 in questo spirito che facciamo nostra la commovente invocazione dei primi cristiani, con cui si conclude la Sacra Scrittura:    <\/span><\/span><span style=\"color: var( --e-global-color-text ); font-family: var( --e-global-typography-text-font-family ), Sans-serif; font-size: var( --e-global-typography-text-font-size ); font-weight: var( --e-global-typography-text-font-weight );\"><b><i>&#8220;Vieni, Signore Ges\u00f9! <\/i><\/b><\/span><span style=\"color: var( --e-global-color-text ); font-family: var( --e-global-typography-text-font-family ), Sans-serif; font-size: var( --e-global-typography-text-font-size ); font-weight: var( --e-global-typography-text-font-weight );\">(Ap 22, 20).<\/span><\/p>\t\t\t\t\t\t\t\t<\/div>\n\t\t\t\t<\/div>\n\t\t\t\t<div class=\"elementor-element elementor-element-879101f elementor-widget elementor-widget-text-editor\" data-id=\"879101f\" data-element_type=\"widget\" data-e-type=\"widget\" data-widget_type=\"text-editor.default\">\n\t\t\t\t<div class=\"elementor-widget-container\">\n\t\t\t\t\t\t\t\t\t<p>20. Ges\u00f9 morto e risorto \u00e8 il cuore della nostra fede. San Paolo, esponendo questo contenuto in poche parole &#8211; con soli quattro verbi &#8211; ci trasmette il &#8220;cuore&#8221; della nostra speranza:<b><i> &#8220;Prima di tutto vi ho trasmesso ci\u00f2 che io stesso ho ricevuto: Cristo mor\u00ec per i nostri peccati secondo le Scritture e fu deposto nel sepolcro; risuscit\u00f2 il terzo giorno secondo le Scritture e apparve a Pietro e poi ai Dodici&#8221;.<\/i><\/b> ( 1 Cor 15, 3-5). Cristo mor\u00ec, fu sepolto, risuscit\u00f2 e apparve. Ha vissuto il dramma della morte per noi. L&#8217;amore del Padre lo ha risuscitato nella potenza dello Spirito, facendo della sua umanit\u00e0 la primizia dell&#8217;eternit\u00e0 per la nostra salvezza. La speranza cristiana consiste proprio in questo: di fronte alla morte, dove tutto sembra finire, riceviamo la certezza che, grazie a Cristo, per la sua grazia comunicataci nel Battesimo, &#8220;la vita non \u00e8 distrutta&#8221;,<b><i> &#8220;la vita non viene distrutta, ma trasformata&#8221;.<\/i><\/b><span style=\"font-family: Calibri, sans-serif; font-size: 11pt; color: var( --e-global-color-text ); font-weight: var( --e-global-typography-text-font-weight );\">[Messale Romano<br>, Prefazio dei defunti I.<\/span>     <span style=\"color: var( --e-global-color-text ); font-family: var( --e-global-typography-text-font-family ), Sans-serif; font-size: var( --e-global-typography-text-font-size ); font-weight: var( --e-global-typography-text-font-weight );\">per sempre. Nel Battesimo, sepolti con Cristo, riceviamo in Lui, risorto dai morti, il dono di una nuova vita che abbatte il muro della morte e lo rende un passaggio verso l&#8217;eternit\u00e0. <\/span><\/p><p>E se di fronte alla morte, separazione dolorosa che ci costringe a lasciare gli affetti pi\u00f9 cari, non \u00e8 ammessa alcuna retorica, il Giubileo ci offrir\u00e0 l&#8217;opportunit\u00e0 di riscoprire, con immensa gratitudine, il dono di questa nuova vita ricevuta nel Battesimo, capace di trasfigurare il dramma. \u00c8 importante ripensare, nel contesto del Giubileo, a come questo mistero \u00e8 stato compreso fin dai primi secoli della fede. Per molto tempo, ad esempio, i cristiani hanno costruito i loro fonti battesimali in forma ottagonale e ancora oggi possiamo ammirare molti antichi battisteri che conservano questa forma, come a Roma, a San Giovanni in Laterano. Questo indica che, nel fonte battesimale, si inaugura un ottavo giorno, il giorno della resurrezione, il giorno che supera il ritmo abituale scandito dalla scadenza settimanale, aprendo cos\u00ec il ciclo del tempo alla dimensione dell&#8217;eternit\u00e0, alla vita che dura per sempre. Questa \u00e8 la meta verso cui tendiamo nel nostro pellegrinaggio terreno (cfr. Rm 6,22).    <\/p><p>La testimonianza pi\u00f9 convincente di questa speranza \u00e8 offerta dai martiri che, fermi nella loro fede in Cristo risorto, hanno saputo rinunciare alla loro vita qui sulla terra pur di non tradire il loro Signore. Questi confessori della vita senza fine sono presenti in ogni epoca e ce ne sono molti nella nostra, forse pi\u00f9 che mai. Dobbiamo mantenere viva la loro testimonianza per far fruttare la nostra speranza.  <\/p><p>Questi martiri di diverse tradizioni cristiane sono anche semi di unit\u00e0, perch\u00e9 esprimono l&#8217;ecumenismo del sangue. Ecco perch\u00e9 spero ardentemente che durante il Giubileo ci sia una celebrazione ecumenica, in modo da mettere in evidenza la ricchezza della testimonianza di questi martiri. <\/p>\t\t\t\t\t\t\t\t<\/div>\n\t\t\t\t<\/div>\n\t\t\t\t<div class=\"elementor-element elementor-element-2793b01 elementor-widget elementor-widget-image\" data-id=\"2793b01\" data-element_type=\"widget\" data-e-type=\"widget\" data-widget_type=\"image.default\">\n\t\t\t\t<div class=\"elementor-widget-container\">\n\t\t\t\t\t\t\t\t\t\t\t\t\t\t\t<img loading=\"lazy\" decoding=\"async\" width=\"570\" height=\"415\" src=\"https:\/\/www.chapelle-sainte-rita.com\/wp-content\/uploads\/2025\/01\/il_570xN.2821060736_k376.avif\" class=\"attachment-large size-large wp-image-10146\" alt=\"\" \/>\t\t\t\t\t\t\t\t\t\t\t\t\t\t\t<\/div>\n\t\t\t\t<\/div>\n\t\t\t\t<div class=\"elementor-element elementor-element-b8403e4 elementor-widget elementor-widget-text-editor\" data-id=\"b8403e4\" data-element_type=\"widget\" data-e-type=\"widget\" data-widget_type=\"text-editor.default\">\n\t\t\t\t<div class=\"elementor-widget-container\">\n\t\t\t\t\t\t\t\t\t<p><strong>Icona dei 21 martiri copti della Libia.  <\/strong><\/p>\t\t\t\t\t\t\t\t<\/div>\n\t\t\t\t<\/div>\n\t\t\t\t<div class=\"elementor-element elementor-element-5e49e09 elementor-widget elementor-widget-text-editor\" data-id=\"5e49e09\" data-element_type=\"widget\" data-e-type=\"widget\" data-widget_type=\"text-editor.default\">\n\t\t\t\t<div class=\"elementor-widget-container\">\n\t\t\t\t\t\t\t\t\t<p>Si tratta di un gruppo di 21 cristiani, <b>20 egiziani<\/b> &#8211; la maggior parte dei quali operai, sposati e padri di famiglia &#8211; e <b>un ghanese<\/b> &#8211; un musulmano che si \u00e8 convertito a Cristo grazie all&#8217;impressionante testimonianza di fede di quelli che sarebbero diventati i suoi &#8220;compagni&#8221; di martirio &#8211; che sono stati giustiziati il 15 febbraio 2015 su una spiaggia di Sirte dai miliziani dello Stato Islamico in Libia.  <\/p>\t\t\t\t\t\t\t\t<\/div>\n\t\t\t\t<\/div>\n\t\t\t\t<div class=\"elementor-element elementor-element-fd1f14f elementor-widget elementor-widget-text-editor\" data-id=\"fd1f14f\" data-element_type=\"widget\" data-e-type=\"widget\" data-widget_type=\"text-editor.default\">\n\t\t\t\t<div class=\"elementor-widget-container\">\n\t\t\t\t\t\t\t\t\t<p>21. Cosa ci succede dopo la morte? Con Ges\u00f9, oltre la soglia, c&#8217;\u00e8 la vita eterna, che consiste nella piena comunione con Dio, nella contemplazione e nella partecipazione al suo amore infinito. Ci\u00f2 che oggi sperimentiamo nella speranza, lo vedremo poi nella realt\u00e0. Sant&#8217;Agostino scriveva a questo proposito: &#8220;Quando sar\u00f2 unito a te con tutto il mio essere, allora non ci sar\u00e0 pi\u00f9 dolore, non ci sar\u00e0 pi\u00f9 lavoro; la mia vita sar\u00e0 completamente viva, essendo completamente piena di te&#8221;.<span style=\"font-family: Calibri, sans-serif; font-size: 11pt; color: var( --e-global-color-text ); font-weight: var( --e-global-typography-text-font-weight );\">[Confessioni,<br> X, 28.<\/span><span style=\"color: var( --e-global-color-text ); font-family: var( --e-global-typography-text-font-family ), Sans-serif; font-size: var( --e-global-typography-text-font-size ); font-weight: var( --e-global-typography-text-font-weight );\">Cosa caratterizzer\u00e0 questa pienezza di comunione? La felicit\u00e0. La felicit\u00e0 \u00e8 la vocazione dell&#8217;essere umano, un obiettivo che riguarda tutti.  <\/span><\/p><p>Ma cos&#8217;\u00e8 la felicit\u00e0? Che tipo di felicit\u00e0 ci aspettiamo e desideriamo? Non una gioia passeggera, una soddisfazione effimera che, una volta raggiunta, richiede sempre di pi\u00f9 in una spirale di cupidigia in cui l&#8217;animo umano non \u00e8 mai sazio ma sempre pi\u00f9 vuoto. Abbiamo bisogno di una felicit\u00e0 che si realizzi definitivamente in ci\u00f2 che ci appaga, cio\u00e8 nell&#8217;amore, in modo da poter dire, in questo momento: Sono amato, quindi esisto; ed esister\u00f2 sempre nell&#8217;Amore che non delude e dal quale niente e nessuno potr\u00e0 mai separarmi. Ricordiamo ancora una volta le parole dell&#8217;apostolo:<i><b> &#8220;Di questo sono certo: n\u00e9 la morte n\u00e9 la vita, n\u00e9 gli angeli n\u00e9 i principati del cielo, n\u00e9 le cose presenti n\u00e9 quelle future, n\u00e9 le potenze, n\u00e9 l&#8217;altezza, n\u00e9 la profondit\u00e0, n\u00e9 alcun&#8217;altra creatura potr\u00e0 separarci dall&#8217;amore di Dio che \u00e8 in Cristo Ges\u00f9, nostro Signore.&#8221;<\/b><\/i> (Rm 8:38-39).    <\/p><p>22. Un&#8217;altra realt\u00e0 legata alla vita eterna \u00e8 il giudizio di Dio, sia alla fine della nostra esistenza che alla fine dei tempi. L&#8217;arte ha spesso cercato di rappresentarlo &#8211; basti pensare al capolavoro di Michelangelo nella Cappella Sistina &#8211; adottando la concezione teologica del tempo e trasmettendo un senso di paura allo spettatore. Se \u00e8 giusto prepararsi con coscienza e seriet\u00e0 al momento che ricapitola la propria esistenza, allo stesso tempo dobbiamo sempre farlo nella dimensione della speranza, una virt\u00f9 teologica che sostiene la vita e ci permette di non cedere alla paura. Il giudizio di Dio, che \u00e8 amore (cfr. 1 Gv 4,8.16), non pu\u00f2 che basarsi sull&#8217;amore, e in particolare sul modo in cui lo abbiamo praticato o meno nei confronti dei pi\u00f9 bisognosi, nei quali \u00e8 presente Cristo, il Giudice in persona (cfr. Mt 25,31-46). Si tratta quindi di un giudizio diverso da quello degli uomini e dei tribunali terreni. Deve essere inteso come un rapporto di verit\u00e0 con Dio-amore e con se stessi nel mistero insondabile della misericordia divina. La Sacra Scrittura afferma a questo proposito che: <i><b>&#8220;Con il tuo esempio hai insegnato al tuo popolo che il giusto deve essere umano; ai tuoi figli hai dato una bella speranza: dopo il peccato concedi la conversione [&#8230;] e [nous comptons] la tua misericordia quando saremo giudicati&#8221;.<\/b><\/i> ( Wis 12, 19.22). Come ha scritto Benedetto XVI: <i><b>&#8220;Nel momento del giudizio, sperimentiamo e accogliamo il dominio del suo amore su tutto il male del mondo e di noi stessi. La sofferenza dell&#8217;amore diventa la nostra salvezza e la nostra gioia.<\/b><\/i> [       <span style=\"font-family: Calibri, sans-serif; font-size: 11pt; color: var( --e-global-color-text ); font-weight: var( --e-global-typography-text-font-weight );\">Lett.<br>enc. Spe salvi, 47.  <\/span><span style=\"color: var( --e-global-color-text ); font-family: var( --e-global-typography-text-font-family ), Sans-serif; font-size: var( --e-global-typography-text-font-size ); font-weight: var( --e-global-typography-text-font-weight );\">]<\/span><\/p><p>Il giudizio riguarda quindi la salvezza che speriamo e che Ges\u00f9 ha ottenuto per noi attraverso la sua morte e resurrezione. Ha quindi lo scopo di aprirci all&#8217;incontro definitivo con Lui. E poich\u00e9, in questo contesto, non possiamo pensare che il male commesso rimanga nascosto, \u00e8 necessario che venga purificato per permettere il passaggio definitivo nell&#8217;amore di Dio. In questo senso, comprendiamo la necessit\u00e0 di pregare per coloro che hanno completato il loro cammino terreno, la solidariet\u00e0 nell&#8217;intercessione orante che trae la sua efficacia dalla comunione dei santi, dal legame comune che ci unisce in Cristo, il primogenito della creazione. In questo modo, l&#8217;indulgenza giubilare, in virt\u00f9 della preghiera, \u00e8 destinata in modo speciale a coloro che ci hanno preceduto, affinch\u00e9 ottengano piena misericordia.    <\/p>\t\t\t\t\t\t\t\t<\/div>\n\t\t\t\t<\/div>\n\t\t\t\t<div class=\"elementor-element elementor-element-62c2d2c elementor-widget elementor-widget-text-editor\" data-id=\"62c2d2c\" data-element_type=\"widget\" data-e-type=\"widget\" data-widget_type=\"text-editor.default\">\n\t\t\t\t<div class=\"elementor-widget-container\">\n\t\t\t\t\t\t\t\t\t<p>23. L&#8217;indulgenza ci permette di scoprire fino a che punto la misericordia di Dio \u00e8 illimitata. Non \u00e8 un caso che, nell&#8217;antichit\u00e0, il termine &#8220;misericordia&#8221; fosse usato in modo intercambiabile con il termine &#8220;indulgenza&#8221;, proprio perch\u00e9 quest&#8217;ultimo intendeva esprimere la pienezza del perdono di Dio, che non conosce limiti. <\/p><p>Il sacramento della Penitenza ci assicura che Dio perdona i nostri peccati. Le parole del salmo ritornano con la loro forza consolante: &#8220;Egli perdona tutti i tuoi peccati e ti guarisce da ogni malattia; reclama la tua vita dalla tomba e ti incorona di amore e di tenerezza; [&#8230;] il Signore \u00e8 tenero e misericordioso, lento all&#8217;ira e pieno di amore; [&#8230;] non agisce verso di noi secondo le nostre colpe, n\u00e9 ci ripaga secondo i nostri peccati. Come il cielo domina la terra, cos\u00ec forte \u00e8 il suo amore per coloro che lo temono; come l&#8217;oriente \u00e8 lontano dall&#8217;occidente, egli allontana da noi i nostri peccati&#8221; (Sal 103:3-4, 8, 10-12). La Riconciliazione sacramentale non \u00e8 solo una meravigliosa opportunit\u00e0 spirituale, ma anche un passo decisivo, essenziale e indispensabile nel cammino di fede di ogni persona. \u00c8 qui che permettiamo al Signore di distruggere i nostri peccati, di guarire i nostri cuori, di sollevarci e abbracciarci, di farci conoscere il suo volto tenero e compassionevole. Infatti, non c&#8217;\u00e8 modo migliore di conoscere Dio che lasciarsi riconciliare con lui (cfr. 2 Cor 5:20), assaporando il suo perdono. Quindi non rinunciamo alla Confessione, ma riscopriamo la bellezza del sacramento della guarigione e della gioia, la bellezza del perdono dei peccati!     <\/p><p>Tuttavia, come sappiamo per esperienza personale, il peccato &#8220;lascia tracce&#8221;, porta a conseguenze: non solo esterne, in quanto sono le conseguenze del male commesso, ma anche interne, in quanto &#8220;ogni peccato, anche veniale, porta a un attaccamento malsano alle creature, che deve essere purificato o quaggi\u00f9 o dopo la morte nello stato noto come purgatorio&#8221;. [<span style=\"font-family: Calibri, sans-serif; font-size: 11pt; color: var( --e-global-color-text ); font-weight: var( --e-global-typography-text-font-weight );\">Catechismo<br>della Chiesa Cattolica, n. 1472. <\/span><span style=\"color: var( --e-global-color-text ); font-family: var( --e-global-typography-text-font-family ), Sans-serif; font-size: var( --e-global-typography-text-font-size ); font-weight: var( --e-global-typography-text-font-weight );\">&#8230;] Nella nostra debole umanit\u00e0, quindi, che \u00e8 attratta dal male, rimangono &#8220;effetti residui del peccato&#8221;. Questi vengono eliminati con l&#8217;indulgenza, sempre attraverso la grazia di Cristo, che \u00e8, come scrisse San Paolo VI, &#8220;la grazia di Dio&#8221;,   <\/span><b style=\"color: var( --e-global-color-text ); font-family: var( --e-global-typography-text-font-family ), Sans-serif; font-size: var( --e-global-typography-text-font-size );\"><i>&#8220;la nostra indulgenza<\/i><\/b><span style=\"color: var( --e-global-color-text ); font-family: var( --e-global-typography-text-font-family ), Sans-serif; font-size: var( --e-global-typography-text-font-size ); font-weight: var( --e-global-typography-text-font-weight );\">. [ <\/span><span style=\"color: var( --e-global-color-text ); font-weight: var( --e-global-typography-text-font-weight ); font-family: Calibri, sans-serif; font-size: 11pt;\">Lett.  <\/span><span style=\"color: var( --e-global-color-text ); font-weight: var( --e-global-typography-text-font-weight ); font-family: Calibri, sans-serif; font-size: 11pt;\">ap. Apostolorum limina, 23 maggio 1974, II. <\/span><span style=\"color: var( --e-global-color-text ); font-family: var( --e-global-typography-text-font-family ), Sans-serif; font-size: var( --e-global-typography-text-font-size ); font-weight: var( --e-global-typography-text-font-weight );\">] La Penitenzieria Apostolica pubblicher\u00e0 le disposizioni per ottenere e rendere effettiva la pratica dell&#8217;Indulgenza Giubilare.<\/span><\/p><p>Questa esperienza di perdono pu\u00f2 solo aprire il cuore e la mente al perdono. Il perdono non cambia il passato e non pu\u00f2 cambiare ci\u00f2 che \u00e8 gi\u00e0 accaduto. Ma il perdono ci permette di cambiare il futuro e di vivere in modo diverso, senza risentimento o vendetta. Un futuro illuminato dal perdono ci permette di leggere il passato con occhi diversi e pi\u00f9 tranquilli, anche se ancora offuscati dalle lacrime.   <\/p><p>Durante l&#8217;ultimo Giubileo straordinario ho istituito i Missionari della Misericordia, che continuano a svolgere un&#8217;importante missione. Che possano esercitare il loro ministero anche durante il prossimo Giubileo, ridando speranza e perdonando ogni volta che un peccatore si rivolge a loro con il cuore aperto e l&#8217;anima pentita. Possano continuare a essere strumenti di riconciliazione e aiutarci a guardare al futuro con la speranza del cuore che viene dalla misericordia del Padre. Spero che i vescovi sappiano approfittare del loro prezioso servizio, in particolare inviandoli nei luoghi in cui la speranza \u00e8 messa a dura prova, come le carceri, gli ospedali e i luoghi in cui la dignit\u00e0 della persona \u00e8 violata, nelle situazioni pi\u00f9 disagiate e nei contesti di maggiore sofferenza, affinch\u00e9 nessuno sia privato della possibilit\u00e0 di accogliere il perdono e la consolazione di Dio.   <\/p><p>24. La speranza trova la sua pi\u00f9 grande testimonianza nella Madre di Dio. In lei vediamo che la speranza non \u00e8 un vano ottimismo, ma un dono di grazia nel realismo della vita. Come ogni madre, ogni volta che guardava suo Figlio, pensava al suo futuro e le parole che Simeone le aveva rivolto nel tempio rimasero certamente impresse nel suo cuore: <i><b>&#8220;Ecco, questo bambino causer\u00e0 la caduta e l&#8217;ascesa di molti in Israele. Egli sar\u00e0 un segno di contraddizione e la tua anima sar\u00e0 trafitta da una spada&#8221;.<\/b><\/i> (Lc 2:34-35). E ai piedi della croce, mentre vedeva l&#8217;innocente Ges\u00f9 soffrire e morire, pur essendo sopraffatta da un&#8217;immensa sofferenza, ripet\u00e9 il suo &#8220;s\u00ec&#8221;, senza perdere la speranza o la fiducia nel Signore. In questo modo, collabor\u00f2 per noi al compimento di ci\u00f2 che suo Figlio aveva detto, annunciando <b><i>&#8220;che il Figlio dell&#8217;uomo deve soffrire molte cose, che deve essere rifiutato dagli anziani, dai capi dei sacerdoti e dagli scribi, che deve essere ucciso e che tre giorni dopo deve risorgere&#8221;.<\/i><\/b> (Mc 8, 31). E nel tormento di questo dolore offerto per amore, divenne nostra Madre, la Madre della speranza. Non \u00e8 un caso che la piet\u00e0 popolare continui a invocare la Beata Vergine come Stella Maris, un titolo che esprime la sicura speranza che, nelle tempestose vicissitudini della vita, la Madre di Dio venga in nostro aiuto, ci sostenga e ci inviti ad avere fiducia e a continuare a sperare.      <\/p><p>A questo proposito, vorrei ricordarti che il Santuario di Nostra Signora di Guadalupe a Citt\u00e0 del Messico si prepara a celebrare, nel 2031, il 500\u00b0 anniversario della prima apparizione della Vergine Maria. Attraverso il giovane Juan Diego, la Madre di Dio invi\u00f2 un rivoluzionario messaggio di speranza che ancora oggi ripete a tutti i pellegrini e ai fedeli: <b><i>&#8220;Non sono forse qui, io che sono tua madre? <\/i><\/b>[Un messaggio simile \u00e8 impresso nel cuore di molti santuari mariani in tutto il mondo, meta di innumerevoli pellegrini che affidano alla Madre di Dio le loro preoccupazioni, i loro dolori e le loro speranze. In questo Anno Giubilare, i santuari devono essere luoghi sacri di accoglienza e spazi privilegiati per alimentare la speranza. Invito i pellegrini che vengono a Roma a fermarsi a pregare nei santuari mariani della citt\u00e0, per venerare la Vergine Maria e invocare la sua protezione. Sono certo che tutti, soprattutto coloro che soffrono e sono afflitti, potranno sperimentare la vicinanza della pi\u00f9 affettuosa delle madri, che non abbandona mai i suoi figli e che \u00e8 per il santo Popolo di Dio <b><i>&#8220;un segno di sicura speranza e consolazione&#8221;.<\/i><\/b>. [Concilio Ecumenico Vaticano II, Costituzione dogmatica Lumen gentium, 68].     <\/p>\t\t\t\t\t\t\t\t<\/div>\n\t\t\t\t<\/div>\n\t\t\t\t<div class=\"elementor-element elementor-element-847d1bf elementor-widget elementor-widget-image\" data-id=\"847d1bf\" data-element_type=\"widget\" data-e-type=\"widget\" data-widget_type=\"image.default\">\n\t\t\t\t<div class=\"elementor-widget-container\">\n\t\t\t\t\t\t\t\t\t\t\t\t\t\t\t<img loading=\"lazy\" decoding=\"async\" width=\"512\" height=\"399\" src=\"https:\/\/www.chapelle-sainte-rita.com\/wp-content\/uploads\/2025\/01\/unnamed.jpg\" class=\"attachment-large size-large wp-image-10150\" alt=\"\" srcset=\"https:\/\/www.chapelle-sainte-rita.com\/wp-content\/uploads\/2025\/01\/unnamed.jpg 512w, https:\/\/www.chapelle-sainte-rita.com\/wp-content\/uploads\/2025\/01\/unnamed-300x234.jpg 300w\" sizes=\"(max-width: 512px) 100vw, 512px\" \/>\t\t\t\t\t\t\t\t\t\t\t\t\t\t\t<\/div>\n\t\t\t\t<\/div>\n\t\t\t\t<div class=\"elementor-element elementor-element-016792b elementor-widget elementor-widget-text-editor\" data-id=\"016792b\" data-element_type=\"widget\" data-e-type=\"widget\" data-widget_type=\"text-editor.default\">\n\t\t\t\t<div class=\"elementor-widget-container\">\n\t\t\t\t\t\t\t\t\t<p>25. Nel cammino verso il Giubileo, torniamo alla Sacra Scrittura e ascoltiamo queste parole rivolte a noi: <i><b>&#8220;Questo \u00e8 un grande incoraggiamento per noi che abbiamo cercato rifugio nella speranza che ci \u00e8 stata offerta e che abbiamo afferrato. Questa speranza la teniamo come un&#8217;ancora sicura e salda per l&#8217;anima; essa entra oltre la cortina, nel Santuario dove Ges\u00f9 \u00e8 entrato per noi come precursore&#8221;.<\/b><\/i> (Eb 6:18-20). Questo \u00e8 un forte invito a non perdere mai la speranza che ci \u00e8 stata data, ad aggrapparci ad essa trovando rifugio in Dio. <\/p>\n<p>L&#8217;immagine dell&#8217;ancora evoca la stabilit\u00e0 e la sicurezza che abbiamo in mezzo alle acque tempestose della vita se confidiamo nel Signore Ges\u00f9. Le tempeste non potranno mai spazzarci via perch\u00e9 siamo ancorati alla speranza della grazia, che \u00e8 in grado di farci vivere in Cristo, trionfando sul peccato, sulla paura e sulla morte. Questa speranza, che \u00e8 molto pi\u00f9 grande delle soddisfazioni quotidiane e del miglioramento delle condizioni di vita, ci porta oltre le prove e ci spinge a camminare senza perdere di vista la grandezza della meta a cui siamo chiamati, il Paradiso.  <\/p>\n<p>Il prossimo Giubileo sar\u00e0 quindi un Anno Santo caratterizzato dalla speranza che non passa, la speranza che \u00e8 in Dio. Che ci aiuti anche a riscoprire la fiducia di cui abbiamo bisogno nella Chiesa e nella societ\u00e0, nei rapporti interpersonali, nelle relazioni internazionali, nella promozione della dignit\u00e0 di ogni persona e nel rispetto del creato. Che la nostra testimonianza di fede sia nel mondo un lievito di autentica speranza, un annuncio dei nuovi cieli e della nuova terra (cfr. 2 Pt 3,13) dove abiteremo nella giustizia e nell&#8217;armonia tra i popoli, tendendo al compimento della promessa del Signore.  <\/p>\n<p>Lasciamoci coinvolgere dalla speranza oggi e facciamo in modo che diventi contagiosa attraverso di noi, per coloro che la desiderano. Che la nostra vita dica loro: <b><i>&#8220;Spera nel Signore, sii forte e prendi coraggio; spera nel Signore&#8221;.<\/i><\/b> (Sal 27:14). Che la forza della speranza riempia il nostro presente, nella fiduciosa attesa del ritorno del Signore Ges\u00f9 Cristo, al quale sia lode e gloria, ora e sempre.  <\/p>\t\t\t\t\t\t\t\t<\/div>\n\t\t\t\t<\/div>\n\t\t\t\t<div class=\"elementor-element elementor-element-79d1579 elementor-widget elementor-widget-text-editor\" data-id=\"79d1579\" data-element_type=\"widget\" data-e-type=\"widget\" data-widget_type=\"text-editor.default\">\n\t\t\t\t<div class=\"elementor-widget-container\">\n\t\t\t\t\t\t\t\t\t<p>Dato a Roma, presso San Giovanni in Laterano, il 9 maggio, Solennit\u00e0 dell&#8217;Ascensione di Nostro Signore Ges\u00f9 Cristo, dell&#8217;anno 2024, dodicesimo di Pontificato.<\/p><p>Fran\u00e7ois<\/p>\t\t\t\t\t\t\t\t<\/div>\n\t\t\t\t<\/div>\n\t\t\t\t\t<\/div>\n\t\t\t\t<\/div>\n\t\t\t\t<\/div>\n\t\t","protected":false},"excerpt":{"rendered":"<p>1 &#8220;Spes non confundit&#8221;, &#8220;la speranza non delude&#8221; (Rm 5,5). Sotto il segno della speranza, l&#8217;apostolo Paolo stimola il coraggio della comunit\u00e0 cristiana di Roma. La speranza sar\u00e0 anche il messaggio centrale del prossimo Giubileo, che il Papa indir\u00e0 ogni venticinque anni, secondo un&#8217;antica tradizione. Penso a tutti i pellegrini della speranza che arriveranno a [&hellip;]<\/p>\n","protected":false},"author":1,"featured_media":0,"parent":0,"menu_order":0,"comment_status":"closed","ping_status":"closed","template":"","meta":{"footnotes":""},"class_list":["post-11631","page","type-page","status-publish","hentry"],"_links":{"self":[{"href":"https:\/\/www.chapelle-sainte-rita.com\/it\/wp-json\/wp\/v2\/pages\/11631","targetHints":{"allow":["GET"]}}],"collection":[{"href":"https:\/\/www.chapelle-sainte-rita.com\/it\/wp-json\/wp\/v2\/pages"}],"about":[{"href":"https:\/\/www.chapelle-sainte-rita.com\/it\/wp-json\/wp\/v2\/types\/page"}],"author":[{"embeddable":true,"href":"https:\/\/www.chapelle-sainte-rita.com\/it\/wp-json\/wp\/v2\/users\/1"}],"replies":[{"embeddable":true,"href":"https:\/\/www.chapelle-sainte-rita.com\/it\/wp-json\/wp\/v2\/comments?post=11631"}],"version-history":[{"count":3,"href":"https:\/\/www.chapelle-sainte-rita.com\/it\/wp-json\/wp\/v2\/pages\/11631\/revisions"}],"predecessor-version":[{"id":13929,"href":"https:\/\/www.chapelle-sainte-rita.com\/it\/wp-json\/wp\/v2\/pages\/11631\/revisions\/13929"}],"wp:attachment":[{"href":"https:\/\/www.chapelle-sainte-rita.com\/it\/wp-json\/wp\/v2\/media?parent=11631"}],"curies":[{"name":"wp","href":"https:\/\/api.w.org\/{rel}","templated":true}]}}