{"id":6367,"date":"2024-08-06T16:22:35","date_gmt":"2024-08-06T14:22:35","guid":{"rendered":"https:\/\/www.chapelle-sainte-rita.com\/diventare-oblati-e-il-tempo-della-formazione\/"},"modified":"2024-12-09T13:57:26","modified_gmt":"2024-12-09T12:57:26","slug":"diventare-oblati-e-il-tempo-della-formazione","status":"publish","type":"page","link":"https:\/\/www.chapelle-sainte-rita.com\/it\/diventare-oblati-e-il-tempo-della-formazione\/","title":{"rendered":"Diventare Oblati e il periodo iniziale della formazione"},"content":{"rendered":"\t\t<div data-elementor-type=\"wp-page\" data-elementor-id=\"6367\" class=\"elementor elementor-6367 elementor-3685\" data-elementor-post-type=\"page\">\n\t\t\t\t<div class=\"elementor-element elementor-element-9eee55e e-flex e-con-boxed e-con e-parent\" data-id=\"9eee55e\" data-element_type=\"container\" data-e-type=\"container\" data-settings=\"{&quot;background_background&quot;:&quot;classic&quot;}\">\n\t\t\t\t\t<div class=\"e-con-inner\">\n\t\t\t\t<div class=\"elementor-element elementor-element-451b56e elementor-widget__width-initial elementor-widget elementor-widget-heading\" data-id=\"451b56e\" data-element_type=\"widget\" data-e-type=\"widget\" data-widget_type=\"heading.default\">\n\t\t\t\t<div class=\"elementor-widget-container\">\n\t\t\t\t\t<h2 class=\"elementor-heading-title elementor-size-default\"><br>Diventare un religioso Oblato e il periodo iniziale di formazione<\/h2>\t\t\t\t<\/div>\n\t\t\t\t<\/div>\n\t\t\t\t\t<\/div>\n\t\t\t\t<\/div>\n\t\t<div class=\"elementor-element elementor-element-7b4fa82 e-flex e-con-boxed e-con e-parent\" data-id=\"7b4fa82\" data-element_type=\"container\" data-e-type=\"container\">\n\t\t\t\t\t<div class=\"e-con-inner\">\n\t\t\t\t<div class=\"elementor-element elementor-element-20c4ae3 elementor-widget elementor-widget-text-editor\" data-id=\"20c4ae3\" data-element_type=\"widget\" data-e-type=\"widget\" data-widget_type=\"text-editor.default\">\n\t\t\t\t<div class=\"elementor-widget-container\">\n\t\t\t\t\t\t\t\t\t<p>Il processo di formazione per diventare un Oblato della Vergine Maria prevede diverse fasi.  <br \/>Durante ognuna di queste fasi, l&#8217;aspirante-postulante, il novizio o il membro professo temporaneo viene accompagnato personalmente nel suo discernimento vocazionale e nel raggiungimento dei suoi obiettivi di crescita personale.<\/p>\n<p>Tuttavia, l&#8217;Oblato non smette mai di formarsi, per rispondere sempre meglio alle esigenze della sua vocazione di religioso e sacerdote al servizio del Popolo di Dio.<\/p>\n\t\t\t\t\t\t\t\t<\/div>\n\t\t\t\t<\/div>\n\t\t\t\t\t<\/div>\n\t\t\t\t<\/div>\n\t\t<div class=\"elementor-element elementor-element-4dfc766 e-con-full e-flex e-con e-parent\" data-id=\"4dfc766\" data-element_type=\"container\" data-e-type=\"container\" data-settings=\"{&quot;background_background&quot;:&quot;classic&quot;,&quot;motion_fx_motion_fx_scrolling&quot;:&quot;yes&quot;,&quot;motion_fx_translateY_effect&quot;:&quot;yes&quot;,&quot;motion_fx_translateY_speed&quot;:{&quot;unit&quot;:&quot;px&quot;,&quot;size&quot;:1,&quot;sizes&quot;:[]},&quot;motion_fx_translateY_affectedRange&quot;:{&quot;unit&quot;:&quot;%&quot;,&quot;size&quot;:&quot;&quot;,&quot;sizes&quot;:{&quot;start&quot;:15,&quot;end&quot;:50}},&quot;motion_fx_devices&quot;:[&quot;desktop&quot;,&quot;tablet&quot;,&quot;mobile&quot;]}\">\n\t\t<div class=\"elementor-element elementor-element-1f3a090 e-con-full e-flex e-con e-child\" data-id=\"1f3a090\" data-element_type=\"container\" data-e-type=\"container\">\n\t\t\t\t<div class=\"elementor-element elementor-element-3737211 elementor-position-inline-start elementor-view-default elementor-mobile-position-block-start elementor-widget elementor-widget-icon-box\" data-id=\"3737211\" data-element_type=\"widget\" data-e-type=\"widget\" data-widget_type=\"icon-box.default\">\n\t\t\t\t<div class=\"elementor-widget-container\">\n\t\t\t\t\t\t\t<div class=\"elementor-icon-box-wrapper\">\n\n\t\t\t\t\t\t<div class=\"elementor-icon-box-icon\">\n\t\t\t\t<span  class=\"elementor-icon\">\n\t\t\t\t<svg xmlns=\"http:\/\/www.w3.org\/2000\/svg\" viewBox=\"0 0 150 150\"><defs><style>      .cls-1 {        fill: #fff;      }    <\/style><\/defs><g><g id=\"Calque_1\"><circle cx=\"75\" cy=\"75\" r=\"68\"><\/circle><path class=\"cls-1\" d=\"M70.34,112.72v-58.31l-12.52,2.89v-11.24l18.62-8.24h8.77v74.9h-14.87Z\"><\/path><\/g><\/g><\/svg>\t\t\t\t<\/span>\n\t\t\t<\/div>\n\t\t\t\n\t\t\t\t\t\t<div class=\"elementor-icon-box-content\">\n\n\t\t\t\t\t\t\t\t\t<h3 class=\"elementor-icon-box-title\">\n\t\t\t\t\t\t<span  >\n\t\t\t\t\t\t\tDiscernimento iniziale\t\t\t\t\t\t<\/span>\n\t\t\t\t\t<\/h3>\n\t\t\t\t\n\t\t\t\t\t\t\t\t\t<p class=\"elementor-icon-box-description\">\n\t\t\t\t\t\tChiunque si senta chiamato dovrebbe contattare una delle nostre comunit\u00e0. Mentre proseguono gli studi o il lavoro, i candidati si incontrano regolarmente con un sacerdote oblato. Il sacerdote li guider\u00e0 nella preghiera personale e nel discernimento vocazionale iniziale.  \t\t\t\t\t<\/p>\n\t\t\t\t\n\t\t\t<\/div>\n\t\t\t\n\t\t<\/div>\n\t\t\t\t\t\t<\/div>\n\t\t\t\t<\/div>\n\t\t\t\t<div class=\"elementor-element elementor-element-02c0983 elementor-position-inline-start elementor-view-default elementor-mobile-position-block-start elementor-widget elementor-widget-icon-box\" data-id=\"02c0983\" data-element_type=\"widget\" data-e-type=\"widget\" data-widget_type=\"icon-box.default\">\n\t\t\t\t<div class=\"elementor-widget-container\">\n\t\t\t\t\t\t\t<div class=\"elementor-icon-box-wrapper\">\n\n\t\t\t\t\t\t<div class=\"elementor-icon-box-icon\">\n\t\t\t\t<span  class=\"elementor-icon\">\n\t\t\t\t<svg xmlns=\"http:\/\/www.w3.org\/2000\/svg\" viewBox=\"0 0 150 150\"><defs><style>      .cls-1 {        fill: #fff;      }    <\/style><\/defs><g><g id=\"Calque_1\"><circle cx=\"75\" cy=\"75\" r=\"68\"><\/circle><path class=\"cls-1\" d=\"M52.55,112.72v-10.59c4.49-3.64,8.88-7.28,13.16-10.91,4.28-3.64,8.13-7.26,11.56-10.86,3.42-3.6,6.12-7.12,8.08-10.54,1.96-3.42,2.94-6.74,2.94-9.95,0-2-.36-3.83-1.07-5.51-.71-1.68-1.82-3.03-3.32-4.07-1.5-1.03-3.5-1.55-5.99-1.55s-4.49.57-6.21,1.71c-1.71,1.14-3,2.66-3.85,4.55-.86,1.89-1.28,4.01-1.28,6.37h-13.91c.14-5.49,1.35-10.09,3.64-13.8,2.28-3.71,5.35-6.47,9.2-8.29s8.13-2.73,12.84-2.73c5.28,0,9.72.98,13.32,2.94,3.6,1.96,6.35,4.62,8.24,7.97,1.89,3.35,2.84,7.21,2.84,11.56,0,3.28-.59,6.49-1.77,9.63-1.18,3.14-2.82,6.19-4.92,9.15-2.1,2.96-4.46,5.8-7.06,8.51-2.6,2.71-5.31,5.3-8.13,7.76-2.82,2.46-5.58,4.76-8.29,6.9h31.89v11.77h-51.9Z\"><\/path><\/g><\/g><\/svg>\t\t\t\t<\/span>\n\t\t\t<\/div>\n\t\t\t\n\t\t\t\t\t\t<div class=\"elementor-icon-box-content\">\n\n\t\t\t\t\t\t\t\t\t<h3 class=\"elementor-icon-box-title\">\n\t\t\t\t\t\t<span  >\n\t\t\t\t\t\t\tLa premessa\t\t\t\t\t\t<\/span>\n\t\t\t\t\t<\/h3>\n\t\t\t\t\n\t\t\t\t\t\t\t\t\t<p class=\"elementor-icon-box-description\">\n\t\t\t\t\t\tI candidati che discernono una chiamata alla vita religiosa e\/o sacerdotale degli Oblati entrano nel postulato. Inizia quindi gli studi di filosofia. Sperimentano la vita comunitaria, una vita di preghiera quotidiana pi\u00f9 intensa e continuano il loro discernimento. Questo periodo pu\u00f2 durare fino a due anni.   \t\t\t\t\t<\/p>\n\t\t\t\t\n\t\t\t<\/div>\n\t\t\t\n\t\t<\/div>\n\t\t\t\t\t\t<\/div>\n\t\t\t\t<\/div>\n\t\t\t\t<div class=\"elementor-element elementor-element-ff53eb5 elementor-position-inline-start elementor-view-default elementor-mobile-position-block-start elementor-widget elementor-widget-icon-box\" data-id=\"ff53eb5\" data-element_type=\"widget\" data-e-type=\"widget\" data-widget_type=\"icon-box.default\">\n\t\t\t\t<div class=\"elementor-widget-container\">\n\t\t\t\t\t\t\t<div class=\"elementor-icon-box-wrapper\">\n\n\t\t\t\t\t\t<div class=\"elementor-icon-box-icon\">\n\t\t\t\t<span  class=\"elementor-icon\">\n\t\t\t\t<svg xmlns=\"http:\/\/www.w3.org\/2000\/svg\" viewBox=\"0 0 150 150\"><defs><style>      .cls-1 {        fill: #fff;      }    <\/style><\/defs><g><g id=\"Calque_1\"><circle cx=\"75\" cy=\"75\" r=\"68\"><\/circle><path class=\"cls-1\" d=\"M78.66,114c-4.92,0-9.4-.89-13.43-2.68-4.03-1.78-7.26-4.49-9.68-8.13-2.43-3.64-3.71-8.24-3.85-13.8h14.12c.07,2.35.61,4.48,1.6,6.37,1,1.89,2.46,3.39,4.39,4.49,1.93,1.11,4.21,1.66,6.85,1.66,2.5,0,4.64-.5,6.42-1.5,1.78-1,3.12-2.32,4.01-3.96.89-1.64,1.34-3.53,1.34-5.67,0-2.57-.61-4.69-1.82-6.37-1.21-1.68-2.91-2.96-5.08-3.85-2.18-.89-4.65-1.34-7.44-1.34h-5.56v-11.88h5.56c3.42,0,6.33-.8,8.72-2.41,2.39-1.6,3.58-4.05,3.58-7.33,0-2.64-.87-4.78-2.62-6.42-1.75-1.64-4.16-2.46-7.22-2.46-3.35,0-5.98,1-7.86,3-1.89,2-2.94,4.46-3.16,7.38h-14.12c.21-4.71,1.39-8.76,3.53-12.14,2.14-3.39,5.06-5.97,8.77-7.76,3.71-1.78,7.99-2.68,12.84-2.68,5.21,0,9.58.91,13.11,2.73,3.53,1.82,6.22,4.25,8.08,7.28,1.85,3.03,2.78,6.37,2.78,10,0,2.85-.55,5.4-1.66,7.65-1.11,2.25-2.55,4.12-4.33,5.62-1.78,1.5-3.78,2.6-5.99,3.32,2.78.5,5.22,1.57,7.33,3.21,2.1,1.64,3.75,3.73,4.92,6.26,1.18,2.53,1.77,5.44,1.77,8.72,0,4.07-1,7.83-3,11.29-2,3.46-4.92,6.22-8.77,8.29-3.85,2.07-8.56,3.1-14.12,3.1Z\"><\/path><\/g><\/g><\/svg>\t\t\t\t<\/span>\n\t\t\t<\/div>\n\t\t\t\n\t\t\t\t\t\t<div class=\"elementor-icon-box-content\">\n\n\t\t\t\t\t\t\t\t\t<h3 class=\"elementor-icon-box-title\">\n\t\t\t\t\t\t<span  >\n\t\t\t\t\t\t\tIl noviziato\t\t\t\t\t\t<\/span>\n\t\t\t\t\t<\/h3>\n\t\t\t\t\n\t\t\t\t\t\t\t\t\t<p class=\"elementor-icon-box-description\">\n\t\t\t\t\t\tL'anno di noviziato \u00e8 totalmente dedicato all'approfondimento della spiritualit\u00e0 e della missione degli Oblati. Riflettiamo sulla vita e sulle opere di Padre Lanteri, fondatore degli Oblati, e sul significato dei voti di castit\u00e0, povert\u00e0 e obbedienza. La regola di vita degli Oblati viene approfondita. Abbiamo una profonda esperienza di preghiera, in particolare gli Esercizi Spirituali di Sant'Ignazio della durata di trenta giorni. \u00c8 alla fine di questo anno di approfondimento e discernimento che il candidato prende la decisione di entrare nella famiglia degli Oblati. In seguito ha preso i primi voti ed \u00e8 diventato professo temporaneo.\t\t\t\t\t<\/p>\n\t\t\t\t\n\t\t\t<\/div>\n\t\t\t\n\t\t<\/div>\n\t\t\t\t\t\t<\/div>\n\t\t\t\t<\/div>\n\t\t\t\t<\/div>\n\t\t<div class=\"elementor-element elementor-element-d712522 e-con-full e-flex e-con e-child\" data-id=\"d712522\" data-element_type=\"container\" data-e-type=\"container\" data-settings=\"{&quot;background_background&quot;:&quot;classic&quot;}\">\n\t\t\t\t<\/div>\n\t\t\t\t<\/div>\n\t\t<div class=\"elementor-element elementor-element-7c42c33 e-con-full e-flex e-con e-parent\" data-id=\"7c42c33\" data-element_type=\"container\" data-e-type=\"container\" data-settings=\"{&quot;background_background&quot;:&quot;classic&quot;,&quot;motion_fx_motion_fx_scrolling&quot;:&quot;yes&quot;,&quot;motion_fx_translateY_effect&quot;:&quot;yes&quot;,&quot;motion_fx_translateY_speed&quot;:{&quot;unit&quot;:&quot;px&quot;,&quot;size&quot;:1,&quot;sizes&quot;:[]},&quot;motion_fx_translateY_affectedRange&quot;:{&quot;unit&quot;:&quot;%&quot;,&quot;size&quot;:&quot;&quot;,&quot;sizes&quot;:{&quot;start&quot;:15,&quot;end&quot;:50}},&quot;motion_fx_opacity_effect&quot;:&quot;yes&quot;,&quot;motion_fx_opacity_range&quot;:{&quot;unit&quot;:&quot;%&quot;,&quot;size&quot;:&quot;&quot;,&quot;sizes&quot;:{&quot;start&quot;:15,&quot;end&quot;:35}},&quot;motion_fx_opacity_direction&quot;:&quot;out-in&quot;,&quot;motion_fx_opacity_level&quot;:{&quot;unit&quot;:&quot;px&quot;,&quot;size&quot;:10,&quot;sizes&quot;:[]},&quot;motion_fx_devices&quot;:[&quot;desktop&quot;,&quot;tablet&quot;,&quot;mobile&quot;]}\">\n\t\t<div class=\"elementor-element elementor-element-5dc0c30 e-con-full e-flex e-con e-child\" data-id=\"5dc0c30\" data-element_type=\"container\" data-e-type=\"container\" data-settings=\"{&quot;background_background&quot;:&quot;classic&quot;}\">\n\t\t\t\t<\/div>\n\t\t<div class=\"elementor-element elementor-element-9932cb7 e-con-full e-flex e-con e-child\" data-id=\"9932cb7\" data-element_type=\"container\" data-e-type=\"container\">\n\t\t\t\t<div class=\"elementor-element elementor-element-63564f0 elementor-position-inline-start elementor-view-default elementor-mobile-position-block-start elementor-widget elementor-widget-icon-box\" data-id=\"63564f0\" data-element_type=\"widget\" data-e-type=\"widget\" data-widget_type=\"icon-box.default\">\n\t\t\t\t<div class=\"elementor-widget-container\">\n\t\t\t\t\t\t\t<div class=\"elementor-icon-box-wrapper\">\n\n\t\t\t\t\t\t<div class=\"elementor-icon-box-icon\">\n\t\t\t\t<span  class=\"elementor-icon\">\n\t\t\t\t<svg xmlns=\"http:\/\/www.w3.org\/2000\/svg\" viewBox=\"0 0 150 150\"><defs><style>      .cls-1 {        fill: #fff;      }    <\/style><\/defs><g><g id=\"Calque_1\"><circle cx=\"75\" cy=\"75\" r=\"68\"><\/circle><path class=\"cls-1\" d=\"M77.81,112.72v-13.59h-36.81v-11.45l29.64-49.86h21.51v48.79h9.74v12.52h-9.74v13.59h-14.34ZM56.41,86.61h22.26v-38.2h-.32l-21.94,38.2Z\"><\/path><\/g><\/g><\/svg>\t\t\t\t<\/span>\n\t\t\t<\/div>\n\t\t\t\n\t\t\t\t\t\t<div class=\"elementor-icon-box-content\">\n\n\t\t\t\t\t\t\t\t\t<h3 class=\"elementor-icon-box-title\">\n\t\t\t\t\t\t<span  >\n\t\t\t\t\t\t\tAnni di seminario e voti temporanei\t\t\t\t\t\t<\/span>\n\t\t\t\t\t<\/h3>\n\t\t\t\t\n\t\t\t\t\t\t\t\t\t<p class=\"elementor-icon-box-description\">\n\t\t\t\t\t\tGli oblati che si preparano al sacerdozio iniziano poi gli studi di teologia: Sacra Scrittura, storia della Chiesa, spiritualit\u00e0, morale, ecc. Durante questo periodo di tre o quattro anni, oltre agli studi, gli oblati di voti temporanei sperimentano la vita consacrata nella sua dimensione personale, comunitaria e pastorale. Per coloro che sono chiamati ad essere confratelli (vita consacrata, ma non ordinazione sacerdotale), il programma di formazione \u00e8 personalizzato in base alle disposizioni di ciascuno e alle esigenze espresse dalla congregazione dell'O.M.V..    <br><br>Siamo tutti religiosi, battezzati e consacrati al servizio della Chiesa e della nostra Congregazione. Tutti sono invitati a servire, a donarsi alla missione definita nelle nostre Costituzioni e Regole. \t\t\t\t\t<\/p>\n\t\t\t\t\n\t\t\t<\/div>\n\t\t\t\n\t\t<\/div>\n\t\t\t\t\t\t<\/div>\n\t\t\t\t<\/div>\n\t\t\t\t<div class=\"elementor-element elementor-element-281c55a elementor-position-inline-start elementor-view-default elementor-mobile-position-block-start elementor-widget elementor-widget-icon-box\" data-id=\"281c55a\" data-element_type=\"widget\" data-e-type=\"widget\" data-widget_type=\"icon-box.default\">\n\t\t\t\t<div class=\"elementor-widget-container\">\n\t\t\t\t\t\t\t<div class=\"elementor-icon-box-wrapper\">\n\n\t\t\t\t\t\t<div class=\"elementor-icon-box-icon\">\n\t\t\t\t<span  class=\"elementor-icon\">\n\t\t\t\t<svg xmlns=\"http:\/\/www.w3.org\/2000\/svg\" viewBox=\"0 0 150 150\"><defs><style>      .cls-1 {        fill: #fff;      }    <\/style><\/defs><g><g id=\"Calque_1\"><circle cx=\"75\" cy=\"75\" r=\"68\"><\/circle><path class=\"cls-1\" d=\"M78.71,114c-5.49,0-10.22-.98-14.18-2.94-3.96-1.96-7.06-4.64-9.31-8.02-2.25-3.39-3.58-7.22-4.01-11.5h14.12c.57,2.85,2.07,5.26,4.49,7.22,2.42,1.96,5.42,2.94,8.99,2.94,2.57,0,4.81-.64,6.74-1.93,1.93-1.28,3.44-3.05,4.55-5.3,1.1-2.25,1.66-4.72,1.66-7.44,0-2.92-.55-5.44-1.66-7.54-1.11-2.1-2.62-3.71-4.55-4.81-1.93-1.1-4.14-1.66-6.63-1.66-3.07,0-5.72.75-7.97,2.25s-3.83,3.39-4.76,5.67h-13.8l6.42-43.12h41.73v12.63h-31.03l-3.32,16.48c1.57-1.64,3.67-3,6.31-4.07,2.64-1.07,5.63-1.6,8.99-1.6,3.99,0,7.51.7,10.54,2.09,3.03,1.39,5.56,3.3,7.6,5.72,2.03,2.43,3.55,5.17,4.55,8.24,1,3.07,1.5,6.24,1.5,9.52,0,4-.66,7.65-1.98,10.97-1.32,3.32-3.17,6.19-5.56,8.61-2.39,2.43-5.23,4.3-8.51,5.62-3.28,1.32-6.92,1.98-10.91,1.98Z\"><\/path><\/g><\/g><\/svg>\t\t\t\t<\/span>\n\t\t\t<\/div>\n\t\t\t\n\t\t\t\t\t\t<div class=\"elementor-icon-box-content\">\n\n\t\t\t\t\t\t\t\t\t<h3 class=\"elementor-icon-box-title\">\n\t\t\t\t\t\t<span  >\n\t\t\t\t\t\t\tVoti perpetui e ordinazioni\t\t\t\t\t\t<\/span>\n\t\t\t\t\t<\/h3>\n\t\t\t\t\n\t\t\t\t\t\t\t\t\t<p class=\"elementor-icon-box-description\">\n\t\t\t\t\t\tDopo questi tre anni di formazione, i professi temporanei possono emettere i voti perpetui e vengono quindi ordinati diaconi e, qualche mese dopo, sacerdoti. Eserciter\u00e0 il suo ministero in una comunit\u00e0 della sua Provincia religiosa di origine o partir\u00e0 per un altro paese in cui sia stabilita la Congregazione degli Oblati della Vergine Maria.\t\t\t\t\t<\/p>\n\t\t\t\t\n\t\t\t<\/div>\n\t\t\t\n\t\t<\/div>\n\t\t\t\t\t\t<\/div>\n\t\t\t\t<\/div>\n\t\t\t\t<\/div>\n\t\t\t\t<\/div>\n\t\t<div class=\"elementor-element elementor-element-61f92ed e-flex e-con-boxed e-con e-parent\" data-id=\"61f92ed\" data-element_type=\"container\" data-e-type=\"container\">\n\t\t\t\t\t<div class=\"e-con-inner\">\n\t\t\t\t<div class=\"elementor-element elementor-element-5430a67 elementor-widget__width-inherit elementor-widget elementor-widget-shortcode\" data-id=\"5430a67\" data-element_type=\"widget\" data-e-type=\"widget\" data-widget_type=\"shortcode.default\">\n\t\t\t\t<div class=\"elementor-widget-container\">\n\t\t\t\t\t\t\t<div class=\"elementor-shortcode\">\t\t<div data-elementor-type=\"section\" data-elementor-id=\"11494\" class=\"elementor elementor-11494 elementor-5035\" data-elementor-post-type=\"elementor_library\">\n\t\t\t<div class=\"elementor-element elementor-element-2e4e673 e-flex e-con-boxed e-con e-parent\" data-id=\"2e4e673\" data-element_type=\"container\" data-e-type=\"container\" data-settings=\"{&quot;background_background&quot;:&quot;classic&quot;}\">\n\t\t\t\t\t<div class=\"e-con-inner\">\n\t\t<div class=\"elementor-element elementor-element-2267b45 e-con-full e-flex e-con e-child\" data-id=\"2267b45\" data-element_type=\"container\" data-e-type=\"container\" data-settings=\"{&quot;motion_fx_motion_fx_scrolling&quot;:&quot;yes&quot;,&quot;motion_fx_translateY_effect&quot;:&quot;yes&quot;,&quot;motion_fx_translateY_speed&quot;:{&quot;unit&quot;:&quot;px&quot;,&quot;size&quot;:1,&quot;sizes&quot;:[]},&quot;motion_fx_translateY_affectedRange&quot;:{&quot;unit&quot;:&quot;%&quot;,&quot;size&quot;:&quot;&quot;,&quot;sizes&quot;:{&quot;start&quot;:15,&quot;end&quot;:50}},&quot;motion_fx_opacity_effect&quot;:&quot;yes&quot;,&quot;motion_fx_opacity_range&quot;:{&quot;unit&quot;:&quot;%&quot;,&quot;size&quot;:&quot;&quot;,&quot;sizes&quot;:{&quot;start&quot;:20,&quot;end&quot;:35}},&quot;motion_fx_opacity_direction&quot;:&quot;out-in&quot;,&quot;motion_fx_opacity_level&quot;:{&quot;unit&quot;:&quot;px&quot;,&quot;size&quot;:10,&quot;sizes&quot;:[]},&quot;motion_fx_devices&quot;:[&quot;desktop&quot;,&quot;tablet&quot;,&quot;mobile&quot;]}\">\n\t\t\t\t<div class=\"elementor-element elementor-element-da14a5a elementor-view-default elementor-position-block-start elementor-mobile-position-block-start elementor-widget elementor-widget-icon-box\" data-id=\"da14a5a\" data-element_type=\"widget\" data-e-type=\"widget\" data-widget_type=\"icon-box.default\">\n\t\t\t\t<div class=\"elementor-widget-container\">\n\t\t\t\t\t\t\t<div class=\"elementor-icon-box-wrapper\">\n\n\t\t\t\t\t\t<div class=\"elementor-icon-box-icon\">\n\t\t\t\t<span  class=\"elementor-icon\">\n\t\t\t\t<i aria-hidden=\"true\" class=\"fas fa-heart\"><\/i>\t\t\t\t<\/span>\n\t\t\t<\/div>\n\t\t\t\n\t\t\t\t\t\t<div class=\"elementor-icon-box-content\">\n\n\t\t\t\t\t\t\t\t\t<h3 class=\"elementor-icon-box-title\">\n\t\t\t\t\t\t<span  >\n\t\t\t\t\t\t\tSostieni il tuo santuario\t\t\t\t\t\t<\/span>\n\t\t\t\t\t<\/h3>\n\t\t\t\t\n\t\t\t\t\t\t\t\t\t<p class=\"elementor-icon-box-description\">\n\t\t\t\t\t\tIl tuo sostegno ci aiuta a portare avanti le varie attivit\u00e0 di questo luogo di rifugio.\t\t\t\t\t<\/p>\n\t\t\t\t\n\t\t\t<\/div>\n\t\t\t\n\t\t<\/div>\n\t\t\t\t\t\t<\/div>\n\t\t\t\t<\/div>\n\t\t\t\t<div class=\"elementor-element elementor-element-14ff39d elementor-widget elementor-widget-button\" data-id=\"14ff39d\" data-element_type=\"widget\" data-e-type=\"widget\" data-widget_type=\"button.default\">\n\t\t\t\t<div class=\"elementor-widget-container\">\n\t\t\t\t\t\t\t\t\t<div class=\"elementor-button-wrapper\">\n\t\t\t\t\t<a class=\"elementor-button elementor-button-link elementor-size-sm\" href=\"https:\/\/www.chapelle-sainte-rita.com\/it\/sostieni-il-tuo-santuario\/\">\n\t\t\t\t\t\t<span class=\"elementor-button-content-wrapper\">\n\t\t\t\t\t\t\t\t\t<span class=\"elementor-button-text\">Faccio una donazione<\/span>\n\t\t\t\t\t<\/span>\n\t\t\t\t\t<\/a>\n\t\t\t\t<\/div>\n\t\t\t\t\t\t\t\t<\/div>\n\t\t\t\t<\/div>\n\t\t\t\t<\/div>\n\t\t<div class=\"elementor-element elementor-element-1f23f9a e-con-full e-flex e-con e-child\" data-id=\"1f23f9a\" data-element_type=\"container\" data-e-type=\"container\" data-settings=\"{&quot;motion_fx_motion_fx_scrolling&quot;:&quot;yes&quot;,&quot;motion_fx_translateY_effect&quot;:&quot;yes&quot;,&quot;motion_fx_translateY_speed&quot;:{&quot;unit&quot;:&quot;px&quot;,&quot;size&quot;:1,&quot;sizes&quot;:[]},&quot;motion_fx_translateY_affectedRange&quot;:{&quot;unit&quot;:&quot;%&quot;,&quot;size&quot;:&quot;&quot;,&quot;sizes&quot;:{&quot;start&quot;:15,&quot;end&quot;:50}},&quot;motion_fx_opacity_effect&quot;:&quot;yes&quot;,&quot;motion_fx_opacity_range&quot;:{&quot;unit&quot;:&quot;%&quot;,&quot;size&quot;:&quot;&quot;,&quot;sizes&quot;:{&quot;start&quot;:20,&quot;end&quot;:35}},&quot;motion_fx_opacity_direction&quot;:&quot;out-in&quot;,&quot;motion_fx_opacity_level&quot;:{&quot;unit&quot;:&quot;px&quot;,&quot;size&quot;:10,&quot;sizes&quot;:[]},&quot;motion_fx_devices&quot;:[&quot;desktop&quot;,&quot;tablet&quot;,&quot;mobile&quot;]}\">\n\t\t\t\t<div class=\"elementor-element elementor-element-7e2248e elementor-view-default elementor-position-block-start elementor-mobile-position-block-start elementor-widget elementor-widget-icon-box\" data-id=\"7e2248e\" data-element_type=\"widget\" data-e-type=\"widget\" data-widget_type=\"icon-box.default\">\n\t\t\t\t<div class=\"elementor-widget-container\">\n\t\t\t\t\t\t\t<div class=\"elementor-icon-box-wrapper\">\n\n\t\t\t\t\t\t<div class=\"elementor-icon-box-icon\">\n\t\t\t\t<span  class=\"elementor-icon\">\n\t\t\t\t<i aria-hidden=\"true\" class=\"fas fa-church\"><\/i>\t\t\t\t<\/span>\n\t\t\t<\/div>\n\t\t\t\n\t\t\t\t\t\t<div class=\"elementor-icon-box-content\">\n\n\t\t\t\t\t\t\t\t\t<h3 class=\"elementor-icon-box-title\">\n\t\t\t\t\t\t<span  >\n\t\t\t\t\t\t\tContributo alla Messa\t\t\t\t\t\t<\/span>\n\t\t\t\t\t<\/h3>\n\t\t\t\t\n\t\t\t\t\t\t\t\t\t<p class=\"elementor-icon-box-description\">\n\t\t\t\t\t\tChiedi al Santuario di Santa Rita una messa per le tue intenzioni, ricordando l'Eucaristia e la presenza di Cristo.\t\t\t\t\t<\/p>\n\t\t\t\t\n\t\t\t<\/div>\n\t\t\t\n\t\t<\/div>\n\t\t\t\t\t\t<\/div>\n\t\t\t\t<\/div>\n\t\t\t\t<div class=\"elementor-element elementor-element-0ff7f2d elementor-widget elementor-widget-button\" data-id=\"0ff7f2d\" data-element_type=\"widget\" data-e-type=\"widget\" data-widget_type=\"button.default\">\n\t\t\t\t<div class=\"elementor-widget-container\">\n\t\t\t\t\t\t\t\t\t<div class=\"elementor-button-wrapper\">\n\t\t\t\t\t<a class=\"elementor-button elementor-button-link elementor-size-sm\" href=\"https:\/\/www.chapelle-sainte-rita.com\/it\/offerte-di-massa\/\">\n\t\t\t\t\t\t<span class=\"elementor-button-content-wrapper\">\n\t\t\t\t\t\t\t\t\t<span class=\"elementor-button-text\">Offerte di massa<\/span>\n\t\t\t\t\t<\/span>\n\t\t\t\t\t<\/a>\n\t\t\t\t<\/div>\n\t\t\t\t\t\t\t\t<\/div>\n\t\t\t\t<\/div>\n\t\t\t\t<\/div>\n\t\t<div class=\"elementor-element elementor-element-ef3b353 e-con-full e-flex e-con e-child\" data-id=\"ef3b353\" data-element_type=\"container\" data-e-type=\"container\" data-settings=\"{&quot;motion_fx_motion_fx_scrolling&quot;:&quot;yes&quot;,&quot;motion_fx_translateY_effect&quot;:&quot;yes&quot;,&quot;motion_fx_translateY_speed&quot;:{&quot;unit&quot;:&quot;px&quot;,&quot;size&quot;:1,&quot;sizes&quot;:[]},&quot;motion_fx_translateY_affectedRange&quot;:{&quot;unit&quot;:&quot;%&quot;,&quot;size&quot;:&quot;&quot;,&quot;sizes&quot;:{&quot;start&quot;:15,&quot;end&quot;:50}},&quot;motion_fx_opacity_effect&quot;:&quot;yes&quot;,&quot;motion_fx_opacity_range&quot;:{&quot;unit&quot;:&quot;%&quot;,&quot;size&quot;:&quot;&quot;,&quot;sizes&quot;:{&quot;start&quot;:20,&quot;end&quot;:35}},&quot;motion_fx_opacity_direction&quot;:&quot;out-in&quot;,&quot;motion_fx_opacity_level&quot;:{&quot;unit&quot;:&quot;px&quot;,&quot;size&quot;:10,&quot;sizes&quot;:[]},&quot;motion_fx_devices&quot;:[&quot;desktop&quot;,&quot;tablet&quot;,&quot;mobile&quot;]}\">\n\t\t\t\t<div class=\"elementor-element elementor-element-ad4cba9 elementor-view-default elementor-position-block-start elementor-mobile-position-block-start elementor-widget elementor-widget-icon-box\" data-id=\"ad4cba9\" data-element_type=\"widget\" data-e-type=\"widget\" data-widget_type=\"icon-box.default\">\n\t\t\t\t<div class=\"elementor-widget-container\">\n\t\t\t\t\t\t\t<div class=\"elementor-icon-box-wrapper\">\n\n\t\t\t\t\t\t<div class=\"elementor-icon-box-icon\">\n\t\t\t\t<span  class=\"elementor-icon\">\n\t\t\t\t<i aria-hidden=\"true\" class=\"fas fa-fire\"><\/i>\t\t\t\t<\/span>\n\t\t\t<\/div>\n\t\t\t\n\t\t\t\t\t\t<div class=\"elementor-icon-box-content\">\n\n\t\t\t\t\t\t\t\t\t<h3 class=\"elementor-icon-box-title\">\n\t\t\t\t\t\t<span  >\n\t\t\t\t\t\t\tAccendere una candela\t\t\t\t\t\t<\/span>\n\t\t\t\t\t<\/h3>\n\t\t\t\t\n\t\t\t\t\t\t\t\t\t<p class=\"elementor-icon-box-description\">\n\t\t\t\t\t\tLe candele bruciano continuamente, simboleggiando le nostre preghiere e i nostri ringraziamenti affinch\u00e9 le nostre vite possano diventare luce.\t\t\t\t\t<\/p>\n\t\t\t\t\n\t\t\t<\/div>\n\t\t\t\n\t\t<\/div>\n\t\t\t\t\t\t<\/div>\n\t\t\t\t<\/div>\n\t\t\t\t<div class=\"elementor-element elementor-element-19e16eb elementor-widget elementor-widget-button\" data-id=\"19e16eb\" data-element_type=\"widget\" data-e-type=\"widget\" data-widget_type=\"button.default\">\n\t\t\t\t<div class=\"elementor-widget-container\">\n\t\t\t\t\t\t\t\t\t<div class=\"elementor-button-wrapper\">\n\t\t\t\t\t<a class=\"elementor-button elementor-button-link elementor-size-sm\" href=\"https:\/\/www.chapelle-sainte-rita.com\/it\/posiziona-una-candela\/\">\n\t\t\t\t\t\t<span class=\"elementor-button-content-wrapper\">\n\t\t\t\t\t\t\t\t\t<span class=\"elementor-button-text\">Accendere una candela<\/span>\n\t\t\t\t\t<\/span>\n\t\t\t\t\t<\/a>\n\t\t\t\t<\/div>\n\t\t\t\t\t\t\t\t<\/div>\n\t\t\t\t<\/div>\n\t\t\t\t<\/div>\n\t\t<div class=\"elementor-element elementor-element-6021f1a e-con-full e-flex e-con e-child\" data-id=\"6021f1a\" data-element_type=\"container\" data-e-type=\"container\" data-settings=\"{&quot;motion_fx_motion_fx_scrolling&quot;:&quot;yes&quot;,&quot;motion_fx_translateY_effect&quot;:&quot;yes&quot;,&quot;motion_fx_translateY_speed&quot;:{&quot;unit&quot;:&quot;px&quot;,&quot;size&quot;:1,&quot;sizes&quot;:[]},&quot;motion_fx_translateY_affectedRange&quot;:{&quot;unit&quot;:&quot;%&quot;,&quot;size&quot;:&quot;&quot;,&quot;sizes&quot;:{&quot;start&quot;:15,&quot;end&quot;:50}},&quot;motion_fx_opacity_effect&quot;:&quot;yes&quot;,&quot;motion_fx_opacity_range&quot;:{&quot;unit&quot;:&quot;%&quot;,&quot;size&quot;:&quot;&quot;,&quot;sizes&quot;:{&quot;start&quot;:20,&quot;end&quot;:35}},&quot;motion_fx_opacity_direction&quot;:&quot;out-in&quot;,&quot;motion_fx_opacity_level&quot;:{&quot;unit&quot;:&quot;px&quot;,&quot;size&quot;:10,&quot;sizes&quot;:[]},&quot;motion_fx_devices&quot;:[&quot;desktop&quot;,&quot;tablet&quot;,&quot;mobile&quot;]}\">\n\t\t\t\t<div class=\"elementor-element elementor-element-b7861b9 elementor-view-default elementor-position-block-start elementor-mobile-position-block-start elementor-widget elementor-widget-icon-box\" data-id=\"b7861b9\" data-element_type=\"widget\" data-e-type=\"widget\" data-widget_type=\"icon-box.default\">\n\t\t\t\t<div class=\"elementor-widget-container\">\n\t\t\t\t\t\t\t<div class=\"elementor-icon-box-wrapper\">\n\n\t\t\t\t\t\t<div class=\"elementor-icon-box-icon\">\n\t\t\t\t<span  class=\"elementor-icon\">\n\t\t\t\t<i aria-hidden=\"true\" class=\"fas fa-hand-holding-heart\"><\/i>\t\t\t\t<\/span>\n\t\t\t<\/div>\n\t\t\t\n\t\t\t\t\t\t<div class=\"elementor-icon-box-content\">\n\n\t\t\t\t\t\t\t\t\t<h3 class=\"elementor-icon-box-title\">\n\t\t\t\t\t\t<span  >\n\t\t\t\t\t\t\tIntenzione di preghiera\t\t\t\t\t\t<\/span>\n\t\t\t\t\t<\/h3>\n\t\t\t\t\n\t\t\t\t\t\t\t\t\t<p class=\"elementor-icon-box-description\">\n\t\t\t\t\t\tSanta Rita, patrona delle cause perse, accoglie le tue intenzioni e i tuoi ringraziamenti, e che la carit\u00e0 fraterna rafforzi le nostre preghiere.\t\t\t\t\t<\/p>\n\t\t\t\t\n\t\t\t<\/div>\n\t\t\t\n\t\t<\/div>\n\t\t\t\t\t\t<\/div>\n\t\t\t\t<\/div>\n\t\t\t\t<div class=\"elementor-element elementor-element-2a9d77f elementor-widget elementor-widget-button\" data-id=\"2a9d77f\" data-element_type=\"widget\" data-e-type=\"widget\" data-widget_type=\"button.default\">\n\t\t\t\t<div class=\"elementor-widget-container\">\n\t\t\t\t\t\t\t\t\t<div class=\"elementor-button-wrapper\">\n\t\t\t\t\t<a class=\"elementor-button elementor-button-link elementor-size-sm\" href=\"https:\/\/www.chapelle-sainte-rita.com\/it\/intenzione-di-preghiera\/\">\n\t\t\t\t\t\t<span class=\"elementor-button-content-wrapper\">\n\t\t\t\t\t\t\t\t\t<span class=\"elementor-button-text\">Scrivo un'intenzione<\/span>\n\t\t\t\t\t<\/span>\n\t\t\t\t\t<\/a>\n\t\t\t\t<\/div>\n\t\t\t\t\t\t\t\t<\/div>\n\t\t\t\t<\/div>\n\t\t\t\t<\/div>\n\t\t\t\t\t<\/div>\n\t\t\t\t<\/div>\n\t\t\t\t<\/div>\n\t\t<\/div>\n\t\t\t\t\t\t<\/div>\n\t\t\t\t<\/div>\n\t\t\t\t\t<\/div>\n\t\t\t\t<\/div>\n\t\t<div class=\"elementor-element elementor-element-29f19aa e-flex e-con-boxed e-con e-parent\" data-id=\"29f19aa\" data-element_type=\"container\" data-e-type=\"container\">\n\t\t\t\t\t<div class=\"e-con-inner\">\n\t\t\t\t\t<\/div>\n\t\t\t\t<\/div>\n\t\t\t\t<\/div>\n\t\t","protected":false},"excerpt":{"rendered":"<p>Diventare un religioso Oblato e il periodo iniziale di formazione Il processo di formazione per diventare un Oblato della Vergine Maria prevede diverse fasi. Durante ognuna di queste fasi, l&#8217;aspirante-postulante, il novizio o il membro professo temporaneo viene accompagnato personalmente nel suo discernimento vocazionale e nel raggiungimento dei suoi obiettivi di crescita personale. Tuttavia, l&#8217;Oblato [&hellip;]<\/p>\n","protected":false},"author":1,"featured_media":0,"parent":0,"menu_order":0,"comment_status":"closed","ping_status":"closed","template":"elementor_header_footer","meta":{"footnotes":""},"class_list":["post-6367","page","type-page","status-publish","hentry"],"_links":{"self":[{"href":"https:\/\/www.chapelle-sainte-rita.com\/it\/wp-json\/wp\/v2\/pages\/6367","targetHints":{"allow":["GET"]}}],"collection":[{"href":"https:\/\/www.chapelle-sainte-rita.com\/it\/wp-json\/wp\/v2\/pages"}],"about":[{"href":"https:\/\/www.chapelle-sainte-rita.com\/it\/wp-json\/wp\/v2\/types\/page"}],"author":[{"embeddable":true,"href":"https:\/\/www.chapelle-sainte-rita.com\/it\/wp-json\/wp\/v2\/users\/1"}],"replies":[{"embeddable":true,"href":"https:\/\/www.chapelle-sainte-rita.com\/it\/wp-json\/wp\/v2\/comments?post=6367"}],"version-history":[{"count":5,"href":"https:\/\/www.chapelle-sainte-rita.com\/it\/wp-json\/wp\/v2\/pages\/6367\/revisions"}],"predecessor-version":[{"id":7721,"href":"https:\/\/www.chapelle-sainte-rita.com\/it\/wp-json\/wp\/v2\/pages\/6367\/revisions\/7721"}],"wp:attachment":[{"href":"https:\/\/www.chapelle-sainte-rita.com\/it\/wp-json\/wp\/v2\/media?parent=6367"}],"curies":[{"name":"wp","href":"https:\/\/api.w.org\/{rel}","templated":true}]}}